{"id":1532,"date":"2024-05-15T08:07:58","date_gmt":"2024-05-15T08:07:58","guid":{"rendered":"https:\/\/aveso.fi\/?page_id=1532"},"modified":"2026-03-03T11:58:45","modified_gmt":"2026-03-03T11:58:45","slug":"karriar-pa-aveso","status":"publish","type":"page","link":"https:\/\/aveso.fi\/sv\/om-aveso\/karriar-pa-aveso\/","title":{"rendered":"Karri\u00e4r p\u00e5 Aveso"},"content":{"rendered":"<section class=\"align wp-block-page-banner blue hexagon \" style=\"\">\n  <div class=\"wrap wrap-large\">\n    <div class=\"background flex has-background\" style=\"background-image: url(https:\/\/aveso.fi\/app\/uploads\/2024\/06\/team-aveso2-1024x768.webp)\">\n      <div class=\"flex-item six content\" style=\"background-image: url()\">\n          <h1>Ura Avesolla &#8211; a place full of AVESOme people!<\/h1>\n<p><span class=\"OYPEnA\">Liity joukkoomme ja ota ensimm\u00e4inen askel kohti menestyksek\u00e4st\u00e4 uraa tiedonhallinnan, integraatioiden tai IFS ERP -palveluiden parissa!<\/span><\/p>\n\n                              <div class=\"flex buttons \">\n                                              <a \n    class=\"button blue outline \" \n    href=\"https:\/\/aveso.fi\/tyopaikat\/\"\n     \n>\n    <span>\n        Avoimet ty\u00f6paikat\n    <\/span>\n<\/a>                                                              <a \n    class=\"button blue outline \" \n    href=\"https:\/\/aveso.fi\/yritys\/\"\n     \n>\n    <span>\n        Tutustu Avesoon yrityksen\u00e4\n    <\/span>\n<\/a>                                      <\/div>\n                <\/div>\n              <div class=\"flex-item six image-container\">\n          <div class=\"image hexagon-mask\">\n            <img decoding=\"async\" src=\"https:\/\/aveso.fi\/app\/uploads\/2024\/06\/vesa-julius-fanni-web-768x513.webp\" >\n          <\/div>\n        <\/div>\n          <\/div>\n  <\/div>\n<\/section>\n\n\n<section class=\"align wp-block-text-block\" style=\"\">\n  <div class=\"wrap wrap-small one-child flex elements\">\n          \n              <div class=\"flex-item six image-container no_hexagon\">\n                      <div class=\"image border-radius original\">\n            <img decoding=\"async\" src=\"https:\/\/aveso.fi\/app\/uploads\/2024\/06\/team-aveso2.webp\" alt=\"\">\n          <\/div>\n                    <\/div>\n      \n      \n            <\/div>\n<\/section>\n\n\n<section class=\"align wp-block-text-block\" style=\"\">\n  <div class=\"wrap  flex elements\">\n          \n              <div class=\"flex-item six image-container blue_hexagon\">\n                      <div class=\"image border-radius original\">\n            <img decoding=\"async\" src=\"https:\/\/aveso.fi\/app\/uploads\/2024\/06\/jan-es-ella-web.webp\" alt=\"\">\n          <\/div>\n                    <\/div>\n      \n      \n                \n      \n      \n              <div class=\"flex-item six content\">\n          <h2>Moderni ty\u00f6yhteis\u00f6 moderneilla arvoilla<\/h2>\n<p><span class=\"OYPEnA\">Me\u00a0<\/span><span class=\"OYPEnA\">Avesolla<\/span><span class=\"OYPEnA\"> arvostamme ty\u00f6ntekij\u00f6it\u00e4mme suuresti ja pyrimme tarjoamaan heille turvallisen, yhteisvartaisen ja parhaan mahdollisen ty\u00f6ymp\u00e4rist\u00f6n. Arvojemme mukaisesti tavoitteenamme on luoda viihtyis\u00e4 ty\u00f6ilmapiiri, jossa jokainen voi olla oma itsens\u00e4 ja kehitty\u00e4 ammatillisesti yhdess\u00e4 muiden huippuosaajien mukana. Huolehdimme ty\u00f6ntekij\u00f6idemme jaksamisesta ja kunnioitamme vapaa-aikaa.<\/span><\/p>\n\n                  <\/div>\n            <\/div>\n<\/section>\n\n\n<section class=\"align wp-block-text-block\" style=\"\">\n  <div class=\"wrap  flex elements\">\n          \n      \n      \n              <div class=\"flex-item six content\">\n          <h2>Laajakattaus etuja ja aktiviteetteja<\/h2>\n<p>Tarjoamme ty\u00f6ntekij\u00f6illemme laajat ty\u00f6suhde-edut ja ty\u00f6n ulkopuoliset aktiviteetit. Etuihin kuuluvat kaikki modernin ty\u00f6yhteis\u00f6n edut aina puhelinedusta liikuntaetuun. Aktiviteetteihimme kuuluvat perinteisten viikonlopun ylitt\u00e4vien kes\u00e4- ja talviretkien lis\u00e4ksi vaihdellen erilaisia After-Work -aktiviteettej\u00e4. Joskus menemme katsomaan VIP-aitoon TPS:n peli\u00e4, toisella kertaa saatamme menn\u00e4 pelaamaan padelia ja joku kerta menemme terassille nauttimaan aurinkoisista keleist\u00e4.<\/p>\n\n                  <\/div>\n                \n              <div class=\"flex-item six image-container blue_hexagon\">\n                      <div class=\"image border-radius original\">\n            <img decoding=\"async\" src=\"https:\/\/aveso.fi\/app\/uploads\/2024\/06\/aktiviteetit-ura-avesolla.webp\" alt=\"\">\n          <\/div>\n                    <\/div>\n      \n      \n            <\/div>\n<\/section>\n\n\n<section class=\"align wp-block-quote\">\n    <div class=\"wrap wrap-small\">\n        <div class=\"flex layout-column\">\n            <div class=\"flex-item twelve\">\n                <h2> Mit\u00e4 ty\u00f6ntekij\u00e4mme sanovat meist\u00e4? <\/h2>\n                <div class=\"text\">\n                    \n                <\/div>\n            <\/div>\n            <div class=\"flex-item twelve container\">\n                                                            <div class=\"quotecontainer visible layout-column\" id=\"quote_0\">\n                                                            <img decoding=\"async\" src=\"https:\/\/aveso.fi\/app\/uploads\/2024\/06\/antti_pp_web-min-e1718617707933.webp\" alt=\"Aveson Antti\">\n                                                        <div class=\"quote\">\n                                <div class=\"content\">\n                                    <blockquote><p><em>&#8220;Mielest\u00e4ni luottamus ty\u00f6ntekij\u00f6ihin sek\u00e4 l\u00e4pin\u00e4kyv\u00e4, mutkaton ja huumorint\u00e4yteinen ilmapiiri on t\u00e4rke\u00e4\u00e4 ty\u00f6viihtyvyydelle ja n\u00e4m\u00e4 ovat kyll\u00e4 toteutuneet Avesolla erityisen hyvin.&#8221;<\/em><\/p><\/blockquote>\n\n                                <\/div>\n                                <div class=\"person\">\n                                                                <div> Antti <\/div>\n                                                                                                <div> Consultant \/ Project Manager <\/div>\n                                                                <\/div>\n                            <\/div>\n                        <\/div>\n                                            <div class=\"quotecontainer  layout-column\" id=\"quote_1\">\n                                                            <img decoding=\"async\" src=\"https:\/\/aveso.fi\/app\/uploads\/2024\/06\/santeri_pp_web-e1718618044897.webp\" alt=\"Aveson Santeri \">\n                                                        <div class=\"quote\">\n                                <div class=\"content\">\n                                    <blockquote><p><em>&#8220;Avesolla ty\u00f6yhteis\u00f6 on monipuolinen ja paljon erilaisia persoonia, mutta kuitenkin eritt\u00e4in hyvin kesken\u00e4\u00e4n toimeentulevia henkil\u00f6it\u00e4 ja ihmiset selke\u00e4sti arvostavat toisiaan. Ilmapiiri ty\u00f6yhteis\u00f6ss\u00e4 on mielest\u00e4ni loistava ja ty\u00f6paikalle tultaessa huokuu l\u00e4hes poikkeuksetta rentous ja positiivisuus.&#8221;<\/em><\/p><\/blockquote>\n\n                                <\/div>\n                                <div class=\"person\">\n                                                                <div> Santeri <\/div>\n                                                                                                <div> ERP Consultant <\/div>\n                                                                <\/div>\n                            <\/div>\n                        <\/div>\n                                                                <form id=\"quotepagination\" class=\"quotepagination layout-column\">\n                                                            <label for=\"quotepage_0\">\n                                    <svg width=\"25\" height=\"22\" x=\"0\" y=\"0\" viewBox=\"-1 0 30 22\" fill=\"#fff0\" xmlns=\"http:\/\/www.w3.org\/2000\/svg\">\n<path d=\"M19.1667 1.35997L24.2631 9.78213C24.579 10.3047 24.579 10.9444 24.2631 11.4671L19.1667 19.89C19.1666 19.89 19.1666 19.8901 19.1666 19.8901C18.8483 20.4158 18.2529 20.75 17.5962 20.75H7.40357C6.74702 20.75 6.15163 20.4159 5.83291 19.8898L0.736949 11.4671C0.73691 11.467 0.736871 11.467 0.736832 11.4669C0.42101 10.9442 0.421068 10.3047 0.736932 9.78215L5.83291 1.36011C5.83296 1.36003 5.83301 1.35995 5.83305 1.35987C6.1518 0.834002 6.7471 0.5 7.40357 0.5H17.5962C18.2529 0.5 18.8484 0.834166 19.1667 1.35997Z\" fill=\"\" stroke=\"#007DC5\" stroke-width=\"2\"\/>\n<\/svg>\n                                <\/label>\n                                <input type=\"radio\" id=\"quotepage_0\" name=\"page\" checked value=\"0\">\n                                                            <label for=\"quotepage_1\">\n                                    <svg width=\"25\" height=\"22\" x=\"0\" y=\"0\" viewBox=\"-1 0 30 22\" fill=\"#fff0\" xmlns=\"http:\/\/www.w3.org\/2000\/svg\">\n<path d=\"M19.1667 1.35997L24.2631 9.78213C24.579 10.3047 24.579 10.9444 24.2631 11.4671L19.1667 19.89C19.1666 19.89 19.1666 19.8901 19.1666 19.8901C18.8483 20.4158 18.2529 20.75 17.5962 20.75H7.40357C6.74702 20.75 6.15163 20.4159 5.83291 19.8898L0.736949 11.4671C0.73691 11.467 0.736871 11.467 0.736832 11.4669C0.42101 10.9442 0.421068 10.3047 0.736932 9.78215L5.83291 1.36011C5.83296 1.36003 5.83301 1.35995 5.83305 1.35987C6.1518 0.834002 6.7471 0.5 7.40357 0.5H17.5962C18.2529 0.5 18.8484 0.834166 19.1667 1.35997Z\" fill=\"\" stroke=\"#007DC5\" stroke-width=\"2\"\/>\n<\/svg>\n                                <\/label>\n                                <input type=\"radio\" id=\"quotepage_1\" name=\"page\"  value=\"1\">\n                                                    <\/form>\n                                                <\/div>\n        <\/div>\n    <\/div>\n\n<\/section>\n\n\n<section class=\"align wp-block-three-columns\" style=\"\">\n  <div class=\"wrap\">\n    <h2>Miksi Avesolle?<\/h2>\n          <div class=\"flex columns\">\n                  <div class=\"flex-item four column\">\n                        <h3>Win-win kulttuuri<\/h3>\n            <div class=\"content\">\n              Arvon luonti on toimintamme kulmakivi. Meille t\u00e4rkeint\u00e4 on asiakastyytyv\u00e4isyys sek\u00e4 ty\u00f6ntekij\u00f6idemme kehittyminen. Haluamme, ett\u00e4 jokainen p\u00e4\u00e4see haastamaan itse\u00e4\u00e4n mit\u00e4 erikoisempien projektien lomassa. \n            <\/div>\n          <\/div>\n                  <div class=\"flex-item four column\">\n                        <h3>Me-henki<\/h3>\n            <div class=\"content\">\n              Tiimin voima on meille t\u00e4rke\u00e4\u00e4. Kukaan ei p\u00e4rj\u00e4\u00e4 yksin ja siksi yrityksemme periaatteisiin kuuluu vahva Me-henki sek\u00e4 yhdess\u00e4 tekeminen.\n            <\/div>\n          <\/div>\n                  <div class=\"flex-item four column\">\n                        <h3>Human-to-human<\/h3>\n            <div class=\"content\">\n              Tegnologia kiihtyy, mutta meille t\u00e4rke\u00e4 arvo on edelleen ihminen. Aiomme pit\u00e4\u00e4 tiukasti kiinni ihmisyydest\u00e4, niin asiakkaidemme, kuin ty\u00f6ntekij\u00f6idemme keskuudessa.\n            <\/div>\n          <\/div>\n              <\/div>\n        <\/div>\n<\/section>\n\n\n<section class=\"align wp-block-posts-block\">\n    <div class=\"wrap wrap-large\">\n        <h2 class=\"styled\"> Tutustu ty\u00f6ntekij\u00f6ihimme: <\/h2>\n        <div class=\"flex  styled\">\n\n        <div class=\"flex-item five postlift\">\n                                            <div class=\"flex-item twelve post\">\n  <a class=\"post-link\" href=\"https:\/\/aveso.fi\/artikkelit\/tyontekijat\/artikkeli\/tutustu-aveson-ifs-talouskonsultti-timoon\/\">\n          <div class=\"image border-radius\">\n                            <img decoding=\"async\" src=\"https:\/\/aveso.fi\/app\/uploads\/2023\/01\/tyontekijatarinakuva_timo-min.webp\" alt=\" \" >\n            <\/div>\n        <div class=\"text\">\n      <div class=\"flex meta\">\n        <div class=\"category articles\">Ty\u00f6ntekij\u00e4t<\/div>\n        <div class=\"date\">15.05.2024<\/div>\n      <\/div>\n      <div class=\"title\">\n        <h3>Tutustu Aveson IFS-talouskonsultti Timoon<\/h3>\n      <\/div>\n        <div class=\"excerpt\">\n            L\u00e4hes vuosi on kulunut, kun Timo saapui vahvistamaan Aveson IFS-konsultointitiimi\u00e4. Haastattelimme H\u00e4meenlinnasta kotoisin olevaa ja sittemmin Turkuun muuttanutta Timoa. Kyselimme Timon kuulumisia, miten h\u00e4n p\u00e4\u00e4tyi&#8230;\n           <\/div>\n    <\/div>\n    <div class=\"link arrow\"> Lue lis\u00e4\u00e4 <\/div>\n  <\/a>\n<\/div>\n                    <\/div>\n        <div class=\"flex-item seven\">\n            <div class=\"flex postcontainer\">\n                                                                <div class=\"flex-item six post\">\n  <a class=\"post-link\" href=\"https:\/\/aveso.fi\/artikkelit\/tyontekijat\/artikkeli\/esittelyssa-aveson-ohjelmistosuunnittelija-fanni\/\">\n          <div class=\"image border-radius\">\n                            <img decoding=\"async\" src=\"https:\/\/aveso.fi\/app\/uploads\/2023\/05\/tyontekijatarinakuva_fanni-min.webp\" alt=\" \" >\n            <\/div>\n        <div class=\"text\">\n      <div class=\"flex meta\">\n        <div class=\"category articles\">Ty\u00f6ntekij\u00e4t<\/div>\n        <div class=\"date\">15.05.2024<\/div>\n      <\/div>\n      <div class=\"title\">\n        <h3>Esittelyss\u00e4 Aveson ohjelmistosuunnittelija Fanni\u00a0<\/h3>\n      <\/div>\n    <\/div>\n    <div class=\"link arrow\"> Lue lis\u00e4\u00e4 <\/div>\n  <\/a>\n<\/div>\n                                                                                <div class=\"flex-item six post\">\n  <a class=\"post-link\" href=\"https:\/\/aveso.fi\/artikkelit\/tyontekijat\/artikkeli\/santeri-vahvistaa-aveson-ifs-konsultoinnin-tiimia-ja-kehittaa-tuki-ja-yllapitopalveluja\/\">\n          <div class=\"image border-radius\">\n                            <img decoding=\"async\" src=\"https:\/\/aveso.fi\/app\/uploads\/2023\/04\/tyontekijatarinakuva_santeri-min.webp\" alt=\" \" >\n            <\/div>\n        <div class=\"text\">\n      <div class=\"flex meta\">\n        <div class=\"category articles\">Ty\u00f6ntekij\u00e4t<\/div>\n        <div class=\"date\">15.05.2024<\/div>\n      <\/div>\n      <div class=\"title\">\n        <h3>Santeri vahvistaa Aveson IFS-konsultoinnin tiimi\u00e4 ja kehitt\u00e4\u00e4 tuki- ja yll\u00e4pitopalveluja\u00a0<\/h3>\n      <\/div>\n    <\/div>\n    <div class=\"link arrow\"> Lue lis\u00e4\u00e4 <\/div>\n  <\/a>\n<\/div>\n                                                                                <div class=\"flex-item six post\">\n  <a class=\"post-link\" href=\"https:\/\/aveso.fi\/artikkelit\/tyontekijat\/artikkeli\/esittelyssa-aveson-ifs-projektipaallikko-antti\/\">\n          <div class=\"image border-radius\">\n                            <img decoding=\"async\" src=\"https:\/\/aveso.fi\/app\/uploads\/2023\/11\/tyontekijatarinakuva_antti-min.webp\" alt=\" \" >\n            <\/div>\n        <div class=\"text\">\n      <div class=\"flex meta\">\n        <div class=\"category articles\">Ty\u00f6ntekij\u00e4t<\/div>\n        <div class=\"date\">15.05.2024<\/div>\n      <\/div>\n      <div class=\"title\">\n        <h3>Esittelyss\u00e4 Aveson IFS-projektip\u00e4\u00e4llikk\u00f6 Antti\u00a0<\/h3>\n      <\/div>\n    <\/div>\n    <div class=\"link arrow\"> Lue lis\u00e4\u00e4 <\/div>\n  <\/a>\n<\/div>\n                                                                                <div class=\"flex-item six post\">\n  <a class=\"post-link\" href=\"https:\/\/aveso.fi\/artikkelit\/tyontekijat\/artikkeli\/esittelyssa-aveson-ifs-erp-konsultti-ja-projektipaallikko-toni\/\">\n          <div class=\"image border-radius\">\n                            <img decoding=\"async\" src=\"https:\/\/aveso.fi\/app\/uploads\/2022\/09\/tyontekijatarinakuva_toni-min.webp\" alt=\" \" >\n            <\/div>\n        <div class=\"text\">\n      <div class=\"flex meta\">\n        <div class=\"category articles\">Ty\u00f6ntekij\u00e4t<\/div>\n        <div class=\"date\">15.05.2024<\/div>\n      <\/div>\n      <div class=\"title\">\n        <h3>Esittelyss\u00e4 Aveson IFS ERP -konsultti ja projektip\u00e4\u00e4llikk\u00f6 Toni\u00a0<\/h3>\n      <\/div>\n    <\/div>\n    <div class=\"link arrow\"> Lue lis\u00e4\u00e4 <\/div>\n  <\/a>\n<\/div>\n                                        <\/div>\n                        <a \n    class=\"button blue  \" \n    href=\"https:\/\/aveso.fi\/ura-avesolla\/\"\n     \n>\n    <span>\n        Tutustu kaikkiin ty\u00f6ntekij\u00e4tarinoihimme\n    <\/span>\n<\/a>                <\/div>\n        <\/div>\n    <\/div>\n<\/section>\n\n\n<section class=\"align wp-block-jobs\" style=\"\">\n    <div class=\"wrap wrap-large\">\n        <div class=\"container\">\n            <div class=\"flex\">\n                <div class=\"flex-item six\">\n                    <div class=\"text\">\n                        <h2>Tutustu avoimiin ty\u00f6paikkoihimme<\/h2>\n<p>Yrityksemme kasvaa ja haemmekin uusia Avesolaisia. Katso listasta avoimet ty\u00f6paikat. Mik\u00e4li listassa ei ole hakemaasi ty\u00f6nkuvaa, voit l\u00e4hett\u00e4\u00e4 meille avoimen hakemuksen ja CV:si alapuolelta l\u00f6ytyv\u00e4ll\u00e4 yhteydenottolomakkeella tai &#8220;rekry(a)aveso.fi&#8221; s\u00e4hk\u00f6postiosoitteeseen.<\/p>\n\n                    <\/div>\n                <\/div>\n                <div class=\"flex-item six\">\n                                            <div class=\"jobcontainer\">\n    <a href=\"https:\/\/aveso.fi\/sv\/?post_type=jobs&amp;p=1556\">\n        <div class=\"flex\">\n            <div class=\"flex-item\">\n                <div class=\"image\">\n                    <div class=\"image border-radius\">\n                            <img decoding=\"async\" src=\"https:\/\/aveso.fi\/app\/uploads\/2024\/06\/vesa-julius-fanni-web.webp\" alt=\"\" >\n            <\/div>\n                <\/div>\n            <\/div>\n            <div class=\"flex-item textcontainer nine\">\n                <h3> IFS ERP Consultant \/ Project Manager <\/h3>\n                <small>  <\/small>\n            <\/div>\n        <\/div>\n    <\/a>\n<\/div>\n                                            <div class=\"jobcontainer\">\n    <a href=\"https:\/\/aveso.fi\/sv\/?post_type=jobs&amp;p=1555\">\n        <div class=\"flex\">\n            <div class=\"flex-item\">\n                <div class=\"image\">\n                    <div class=\"image border-radius\">\n                            <img decoding=\"async\" src=\"https:\/\/aveso.fi\/app\/uploads\/2024\/06\/IMG_2730-scaled-e1718265654617.webp\" alt=\"\" >\n            <\/div>\n                <\/div>\n            <\/div>\n            <div class=\"flex-item textcontainer nine\">\n                <h3> Data Engineer <\/h3>\n                <small>  <\/small>\n            <\/div>\n        <\/div>\n    <\/a>\n<\/div>\n                                            <div class=\"jobcontainer\">\n    <a href=\"https:\/\/aveso.fi\/sv\/?post_type=jobs&amp;p=1557\">\n        <div class=\"flex\">\n            <div class=\"flex-item\">\n                <div class=\"image\">\n                    <div class=\"image border-radius\">\n                            <img decoding=\"async\" src=\"https:\/\/aveso.fi\/app\/uploads\/2024\/05\/ohjelmistosuunnittelija-min.jpg\" alt=\"\" >\n            <\/div>\n                <\/div>\n            <\/div>\n            <div class=\"flex-item textcontainer nine\">\n                <h3> Software Developer\u00a0 <\/h3>\n                <small>  <\/small>\n            <\/div>\n        <\/div>\n    <\/a>\n<\/div>\n                                    <\/div>\n            <\/div>\n        <\/div>\n    <\/div>\n<\/section>\n\n\n<section class=\"align wp-block-text-block\" style=\"\">\n  <div class=\"wrap  flex elements\">\n          \n      \n      \n              <div class=\"flex-item six content\">\n          <h2>Sinustako uusi Avesolainen? Tule mukaan matkaamme!<\/h2>\n<p>Emme malta odottaa kuulla sinusta lis\u00e4\u00e4. <span class=\"OYPEnA\">Vaikka meill\u00e4 ei t\u00e4ll\u00e4 hetkell\u00e4 ole avoimia ty\u00f6paikkoja, olemme aina kiinnostuneita pit\u00e4m\u00e4\u00e4n ovet auki tulevaisuuden Avesolaisille! J\u00e4t\u00e4 meille avoin hakemus ja CV:si alla l\u00f6ytyv\u00e4ll\u00e4 yhteydenottolomakkeella tai suoraan &#8220;rekry(a)aveso.fi&#8221; s\u00e4hk\u00f6postiosoitteeseen.<\/span><\/p>\n\n                  <\/div>\n                \n              <div class=\"flex-item six image-container blue_hexagon\">\n                      <div class=\"image border-radius square\">\n            <img decoding=\"async\" src=\"https:\/\/aveso.fi\/app\/uploads\/2024\/06\/santeri-web.webp\" alt=\"\">\n          <\/div>\n                    <\/div>\n      \n      \n            <\/div>\n<\/section>\n\n\n<section class=\"align wp-block-contact-form\">\n    <div class=\"wrap wrap-large\">\n        <div class=\"content\">\n            <div class=\"text\">\n                <div class=\"textcontainer\">\n                    <h2> J\u00e4t\u00e4 avoin hakemus <\/h2>\n                    <div>\n                        <p>Oletko kiinnostunut ty\u00f6skentelem\u00e4\u00e4n Avesolla, mutta et l\u00f6yt\u00e4nyt avointa hakuilmoitusta haluamaasi positioon? Ei huolta, otamme aina mielell\u00e4mme vastaan hakemuksia paikkoihin, joihin ei ole juuri sill\u00e4 hetkell\u00e4 avointa hakua p\u00e4\u00e4ll\u00e4. L\u00e4het\u00e4 rohkeasti meille yhteystietosi, CV:si ja kerro, mihin teht\u00e4v\u00e4\u00e4n haluaisit ja miksi juuri sin\u00e4 olisit uusi Avesolainen. J\u00e4t\u00e4 hakemuksesi joko yhteydenottolomakkeella tai suoraan &#8220;rekry(a)aveso.fi&#8221; -s\u00e4hk\u00f6postiin.<\/p>\n\n                    <\/div>\n\n                    <div class=\"contact-information\">\n                                            <div>\n                            <a href=\"mailto:rekry@aveso.fi\">\n                                <span class=\"icon\">\n                                    <i class=\"fa-solid fa-envelope\"><\/i>\n                                <\/span>\n                                rekry@aveso.fi\n                            <\/a>\n                        <\/div>\n                                <\/div>\n                <\/div>\n            <\/div>\n            <p class=\"wpcf7-contact-form-not-found\"><strong>Error:<\/strong> Contact form not found.<\/p>\n        <\/div>\n    <\/div>\n<\/section>\n","protected":false},"excerpt":{"rendered":"","protected":false},"author":4,"featured_media":829,"parent":1534,"menu_order":0,"comment_status":"closed","ping_status":"closed","template":"","meta":{"_acf_changed":false,"footnotes":""},"class_list":["post-1532","page","type-page","status-publish","has-post-thumbnail","hentry"],"acf":[],"yoast_head":"<!-- This site is optimized with the Yoast SEO plugin v27.5 - https:\/\/yoast.com\/product\/yoast-seo-wordpress\/ -->\n<title>Karri\u00e4r p\u00e5 Aveso - Aveso Oy<\/title>\n<meta name=\"robots\" content=\"noindex, nofollow\" \/>\n<meta property=\"og:locale\" content=\"sv_SE\" \/>\n<meta property=\"og:type\" content=\"article\" \/>\n<meta property=\"og:title\" content=\"Karri\u00e4r p\u00e5 Aveso - Aveso Oy\" \/>\n<meta property=\"og:url\" content=\"https:\/\/aveso.fi\/sv\/om-aveso\/karriar-pa-aveso\/\" \/>\n<meta property=\"og:site_name\" content=\"Aveso Oy\" \/>\n<meta property=\"article:modified_time\" content=\"2026-03-03T11:58:45+00:00\" \/>\n<meta property=\"og:image\" content=\"https:\/\/aveso.fi\/app\/uploads\/2024\/06\/vesa-julius-fanni-web.webp\" \/>\n\t<meta property=\"og:image:width\" content=\"896\" \/>\n\t<meta property=\"og:image:height\" content=\"598\" \/>\n\t<meta property=\"og:image:type\" content=\"image\/webp\" \/>\n<meta name=\"twitter:card\" content=\"summary_large_image\" \/>\n<meta name=\"twitter:label1\" content=\"Est. reading time\" \/>\n\t<meta name=\"twitter:data1\" content=\"1 minute\" \/>\n<script type=\"application\/ld+json\" class=\"yoast-schema-graph\">{\"@context\":\"https:\\\/\\\/schema.org\",\"@graph\":[{\"@type\":\"WebPage\",\"@id\":\"https:\\\/\\\/aveso.fi\\\/sv\\\/om-aveso\\\/karriar-pa-aveso\\\/\",\"url\":\"https:\\\/\\\/aveso.fi\\\/sv\\\/om-aveso\\\/karriar-pa-aveso\\\/\",\"name\":\"Karri\u00e4r p\u00e5 Aveso - Aveso Oy\",\"isPartOf\":{\"@id\":\"https:\\\/\\\/aveso.fi\\\/sv\\\/#website\"},\"primaryImageOfPage\":{\"@id\":\"https:\\\/\\\/aveso.fi\\\/sv\\\/om-aveso\\\/karriar-pa-aveso\\\/#primaryimage\"},\"image\":{\"@id\":\"https:\\\/\\\/aveso.fi\\\/sv\\\/om-aveso\\\/karriar-pa-aveso\\\/#primaryimage\"},\"thumbnailUrl\":\"https:\\\/\\\/aveso.fi\\\/app\\\/uploads\\\/2024\\\/06\\\/vesa-julius-fanni-web.webp\",\"datePublished\":\"2024-05-15T08:07:58+00:00\",\"dateModified\":\"2026-03-03T11:58:45+00:00\",\"breadcrumb\":{\"@id\":\"https:\\\/\\\/aveso.fi\\\/sv\\\/om-aveso\\\/karriar-pa-aveso\\\/#breadcrumb\"},\"inLanguage\":\"sv-SE\",\"potentialAction\":[{\"@type\":\"ReadAction\",\"target\":[\"https:\\\/\\\/aveso.fi\\\/sv\\\/om-aveso\\\/karriar-pa-aveso\\\/\"]}]},{\"@type\":\"ImageObject\",\"inLanguage\":\"sv-SE\",\"@id\":\"https:\\\/\\\/aveso.fi\\\/sv\\\/om-aveso\\\/karriar-pa-aveso\\\/#primaryimage\",\"url\":\"https:\\\/\\\/aveso.fi\\\/app\\\/uploads\\\/2024\\\/06\\\/vesa-julius-fanni-web.webp\",\"contentUrl\":\"https:\\\/\\\/aveso.fi\\\/app\\\/uploads\\\/2024\\\/06\\\/vesa-julius-fanni-web.webp\",\"width\":896,\"height\":598,\"caption\":\"Aveson ty\u00f6yhteis\u00f6\"},{\"@type\":\"BreadcrumbList\",\"@id\":\"https:\\\/\\\/aveso.fi\\\/sv\\\/om-aveso\\\/karriar-pa-aveso\\\/#breadcrumb\",\"itemListElement\":[{\"@type\":\"ListItem\",\"position\":1,\"name\":\"Etusivu\",\"item\":\"https:\\\/\\\/aveso.fi\\\/sv\\\/framsida\\\/\"},{\"@type\":\"ListItem\",\"position\":2,\"name\":\"Om Aveso\",\"item\":\"https:\\\/\\\/aveso.fi\\\/sv\\\/om-aveso\\\/\"},{\"@type\":\"ListItem\",\"position\":3,\"name\":\"Karri\u00e4r p\u00e5 Aveso\"}]},{\"@type\":\"WebSite\",\"@id\":\"https:\\\/\\\/aveso.fi\\\/sv\\\/#website\",\"url\":\"https:\\\/\\\/aveso.fi\\\/sv\\\/\",\"name\":\"Aveso Oy\",\"description\":\"ERP-j\u00e4rjestelm\u00e4t, integraatiot ja tiedonhallintaratkaisut datavetoisille yrityksille\",\"publisher\":{\"@id\":\"https:\\\/\\\/aveso.fi\\\/sv\\\/#organization\"},\"potentialAction\":[{\"@type\":\"SearchAction\",\"target\":{\"@type\":\"EntryPoint\",\"urlTemplate\":\"https:\\\/\\\/aveso.fi\\\/sv\\\/?s={search_term_string}\"},\"query-input\":{\"@type\":\"PropertyValueSpecification\",\"valueRequired\":true,\"valueName\":\"search_term_string\"}}],\"inLanguage\":\"sv-SE\"},{\"@type\":\"Organization\",\"@id\":\"https:\\\/\\\/aveso.fi\\\/sv\\\/#organization\",\"name\":\"Aveso Oy\",\"url\":\"https:\\\/\\\/aveso.fi\\\/sv\\\/\",\"logo\":{\"@type\":\"ImageObject\",\"inLanguage\":\"sv-SE\",\"@id\":\"https:\\\/\\\/aveso.fi\\\/sv\\\/#\\\/schema\\\/logo\\\/image\\\/\",\"url\":\"https:\\\/\\\/aveso.fi\\\/app\\\/uploads\\\/2024\\\/05\\\/aveso-logo.png\",\"contentUrl\":\"https:\\\/\\\/aveso.fi\\\/app\\\/uploads\\\/2024\\\/05\\\/aveso-logo.png\",\"width\":1632,\"height\":552,\"caption\":\"Aveso Oy\"},\"image\":{\"@id\":\"https:\\\/\\\/aveso.fi\\\/sv\\\/#\\\/schema\\\/logo\\\/image\\\/\"},\"sameAs\":[\"https:\\\/\\\/www.linkedin.com\\\/company\\\/aveso-oy\\\/\"]}]}<\/script>\n<!-- \/ Yoast SEO plugin. -->","yoast_head_json":{"title":"Karri\u00e4r p\u00e5 Aveso - Aveso Oy","robots":{"index":"noindex","follow":"nofollow"},"og_locale":"sv_SE","og_type":"article","og_title":"Karri\u00e4r p\u00e5 Aveso - Aveso Oy","og_url":"https:\/\/aveso.fi\/sv\/om-aveso\/karriar-pa-aveso\/","og_site_name":"Aveso Oy","article_modified_time":"2026-03-03T11:58:45+00:00","og_image":[{"width":896,"height":598,"url":"https:\/\/aveso.fi\/app\/uploads\/2024\/06\/vesa-julius-fanni-web.webp","type":"image\/webp"}],"twitter_card":"summary_large_image","twitter_misc":{"Est. reading time":"1 minute"},"schema":{"@context":"https:\/\/schema.org","@graph":[{"@type":"WebPage","@id":"https:\/\/aveso.fi\/sv\/om-aveso\/karriar-pa-aveso\/","url":"https:\/\/aveso.fi\/sv\/om-aveso\/karriar-pa-aveso\/","name":"Karri\u00e4r p\u00e5 Aveso - Aveso Oy","isPartOf":{"@id":"https:\/\/aveso.fi\/sv\/#website"},"primaryImageOfPage":{"@id":"https:\/\/aveso.fi\/sv\/om-aveso\/karriar-pa-aveso\/#primaryimage"},"image":{"@id":"https:\/\/aveso.fi\/sv\/om-aveso\/karriar-pa-aveso\/#primaryimage"},"thumbnailUrl":"https:\/\/aveso.fi\/app\/uploads\/2024\/06\/vesa-julius-fanni-web.webp","datePublished":"2024-05-15T08:07:58+00:00","dateModified":"2026-03-03T11:58:45+00:00","breadcrumb":{"@id":"https:\/\/aveso.fi\/sv\/om-aveso\/karriar-pa-aveso\/#breadcrumb"},"inLanguage":"sv-SE","potentialAction":[{"@type":"ReadAction","target":["https:\/\/aveso.fi\/sv\/om-aveso\/karriar-pa-aveso\/"]}]},{"@type":"ImageObject","inLanguage":"sv-SE","@id":"https:\/\/aveso.fi\/sv\/om-aveso\/karriar-pa-aveso\/#primaryimage","url":"https:\/\/aveso.fi\/app\/uploads\/2024\/06\/vesa-julius-fanni-web.webp","contentUrl":"https:\/\/aveso.fi\/app\/uploads\/2024\/06\/vesa-julius-fanni-web.webp","width":896,"height":598,"caption":"Aveson ty\u00f6yhteis\u00f6"},{"@type":"BreadcrumbList","@id":"https:\/\/aveso.fi\/sv\/om-aveso\/karriar-pa-aveso\/#breadcrumb","itemListElement":[{"@type":"ListItem","position":1,"name":"Etusivu","item":"https:\/\/aveso.fi\/sv\/framsida\/"},{"@type":"ListItem","position":2,"name":"Om Aveso","item":"https:\/\/aveso.fi\/sv\/om-aveso\/"},{"@type":"ListItem","position":3,"name":"Karri\u00e4r p\u00e5 Aveso"}]},{"@type":"WebSite","@id":"https:\/\/aveso.fi\/sv\/#website","url":"https:\/\/aveso.fi\/sv\/","name":"Aveso Oy","description":"ERP-j\u00e4rjestelm\u00e4t, integraatiot ja tiedonhallintaratkaisut datavetoisille yrityksille","publisher":{"@id":"https:\/\/aveso.fi\/sv\/#organization"},"potentialAction":[{"@type":"SearchAction","target":{"@type":"EntryPoint","urlTemplate":"https:\/\/aveso.fi\/sv\/?s={search_term_string}"},"query-input":{"@type":"PropertyValueSpecification","valueRequired":true,"valueName":"search_term_string"}}],"inLanguage":"sv-SE"},{"@type":"Organization","@id":"https:\/\/aveso.fi\/sv\/#organization","name":"Aveso Oy","url":"https:\/\/aveso.fi\/sv\/","logo":{"@type":"ImageObject","inLanguage":"sv-SE","@id":"https:\/\/aveso.fi\/sv\/#\/schema\/logo\/image\/","url":"https:\/\/aveso.fi\/app\/uploads\/2024\/05\/aveso-logo.png","contentUrl":"https:\/\/aveso.fi\/app\/uploads\/2024\/05\/aveso-logo.png","width":1632,"height":552,"caption":"Aveso Oy"},"image":{"@id":"https:\/\/aveso.fi\/sv\/#\/schema\/logo\/image\/"},"sameAs":["https:\/\/www.linkedin.com\/company\/aveso-oy\/"]}]}},"_links":{"self":[{"href":"https:\/\/aveso.fi\/sv\/wp-json\/wp\/v2\/pages\/1532","targetHints":{"allow":["GET"]}}],"collection":[{"href":"https:\/\/aveso.fi\/sv\/wp-json\/wp\/v2\/pages"}],"about":[{"href":"https:\/\/aveso.fi\/sv\/wp-json\/wp\/v2\/types\/page"}],"author":[{"embeddable":true,"href":"https:\/\/aveso.fi\/sv\/wp-json\/wp\/v2\/users\/4"}],"replies":[{"embeddable":true,"href":"https:\/\/aveso.fi\/sv\/wp-json\/wp\/v2\/comments?post=1532"}],"version-history":[{"count":1,"href":"https:\/\/aveso.fi\/sv\/wp-json\/wp\/v2\/pages\/1532\/revisions"}],"predecessor-version":[{"id":1533,"href":"https:\/\/aveso.fi\/sv\/wp-json\/wp\/v2\/pages\/1532\/revisions\/1533"}],"up":[{"embeddable":true,"href":"https:\/\/aveso.fi\/sv\/wp-json\/wp\/v2\/pages\/1534"}],"wp:featuredmedia":[{"embeddable":true,"href":"https:\/\/aveso.fi\/sv\/wp-json\/wp\/v2\/media\/829"}],"wp:attachment":[{"href":"https:\/\/aveso.fi\/sv\/wp-json\/wp\/v2\/media?parent=1532"}],"curies":[{"name":"wp","href":"https:\/\/api.w.org\/{rel}","templated":true}]}}