{"id":1439,"date":"2024-05-08T10:37:07","date_gmt":"2024-05-08T10:37:07","guid":{"rendered":"https:\/\/aveso.fi\/?post_type=services&#038;p=1439"},"modified":"2026-03-03T12:01:54","modified_gmt":"2026-03-03T12:01:54","slug":"ifs-erp","status":"publish","type":"services","link":"https:\/\/aveso.fi\/sv\/palvelut\/ifs-erp\/","title":{"rendered":"IFS ERP"},"content":{"rendered":"<section class=\"align wp-block-page-banner purple hexagon \" style=\"\">\n  <div class=\"wrap wrap-large\">\n    <div class=\"background flex has-background\" style=\"background-image: url(https:\/\/aveso.fi\/app\/uploads\/2024\/05\/unsplash_0jTZTMyGym8-1024x683.png)\">\n      <div class=\"flex-item six content\" style=\"background-image: url()\">\n          <h1>IFS Cloud\u2122 &#8211; <span class=\"Y2IQFc\" lang=\"sv\">ERP, EAM och FSM i en enda l\u00f6sning<\/span><\/h1>\n<p><span class=\"Y2IQFc\" lang=\"sv\">IFS Cloud\u2122 erbjuder en modern helhetsl\u00f6sning f\u00f6r f\u00f6retag i den globala marknadsmilj\u00f6n, s\u00e4rskilt med produktion-, energi-, bygg-, service- och projektverksamhet. IFS Cloud\u2122-systemet \u00e4r den ledande ERP-produkten i Gartners internationella kundv\u00e4rderingen, vilket m\u00f6jligg\u00f6r implementering av ditt f\u00f6retags digitaliseringsstrategi p\u00e5 en enda integrerad aff\u00e4rsplattform. Systemets moderna funktioner och innovationer m\u00f6ts i den viktigaste stunden: vid betj\u00e4ningstillf\u00e4llet. Med IFS Cloud\u2122-systemet kopplar du ihop dina kunder, produktionen och anst\u00e4llda f\u00f6r att skapa en s\u00f6ml\u00f6s anv\u00e4ndar- och serviceupplevelse.<\/span><\/p>\n\n                              <div class=\"flex buttons \">\n                                              <a \n    class=\"button blue outline \" \n    href=\"https:\/\/aveso.fi\/sv\/kontaktinformation\/\"\n     \n>\n    <span>\n        Kontakta Oss\n    <\/span>\n<\/a>                                                              <a \n    class=\"button purple outline \" \n    href=\"https:\/\/aveso.fi\/sv\/palvelut\/ifs-erp\/ifs-cloud-implementeringar-och-uppgraderingar\/\"\n     \n>\n    <span>\n        IFS Cloud\u2122 implementeringar\n    <\/span>\n<\/a>                                                              <a \n    class=\"button purple outline \" \n    href=\"https:\/\/aveso.fi\/sv\/palvelut\/ifs-erp\/aveso-ifs-erp-tillaggstjanster\/\"\n     \n>\n    <span>\n        Aveso IFS anpassade l\u00f6sningar\n    <\/span>\n<\/a>                                      <\/div>\n                <\/div>\n              <div class=\"flex-item six image-container\">\n          <div class=\"image hexagon-mask\">\n            <img decoding=\"async\" src=\"https:\/\/aveso.fi\/app\/uploads\/2024\/05\/ifs-services-banner-min-768x768.jpg\" >\n          <\/div>\n        <\/div>\n          <\/div>\n  <\/div>\n<\/section>\n\n\n<section class=\"align wp-block-text-block\" style=\"\">\n  <div class=\"wrap  flex elements\">\n          \n              <div class=\"flex-item six image-container blue_hexagon\">\n                      <div class=\"image border-radius original\">\n            <img decoding=\"async\" src=\"https:\/\/aveso.fi\/app\/uploads\/2024\/05\/image-40.png\" alt=\"\">\n          <\/div>\n                    <\/div>\n      \n      \n                \n      \n      \n              <div class=\"flex-item six content\">\n          <h2 id=\"tw-target-text\" class=\"tw-data-text tw-text-large tw-ta\" dir=\"ltr\" data-placeholder=\"K\u00e4\u00e4nn\u00f6s\" aria-label=\"K\u00e4\u00e4nnetty teksti\" data-ved=\"2ahUKEwjHzpv3gfSGAxV6PhAIHTf7DXwQ3ewLegQIDBAU\"><span class=\"Y2IQFc\" lang=\"sv\">Officiell IFS Channel Partner<\/span><\/h2>\n<p class=\"tw-data-text tw-text-large tw-ta\" dir=\"ltr\" data-placeholder=\"K\u00e4\u00e4nn\u00f6s\" aria-label=\"K\u00e4\u00e4nnetty teksti\" data-ved=\"2ahUKEwjHzpv3gfSGAxV6PhAIHTf7DXwQ3ewLegQIDBAU\"><span class=\"Y2IQFc\" lang=\"sv\">Vi \u00e4r ett privat\u00e4gt tillv\u00e4xtf\u00f6retag, auktoriserad som IFS Channel-\u00e5terf\u00f6rs\u00e4ljare och implementeringspartner. Vi erbjuder helt\u00e4ckande IFS ERP-tj\u00e4nster, fr\u00e5n prelimin\u00e4r analys till implementering, utveckling, utbildning, samt kontinuerligt st\u00f6d och underh\u00e5ll av IFS-systemet. V\u00e5r st\u00f6rsta styrka \u00e4r att v\u00e5ra kunder, tack vare v\u00e5r IFS-erfarenhet och omfattande tj\u00e4nsteportf\u00f6lj, kan f\u00e5 alla n\u00f6dv\u00e4ndiga tj\u00e4nster f\u00f6r IFS ERP-anv\u00e4ndning och support fr\u00e5n en leverant\u00f6r.<\/span><\/p>\n<p><img loading=\"lazy\" decoding=\"async\" class=\"alignleft size-medium wp-image-348\" src=\"https:\/\/aveso.fi\/app\/uploads\/2024\/05\/ifs-partner-web-kuva-min-300x150.webp\" alt=\"\" width=\"300\" height=\"150\" srcset=\"https:\/\/aveso.fi\/app\/uploads\/2024\/05\/ifs-partner-web-kuva-min-300x150.webp 300w, https:\/\/aveso.fi\/app\/uploads\/2024\/05\/ifs-partner-web-kuva-min-768x384.webp 768w, https:\/\/aveso.fi\/app\/uploads\/2024\/05\/ifs-partner-web-kuva-min.webp 800w\" sizes=\"auto, (max-width: 300px) 100vw, 300px\" \/><\/p>\n\n                  <\/div>\n            <\/div>\n<\/section>\n\n\n<section class=\"align wp-block-text-block\" style=\"\">\n  <div class=\"wrap  flex elements\">\n          \n      \n      \n              <div class=\"flex-item six content\">\n          <h2 id=\"tw-target-text\" class=\"tw-data-text tw-text-large tw-ta\" dir=\"ltr\" data-placeholder=\"K\u00e4\u00e4nn\u00f6s\" aria-label=\"K\u00e4\u00e4nnetty teksti\" data-ved=\"2ahUKEwjHzpv3gfSGAxV6PhAIHTf7DXwQ3ewLegQIDBAU\"><span class=\"Y2IQFc\" lang=\"sv\">Om IFS<\/span><\/h2>\n<p class=\"tw-data-text tw-text-large tw-ta\" dir=\"ltr\" data-placeholder=\"K\u00e4\u00e4nn\u00f6s\" aria-label=\"K\u00e4\u00e4nnetty teksti\" data-ved=\"2ahUKEwjHzpv3gfSGAxV6PhAIHTf7DXwQ3ewLegQIDBAU\"><span class=\"Y2IQFc\" lang=\"sv\">IFS utvecklar och levererar cloud system \u00f6ver hela v\u00e4rlden f\u00f6r f\u00f6retag som tillverkar och distribuerar produkter, bygger och underh\u00e5ller tillg\u00e5ngar, eller hanterar tj\u00e4nsteverksamhet. IFS \u00e4r den ledande ERP-produkten i sin klass, vilket g\u00f6r att IFS \u00e4r en av den mest popul\u00e4ra ERP-leverant\u00f6ren inom tillverknings-, energi-, service- och byggindustrin.<\/span><\/p>\n\n                    <div class=\"has-btn \">\n            <a \n    class=\"button  outline \" \n    href=\"https:\/\/www.ifs.com\/partners\/find-an-ifs-partner\/aveso\"\n     \n>\n    <span>\n        IFS.com\n    <\/span>\n<\/a>          <\/div>\n                  <\/div>\n                \n              <div class=\"flex-item six image-container no_hexagon\">\n                      <div class=\"image  original\">\n            <img decoding=\"async\" src=\"https:\/\/aveso.fi\/app\/uploads\/2024\/05\/ifs-logo-web.webp\" alt=\"\">\n          <\/div>\n                    <\/div>\n      \n      \n            <\/div>\n<\/section>\n\n\n<section class=\"align wp-block-faq-accordion\">\n    <div class=\"wrap wrap-small\">\n        <h2> Varf\u00f6r IFS Cloud\u2122? <\/h2>\n\n        <div class=\"flex\">\n                    <div class=\"content\">\n                <div class=\"flex\">\n                    <h3> Branschspecifika l\u00f6sningar <\/h3>\n                    <button>\n                        <i class=\"fa-solid fa-plus\"><\/i>\n                    <\/button>\n                <\/div>\n                <div class=\"answer\">\n                    <p id=\"tw-target-text\" class=\"tw-data-text tw-text-large tw-ta\" dir=\"ltr\" data-placeholder=\"K\u00e4\u00e4nn\u00f6s\" aria-label=\"K\u00e4\u00e4nnetty teksti\" data-ved=\"2ahUKEwjHzpv3gfSGAxV6PhAIHTf7DXwQ3ewLegQIDBAU\"><span class=\"Y2IQFc\" lang=\"sv\">IFS utvecklar och levererar molnbaserad f\u00f6retagsmjukvara till f\u00f6retag v\u00e4rlden \u00f6ver som tillverkar och distribuerar produkter, bygger och underh\u00e5ller tillg\u00e5ngar och hanterar tj\u00e4nstefokuserad verksamhet. I anv\u00e4ndarrecensioner producerade av Gartner \u00e4r IFS den ledande ERP-produkten i sin klass, vilket g\u00f6r IFS till en av de erk\u00e4nda ledande och mest popul\u00e4ra leverant\u00f6rerna f\u00f6r tillverknings-, energi-, servicehanterings- och byggindustrin.<\/span><\/p>\n\n                <\/div>\n            <\/div>\n                    <div class=\"content\">\n                <div class=\"flex\">\n                    <h3> En enda produkt <\/h3>\n                    <button>\n                        <i class=\"fa-solid fa-plus\"><\/i>\n                    <\/button>\n                <\/div>\n                <div class=\"answer\">\n                    <p id=\"tw-target-text\" class=\"tw-data-text tw-text-large tw-ta\" dir=\"ltr\" data-placeholder=\"K\u00e4\u00e4nn\u00f6s\" aria-label=\"K\u00e4\u00e4nnetty teksti\" data-ved=\"2ahUKEwjHzpv3gfSGAxV6PhAIHTf7DXwQ3ewLegQIDBAU\"><span class=\"Y2IQFc\" lang=\"sv\">I IFS Cloud\u2122 kan du komma \u00e5t alla IFS l\u00f6sningar och funktioner fr\u00e5n en enda produkt byggd p\u00e5 en enda enhetlig plattform. P\u00e5 den h\u00e4r plattformen kan du bara aktivera de funktioner du beh\u00f6ver och l\u00e4gga till fler n\u00e4r ditt f\u00f6retags behov f\u00f6r\u00e4ndras. Allt detta tillhandah\u00e5lls med en enhetlig anv\u00e4ndarupplevelse, en enda underliggande teknikinfrastruktur och nya funktionsuppdateringar var sj\u00e4tte m\u00e5nad.<\/span><\/p>\n\n                <\/div>\n            <\/div>\n                    <div class=\"content\">\n                <div class=\"flex\">\n                    <h3> Nya f\u00e4rdiga innovationer ing\u00e5r i systemet <\/h3>\n                    <button>\n                        <i class=\"fa-solid fa-plus\"><\/i>\n                    <\/button>\n                <\/div>\n                <div class=\"answer\">\n                    <p id=\"tw-target-text\" class=\"tw-data-text tw-text-large tw-ta\" dir=\"ltr\" data-placeholder=\"K\u00e4\u00e4nn\u00f6s\" aria-label=\"K\u00e4\u00e4nnetty teksti\" data-ved=\"2ahUKEwjHzpv3gfSGAxV6PhAIHTf7DXwQ3ewLegQIDBAU\"><span class=\"Y2IQFc\" lang=\"sv\">IFS Cloud\u2122 introducerar nya teknologier som artificiell intelligens, maskininl\u00e4rning och f\u00f6rst\u00e4rkt verklighet i verksamheten, och de har en tydlig aff\u00e4rsbetydelse och v\u00e4rde &#8211; redan fr\u00e5n dag ett. Inb\u00e4ddning av funktioner i k\u00e4rnan av produkten inneb\u00e4r att du utnyttjar de senaste och mest v\u00e4sentliga teknologierna utan dyra eller l\u00e5nga pilotprojekt.<\/span><\/p>\n\n                <\/div>\n            <\/div>\n                    <div class=\"content\">\n                <div class=\"flex\">\n                    <h3>  Uppdaterad och sekrad system <\/h3>\n                    <button>\n                        <i class=\"fa-solid fa-plus\"><\/i>\n                    <\/button>\n                <\/div>\n                <div class=\"answer\">\n                    <p id=\"tw-target-text\" class=\"tw-data-text tw-text-large tw-ta\" dir=\"ltr\" data-placeholder=\"K\u00e4\u00e4nn\u00f6s\" aria-label=\"K\u00e4\u00e4nnetty teksti\" data-ved=\"2ahUKEwjHzpv3gfSGAxV6PhAIHTf7DXwQ3ewLegQIDBAU\"><span class=\"Y2IQFc\" lang=\"sv\">IFS tillhandah\u00e5ller uppdateringar till IFS Cloud\u2122 tv\u00e5 g\u00e5nger om \u00e5ret med nya funktioner och funktioner, vilket ger dig snabb tillg\u00e5ng till de senaste funktionerna och f\u00f6rb\u00e4ttringarna samtidigt som du minimerar p\u00e5verkan p\u00e5 din verksamhet och hj\u00e4lper dig att h\u00e5lla j\u00e4mna steg med det snabbt f\u00f6r\u00e4nderliga digitala landskapet. M\u00e5natliga serviceuppdateringar s\u00e4kerst\u00e4ller kontinuerlig robusthet och s\u00e4kerhet f\u00f6r ditt system.<\/span><\/p>\n\n                <\/div>\n            <\/div>\n                    <div class=\"content\">\n                <div class=\"flex\">\n                    <h3> Trevliga anv\u00e4ndar- och produktupplevelser <\/h3>\n                    <button>\n                        <i class=\"fa-solid fa-plus\"><\/i>\n                    <\/button>\n                <\/div>\n                <div class=\"answer\">\n                    <p id=\"tw-target-text\" class=\"tw-data-text tw-text-large tw-ta\" dir=\"ltr\" data-placeholder=\"K\u00e4\u00e4nn\u00f6s\" aria-label=\"K\u00e4\u00e4nnetty teksti\" data-ved=\"2ahUKEwjHzpv3gfSGAxV6PhAIHTf7DXwQ3ewLegQIDBAU\"><span class=\"Y2IQFc\" lang=\"sv\">Den lyh\u00f6rda och anv\u00e4ndarv\u00e4nliga designen \u00e4r byggd f\u00f6r att gl\u00e4djas. Det \u00e4r l\u00e4tt att konfigurera och anpassa f\u00f6r att fungera som du g\u00f6r, oavsett om du \u00e4r hemma, utomhus eller p\u00e5 ett lager. Den kommer med den bredare IFS livscykelupplevelsen och portaler som st\u00f6djer hur du k\u00f6per, implementerar, driver och ut\u00f6kar systemet.<\/span><\/p>\n\n                <\/div>\n            <\/div>\n                <\/div>\n    <\/div>\n<\/section>\n\n\n<section class=\"align wp-block-blue-cards\" >\n  <div class=\"wrap wrap-large background\">\n    <div class=\"wrap container\">\n      <div class=\"top-info\">\n        <h2 id=\"tw-target-text\" class=\"tw-data-text tw-text-large tw-ta\" dir=\"ltr\" data-placeholder=\"K\u00e4\u00e4nn\u00f6s\" aria-label=\"K\u00e4\u00e4nnetty teksti\" data-ved=\"2ahUKEwjHzpv3gfSGAxV6PhAIHTf7DXwQ3ewLegQIDBAU\"><span class=\"Y2IQFc\" lang=\"sv\">IFS Cloud\u2122-systemet \u00e4r utvecklat f\u00f6r att m\u00f6ta branschspecifika behov<\/span><\/h2>\n<p class=\"tw-data-text tw-text-large tw-ta\" dir=\"ltr\" data-placeholder=\"K\u00e4\u00e4nn\u00f6s\" aria-label=\"K\u00e4\u00e4nnetty teksti\" data-ved=\"2ahUKEwjHzpv3gfSGAxV6PhAIHTf7DXwQ3ewLegQIDBAU\"><span class=\"Y2IQFc\" lang=\"sv\">IFS Cloud\u2122 erbjuder f\u00e4rdiga branschspecifika l\u00f6sningar som minskar behovet av tunga anpassningar under implementeringen.<\/span><\/p>\n<p class=\"tw-data-text tw-text-large tw-ta\" dir=\"ltr\" data-placeholder=\"K\u00e4\u00e4nn\u00f6s\" aria-label=\"K\u00e4\u00e4nnetty teksti\" data-ved=\"2ahUKEwjHzpv3gfSGAxV6PhAIHTf7DXwQ3ewLegQIDBAU\"><strong><span class=\"Y2IQFc\" lang=\"sv\">Vi \u00e4r s\u00e4rskilt specialiserade inom f\u00f6ljande branscher:<\/span><\/strong><\/p>\n\n      <\/div>\n              <div class=\"flex cards\">\n                      <div class=\"flex-item four card-container\">\n              <a href=\"https:\/\/aveso.fi\/sv\/palvelut\/ifs-erp\/ifs-cloud-for-tillverkningsindustrin\/\"\" class=\"card\">\n                                  <div class=\"image border-radius\">\n                            <img decoding=\"async\" src=\"https:\/\/aveso.fi\/app\/uploads\/2024\/06\/manufacturing-banner-768x509.webp\" alt=\"IFS Cloud erp\">\n            <\/div>\n                                <div class=\"text\">\n                  <h3>Manufacturing<\/h3>\n                  <div class=\"content\"><\/div>\n                  <span class=\"link arrow white\">Lue lis\u00e4\u00e4<\/span>\n                <\/div>\n              <\/a>\n            <\/div>\n                      <div class=\"flex-item four card-container\">\n              <a href=\"https:\/\/aveso.fi\/sv\/palvelut\/ifs-erp\/ifs-cloud-for-energibranschen\/\"\" class=\"card\">\n                                  <div class=\"image border-radius\">\n                            <img decoding=\"async\" src=\"https:\/\/aveso.fi\/app\/uploads\/2024\/06\/energy-sector-ifs-768x513.webp\" alt=\"ifs energia-ala\">\n            <\/div>\n                                <div class=\"text\">\n                  <h3>Energy and Utilities<\/h3>\n                  <div class=\"content\"><\/div>\n                  <span class=\"link arrow white\">Lue lis\u00e4\u00e4<\/span>\n                <\/div>\n              <\/a>\n            <\/div>\n                      <div class=\"flex-item four card-container\">\n              <a href=\"https:\/\/aveso.fi\/sv\/palvelut\/ifs-erp\/ifs-cloud-for-byggranschen\/\"\" class=\"card\">\n                                  <div class=\"image border-radius\">\n                            <img decoding=\"async\" src=\"https:\/\/aveso.fi\/app\/uploads\/2024\/06\/construction-banner-768x513.webp\" alt=\"ifs rakennusteollisuus\">\n            <\/div>\n                                <div class=\"text\">\n                  <h3>Construction and Engineering<\/h3>\n                  <div class=\"content\"><\/div>\n                  <span class=\"link arrow white\">Lue lis\u00e4\u00e4<\/span>\n                <\/div>\n              <\/a>\n            <\/div>\n                  <\/div>\n            <div class=\"bottom-info\">\n        <p>Other industries: service business, aviation &amp; safety and telecommunication.<\/p>\n\n      <\/div>\n    <\/div>\n  <\/div>\n<\/section>\n\n\n<section class=\"align wp-block-text-block\" style=\"\">\n  <div class=\"wrap  flex elements\">\n          \n      \n      \n              <div class=\"flex-item six content\">\n          <h2 id=\"tw-target-text\" class=\"tw-data-text tw-text-large tw-ta\" dir=\"ltr\" data-placeholder=\"K\u00e4\u00e4nn\u00f6s\" aria-label=\"K\u00e4\u00e4nnetty teksti\" data-ved=\"2ahUKEwjHzpv3gfSGAxV6PhAIHTf7DXwQ3ewLegQIDBAU\"><span class=\"Y2IQFc\" lang=\"sv\">IFS Lobbyer f\u00f6r varje nyckelfunktion <\/span><\/h2>\n<p class=\"tw-data-text tw-text-large tw-ta\" dir=\"ltr\" data-placeholder=\"K\u00e4\u00e4nn\u00f6s\" aria-label=\"K\u00e4\u00e4nnetty teksti\" data-ved=\"2ahUKEwjHzpv3gfSGAxV6PhAIHTf7DXwQ3ewLegQIDBAU\"><span class=\"Y2IQFc\" lang=\"sv\">IFS Lobbyn har skapats som f\u00e4rdiga paket f\u00f6r att passa i olika aff\u00e4rsfunktioner, s\u00e5som f\u00f6rs\u00e4ljning, ink\u00f6p och industrier som t.e. tillverkning, energiproduktion, serviceverksamhet och byggande. F\u00e4rdiga lobbypaket s\u00e4kerst\u00e4ller en smidigare implementering av systemet.<\/span><\/p>\n\n                  <\/div>\n                \n              <div class=\"flex-item six image-container no_hexagon\">\n                      <div class=\"image  original\">\n            <img decoding=\"async\" src=\"https:\/\/aveso.fi\/app\/uploads\/2024\/05\/ifs-lobbies.webp\" alt=\"\">\n          <\/div>\n                    <\/div>\n      \n      \n            <\/div>\n<\/section>\n\n\n<section class=\"align wp-block-text-block\" style=\"\">\n  <div class=\"wrap  flex elements\">\n          \n              <div class=\"flex-item six image-container no_hexagon\">\n                      <div class=\"image  original\">\n            <img decoding=\"async\" src=\"https:\/\/aveso.fi\/app\/uploads\/2024\/05\/ifs-aurena-mockup-min.webp\" alt=\"\">\n          <\/div>\n                    <\/div>\n      \n      \n                \n      \n      \n              <div class=\"flex-item six content\">\n          <h2 id=\"tw-target-text\" class=\"tw-data-text tw-text-large tw-ta\" dir=\"ltr\" data-placeholder=\"K\u00e4\u00e4nn\u00f6s\" aria-label=\"K\u00e4\u00e4nnetty teksti\" data-ved=\"2ahUKEwjHzpv3gfSGAxV6PhAIHTf7DXwQ3ewLegQIDBAU\"><span class=\"Y2IQFc\" lang=\"sv\">IFS Aurena &#8211; responsivt gr\u00e4nssnitt f\u00f6r varje sk\u00e4rm <\/span><\/h2>\n<p class=\"tw-data-text tw-text-large tw-ta\" dir=\"ltr\" data-placeholder=\"K\u00e4\u00e4nn\u00f6s\" aria-label=\"K\u00e4\u00e4nnetty teksti\" data-ved=\"2ahUKEwjHzpv3gfSGAxV6PhAIHTf7DXwQ3ewLegQIDBAU\"><span class=\"Y2IQFc\" lang=\"sv\">IFS Aurena \u00e4r webbl\u00e4sar gr\u00e4nssnittet f\u00f6r IFS Cloud\u2122, vilket ger anv\u00e4ndarna en l\u00e4tt och responsiv anv\u00e4ndarupplevelse. IFS Aurena m\u00f6jligg\u00f6r arbete och systemanv\u00e4ndning med alla enheter, inklusive mobila enheter, vilket g\u00f6r att du kan ta med dig aff\u00e4rssystemet vart du \u00e4n g\u00e5r \u2013 det ryms bekv\u00e4mt i fickan. Med det mobila gr\u00e4nssnittet kan du effektivisera driften, till exempel genom att ers\u00e4tta dedikerade streckkodsl\u00e4sare med dina egna smartphones.<\/span><\/p>\n\n                  <\/div>\n            <\/div>\n<\/section>\n\n\n<section class=\"align wp-block-text-block\" style=\"\">\n  <div class=\"wrap  flex elements\">\n          \n      \n      \n              <div class=\"flex-item six content\">\n          <h2 id=\"tw-target-text\" class=\"tw-data-text tw-text-large tw-ta\" dir=\"ltr\" data-placeholder=\"K\u00e4\u00e4nn\u00f6s\" aria-label=\"K\u00e4\u00e4nnetty teksti\" data-ved=\"2ahUKEwjHzpv3gfSGAxV6PhAIHTf7DXwQ3ewLegQIDBAU\"><span class=\"Y2IQFc\" lang=\"sv\">Alltid uppdaterat system &#8211; sant Evergreen <\/span><\/h2>\n<p class=\"tw-data-text tw-text-large tw-ta\" dir=\"ltr\" data-placeholder=\"K\u00e4\u00e4nn\u00f6s\" aria-label=\"K\u00e4\u00e4nnetty teksti\" data-ved=\"2ahUKEwjHzpv3gfSGAxV6PhAIHTf7DXwQ3ewLegQIDBAU\"><span class=\"Y2IQFc\" lang=\"sv\">IFS investerar mycket i kontinuerlig utveckling och uppdateringar av sin mjukvara f\u00f6r att f\u00f6rse dig med de senaste innovationerna och den senaste versionen av systemet. IFS har tv\u00e5 stora uppdateringar \u00e5rligen som introducerar nya funktioner och funktioner i systemet. Dessutom erbjuder IFS m\u00e5natliga serviceuppdateringar f\u00f6r att undvika st\u00f6rre eng\u00e5ngsuppdateringar och f\u00f6r att h\u00e5lla systemet uppdaterat.<\/span><\/p>\n\n                  <\/div>\n                \n              <div class=\"flex-item six image-container purple_hexagon\">\n                      <div class=\"image border-radius rectangle\">\n            <img decoding=\"async\" src=\"https:\/\/aveso.fi\/app\/uploads\/2024\/05\/fina-web-ifs.webp\" alt=\"\">\n          <\/div>\n                    <\/div>\n      \n      \n            <\/div>\n<\/section>\n\n\n<section class=\"align wp-block-three-columns\" style=\"\">\n  <div class=\"wrap\">\n    <h2>Vi skapar v\u00e4rde under hela livscykeln av IFS ERP<\/h2>\n          <div class=\"flex columns\">\n                  <div class=\"flex-item four column\">\n                        <h3>Pre-Study<\/h3>\n            <div class=\"content\">\n              \n            <\/div>\n          <\/div>\n                  <div class=\"flex-item four column\">\n                        <h3>Konfigurationer<\/h3>\n            <div class=\"content\">\n              \n            <\/div>\n          <\/div>\n                  <div class=\"flex-item four column\">\n                        <h3> Genomf\u00f6rande<\/h3>\n            <div class=\"content\">\n              \n            <\/div>\n          <\/div>\n                  <div class=\"flex-item four column\">\n                        <h3> Kontinuerlig utveckling<\/h3>\n            <div class=\"content\">\n              \n            <\/div>\n          <\/div>\n                  <div class=\"flex-item four column\">\n                        <h3>Support och underh\u00e5ll<\/h3>\n            <div class=\"content\">\n              \n            <\/div>\n          <\/div>\n              <\/div>\n            <div class=\"flex buttons\">\n                            <\/div>\n    <\/div>\n<\/section>\n\n\n<section class=\"align wp-block-logo-carousel\">\n    <div class=\"wrap wrap-small\">\n        <h2> \u00d6ver 25 IFS-kunder <\/h2>\n        <div class=\"content\">\n            \n        <\/div>\n                    <a href=\"https:\/\/aveso.fi\/referenssit\/asiakastarinat\/referenssi\/referenssi\/\"> L\u00e4s mer om v\u00e5ra referenser <i class=\"fa-solid fa-arrow-right\"><\/i> <\/a>\n        \n            <div class=\"container\">\n        <div class=\"flex visible\">\n                    <div class=\"flex-item fifth\">\n                <div class=\"logocontainer\">\n                    <div class=\"image \">\n                            <img decoding=\"async\" src=\"https:\/\/aveso.fi\/app\/uploads\/2024\/05\/pori-energia-logo.png\" alt=\"\" >\n            <\/div>\n                <\/div>\n            <\/div>\n                    <div class=\"flex-item fifth\">\n                <div class=\"logocontainer\">\n                    <div class=\"image \">\n                            <img decoding=\"async\" src=\"https:\/\/aveso.fi\/app\/uploads\/2024\/05\/logo-junttan-min.png\" alt=\"\" >\n            <\/div>\n                <\/div>\n            <\/div>\n                    <div class=\"flex-item fifth\">\n                <div class=\"logocontainer\">\n                    <div class=\"image \">\n                            <img decoding=\"async\" src=\"https:\/\/aveso.fi\/app\/uploads\/2024\/05\/elecster-weblogo-min.png\" alt=\"\" >\n            <\/div>\n                <\/div>\n            <\/div>\n                    <div class=\"flex-item fifth\">\n                <div class=\"logocontainer\">\n                    <div class=\"image \">\n                            <img decoding=\"async\" src=\"https:\/\/aveso.fi\/app\/uploads\/2024\/05\/logo-polarteknik.png\" alt=\"\" >\n            <\/div>\n                <\/div>\n            <\/div>\n                    <div class=\"flex-item fifth\">\n                <div class=\"logocontainer\">\n                    <div class=\"image \">\n                            <img decoding=\"async\" src=\"https:\/\/aveso.fi\/app\/uploads\/2024\/05\/logo-pimatic.png\" alt=\"\" >\n            <\/div>\n                <\/div>\n            <\/div>\n                    <div class=\"flex-item fifth\">\n                <div class=\"logocontainer\">\n                    <div class=\"image \">\n                            <img decoding=\"async\" src=\"https:\/\/aveso.fi\/app\/uploads\/2024\/05\/ata-logo-web-min.png\" alt=\"\" >\n            <\/div>\n                <\/div>\n            <\/div>\n                    <div class=\"flex-item fifth\">\n                <div class=\"logocontainer\">\n                    <div class=\"image \">\n                            <img decoding=\"async\" src=\"https:\/\/aveso.fi\/app\/uploads\/2024\/05\/hartela-logo.png\" alt=\"\" >\n            <\/div>\n                <\/div>\n            <\/div>\n                    <div class=\"flex-item fifth\">\n                <div class=\"logocontainer\">\n                    <div class=\"image \">\n                            <img decoding=\"async\" src=\"https:\/\/aveso.fi\/app\/uploads\/2024\/06\/veo_logo_web.png\" alt=\"\" >\n            <\/div>\n                <\/div>\n            <\/div>\n                    <div class=\"flex-item fifth\">\n                <div class=\"logocontainer\">\n                    <div class=\"image \">\n                            <img decoding=\"async\" src=\"https:\/\/aveso.fi\/app\/uploads\/2024\/06\/Treston-logo_with-slogan_RGB-min-scaled.jpg\" alt=\"\" >\n            <\/div>\n                <\/div>\n            <\/div>\n                    <div class=\"flex-item fifth\">\n                <div class=\"logocontainer\">\n                    <div class=\"image \">\n                            <img decoding=\"async\" src=\"https:\/\/aveso.fi\/app\/uploads\/2024\/05\/thumbnail_Lappset_300ppi.png\" alt=\"\" >\n            <\/div>\n                <\/div>\n            <\/div>\n                <\/div>\n            <\/div>\n<\/section>\n\n\n<section class=\"align wp-block-posts-block\">\n    <div class=\"wrap wrap-large\">\n        <div class=\"flex  \">\n\n            <div class=\"flex-item six\">\n                <h2>  IFS Cloud\u2122 implementeringsprojekt <\/h2>\n                <div>\n                    \n                <\/div>\n                                    <a \n    class=\"button blue  \" \n    href=\"https:\/\/aveso.fi\/referenssit\/asiakastarinat\/referenssi\/referenssi\/\"\n     \n>\n    <span>\n        L\u00e4s mer om v\u00e5ra IFS-projekt\n    <\/span>\n<\/a>                            <\/div>\n            <div class=\"flex-item six\">\n                <div class=\"flex postcontainer text-and-posts\">\n                                                                                                <div class=\"flex-item six post\">\n  <a class=\"post-link\" href=\"https:\/\/aveso.fi\/sv\/referenssit\/references\/referenssi\/case-elecster-elecster-updated-its-erp-system-to-ifs-cloud\/\">\n          <div class=\"image border-radius\">\n                            <img decoding=\"async\" src=\"https:\/\/aveso.fi\/app\/uploads\/2023\/03\/elecster-case-study-min.jpg\" alt=\" \" >\n            <\/div>\n        <div class=\"text\">\n      <div class=\"flex meta\">\n        <div class=\"category references\"><\/div>\n        <div class=\"date\">08.05.2024<\/div>\n      <\/div>\n      <div class=\"title\">\n        <h3>Case Elecster \u2013 Elecster updated its ERP system to IFS Cloud<\/h3>\n      <\/div>\n    <\/div>\n    <div class=\"link arrow\"> Lue lis\u00e4\u00e4 <\/div>\n  <\/a>\n<\/div>\n                                                                                                        <div class=\"flex-item six post\">\n  <a class=\"post-link\" href=\"https:\/\/aveso.fi\/sv\/referenssit\/references\/referenssi\/case-junttan-junttan-upgrades-to-ifs-cloud-erp\/\">\n          <div class=\"image border-radius\">\n                            <img decoding=\"async\" src=\"https:\/\/aveso.fi\/app\/uploads\/2023\/10\/junttan-web-kuva-min.jpg\" alt=\" \" >\n            <\/div>\n        <div class=\"text\">\n      <div class=\"flex meta\">\n        <div class=\"category references\"><\/div>\n        <div class=\"date\">08.05.2024<\/div>\n      <\/div>\n      <div class=\"title\">\n        <h3>Case Junttan \u2013 Junttan Upgrades to IFS Cloud ERP<\/h3>\n      <\/div>\n    <\/div>\n    <div class=\"link arrow\"> Lue lis\u00e4\u00e4 <\/div>\n  <\/a>\n<\/div>\n                                                                                                        <div class=\"flex-item six post\">\n  <a class=\"post-link\" href=\"https:\/\/aveso.fi\/sv\/referenssit\/references\/referenssi\/case-pori-energia-pori-energia-streamlines-its-erp-processes-by-implementing-ifs-cloud-system\/\">\n          <div class=\"image border-radius\">\n                            <img decoding=\"async\" src=\"https:\/\/aveso.fi\/app\/uploads\/2023\/06\/asiakastarina-pori-min.png\" alt=\" \" >\n            <\/div>\n        <div class=\"text\">\n      <div class=\"flex meta\">\n        <div class=\"category references\"><\/div>\n        <div class=\"date\">08.05.2024<\/div>\n      <\/div>\n      <div class=\"title\">\n        <h3>Case Pori Energia &#8211; Pori Energia streamlines its ERP processes by implementing IFS Cloud system<\/h3>\n      <\/div>\n    <\/div>\n    <div class=\"link arrow\"> Lue lis\u00e4\u00e4 <\/div>\n  <\/a>\n<\/div>\n                                                                <\/div>\n            <\/div>\n        <\/div>\n    <\/div>\n<\/section>\n\n\n<section class=\"align wp-block-contact-form\">\n    <div class=\"wrap wrap-large\">\n        <div class=\"content\">\n            <div class=\"text\">\n                <div class=\"textcontainer\">\n                    <h2> Kontakta Oss <\/h2>\n                    <div>\n                        <p id=\"tw-target-text\" class=\"tw-data-text tw-text-large tw-ta\" dir=\"ltr\" data-placeholder=\"K\u00e4\u00e4nn\u00f6s\" aria-label=\"K\u00e4\u00e4nnetty teksti\" data-ved=\"2ahUKEwjHzpv3gfSGAxV6PhAIHTf7DXwQ3ewLegQIDBAU\"><span class=\"Y2IQFc\" lang=\"sv\">Skicka ett meddelande till oss via kontaktformul\u00e4ret och l\u00e5t oss veta hur vi kan hj\u00e4lpa dig.<\/span><\/p>\n\n                    <\/div>\n\n                    <div class=\"contact-information\">\n                                <div class=\"person\">\n    <div class=\"flex\">\n        <div class=\"flex-item six has-image\">\n            <div class=\"image border-radius\">\n                            <img decoding=\"async\" src=\"https:\/\/aveso.fi\/app\/uploads\/2024\/05\/vesa-kuva-large.webp\" alt=\"\" >\n            <\/div>\n        <\/div>\n        <div class=\"flex-item six\">\n            <div class=\"person-information\">\n                            <h3 class=\"title\"> Sales Director <\/h3>\n                                        <div class=\"name\"> Vesa Ohlsson <\/div>\n                                                    <div class=\"email\">\n                    <a class=\"flex\" href=\"mailto:vesa.ohlsson@aveso.fi\">\n                        <span class=\"icon\">\n                            <i class=\"fa-solid fa-envelope\"><\/i>\n                        <\/span>\n                        vesa.ohlsson@aveso.fi\n                    <\/a>\n                <\/div>\n                                        <div class=\"linkedin\">\n                    <a class=\"flex\"  href=\"https:\/\/www.linkedin.com\/in\/vesa-ohlsson\/\">\n                        <span class=\"icon\">\n                            <i class=\"fa-brands fa-linkedin-in\"><\/i>\n                        <\/span>\n                        LinkedIn\n                    <\/a>\n                <\/div>\n                        <\/div>\n        <\/div>\n    <\/div>\n<\/div>\n                                <\/div>\n                <\/div>\n            <\/div>\n            <p class=\"wpcf7-contact-form-not-found\"><strong>Error:<\/strong> Contact form not found.<\/p>\n        <\/div>\n    <\/div>\n<\/section>\n","protected":false},"featured_media":347,"parent":0,"menu_order":0,"template":"","class_list":["post-1439","services","type-services","status-publish","has-post-thumbnail","hentry"],"acf":[],"yoast_head":"<!-- This site is optimized with the Yoast SEO plugin v27.5 - https:\/\/yoast.com\/product\/yoast-seo-wordpress\/ -->\n<title>IFS ERP - Aveso Oy<\/title>\n<meta name=\"robots\" content=\"index, follow, max-snippet:-1, max-image-preview:large, max-video-preview:-1\" \/>\n<link rel=\"canonical\" href=\"https:\/\/aveso.fi\/sv\/palvelut\/ifs-erp\/\" \/>\n<meta property=\"og:locale\" content=\"sv_SE\" \/>\n<meta property=\"og:type\" content=\"article\" \/>\n<meta property=\"og:title\" content=\"IFS ERP - Aveso Oy\" \/>\n<meta property=\"og:url\" content=\"https:\/\/aveso.fi\/sv\/palvelut\/ifs-erp\/\" \/>\n<meta property=\"og:site_name\" content=\"Aveso Oy\" \/>\n<meta property=\"article:modified_time\" content=\"2026-03-03T12:01:54+00:00\" \/>\n<meta property=\"og:image\" content=\"https:\/\/aveso.fi\/app\/uploads\/2024\/05\/ifs-services-banner-min-e1718347175915.jpg\" \/>\n\t<meta property=\"og:image:width\" content=\"800\" \/>\n\t<meta property=\"og:image:height\" content=\"800\" \/>\n\t<meta property=\"og:image:type\" content=\"image\/jpeg\" \/>\n<meta name=\"twitter:card\" content=\"summary_large_image\" \/>\n<meta name=\"twitter:label1\" content=\"Est. reading time\" \/>\n\t<meta name=\"twitter:data1\" content=\"1 minute\" \/>\n<script type=\"application\/ld+json\" class=\"yoast-schema-graph\">{\"@context\":\"https:\\\/\\\/schema.org\",\"@graph\":[{\"@type\":\"WebPage\",\"@id\":\"https:\\\/\\\/aveso.fi\\\/sv\\\/palvelut\\\/ifs-erp\\\/\",\"url\":\"https:\\\/\\\/aveso.fi\\\/sv\\\/palvelut\\\/ifs-erp\\\/\",\"name\":\"IFS ERP - Aveso Oy\",\"isPartOf\":{\"@id\":\"https:\\\/\\\/aveso.fi\\\/sv\\\/#website\"},\"primaryImageOfPage\":{\"@id\":\"https:\\\/\\\/aveso.fi\\\/sv\\\/palvelut\\\/ifs-erp\\\/#primaryimage\"},\"image\":{\"@id\":\"https:\\\/\\\/aveso.fi\\\/sv\\\/palvelut\\\/ifs-erp\\\/#primaryimage\"},\"thumbnailUrl\":\"https:\\\/\\\/aveso.fi\\\/app\\\/uploads\\\/2024\\\/05\\\/ifs-services-banner-min-e1718347175915.jpg\",\"datePublished\":\"2024-05-08T10:37:07+00:00\",\"dateModified\":\"2026-03-03T12:01:54+00:00\",\"breadcrumb\":{\"@id\":\"https:\\\/\\\/aveso.fi\\\/sv\\\/palvelut\\\/ifs-erp\\\/#breadcrumb\"},\"inLanguage\":\"sv-SE\",\"potentialAction\":[{\"@type\":\"ReadAction\",\"target\":[\"https:\\\/\\\/aveso.fi\\\/sv\\\/palvelut\\\/ifs-erp\\\/\"]}]},{\"@type\":\"ImageObject\",\"inLanguage\":\"sv-SE\",\"@id\":\"https:\\\/\\\/aveso.fi\\\/sv\\\/palvelut\\\/ifs-erp\\\/#primaryimage\",\"url\":\"https:\\\/\\\/aveso.fi\\\/app\\\/uploads\\\/2024\\\/05\\\/ifs-services-banner-min-e1718347175915.jpg\",\"contentUrl\":\"https:\\\/\\\/aveso.fi\\\/app\\\/uploads\\\/2024\\\/05\\\/ifs-services-banner-min-e1718347175915.jpg\",\"width\":800,\"height\":800,\"caption\":\"IFS Cloud ERP\"},{\"@type\":\"BreadcrumbList\",\"@id\":\"https:\\\/\\\/aveso.fi\\\/sv\\\/palvelut\\\/ifs-erp\\\/#breadcrumb\",\"itemListElement\":[{\"@type\":\"ListItem\",\"position\":1,\"name\":\"Etusivu\",\"item\":\"https:\\\/\\\/aveso.fi\\\/sv\\\/framsida\\\/\"},{\"@type\":\"ListItem\",\"position\":2,\"name\":\"IFS ERP\"}]},{\"@type\":\"WebSite\",\"@id\":\"https:\\\/\\\/aveso.fi\\\/sv\\\/#website\",\"url\":\"https:\\\/\\\/aveso.fi\\\/sv\\\/\",\"name\":\"Aveso Oy\",\"description\":\"ERP-j\u00e4rjestelm\u00e4t, integraatiot ja tiedonhallintaratkaisut datavetoisille yrityksille\",\"publisher\":{\"@id\":\"https:\\\/\\\/aveso.fi\\\/sv\\\/#organization\"},\"potentialAction\":[{\"@type\":\"SearchAction\",\"target\":{\"@type\":\"EntryPoint\",\"urlTemplate\":\"https:\\\/\\\/aveso.fi\\\/sv\\\/?s={search_term_string}\"},\"query-input\":{\"@type\":\"PropertyValueSpecification\",\"valueRequired\":true,\"valueName\":\"search_term_string\"}}],\"inLanguage\":\"sv-SE\"},{\"@type\":\"Organization\",\"@id\":\"https:\\\/\\\/aveso.fi\\\/sv\\\/#organization\",\"name\":\"Aveso Oy\",\"url\":\"https:\\\/\\\/aveso.fi\\\/sv\\\/\",\"logo\":{\"@type\":\"ImageObject\",\"inLanguage\":\"sv-SE\",\"@id\":\"https:\\\/\\\/aveso.fi\\\/sv\\\/#\\\/schema\\\/logo\\\/image\\\/\",\"url\":\"https:\\\/\\\/aveso.fi\\\/app\\\/uploads\\\/2024\\\/05\\\/aveso-logo.png\",\"contentUrl\":\"https:\\\/\\\/aveso.fi\\\/app\\\/uploads\\\/2024\\\/05\\\/aveso-logo.png\",\"width\":1632,\"height\":552,\"caption\":\"Aveso Oy\"},\"image\":{\"@id\":\"https:\\\/\\\/aveso.fi\\\/sv\\\/#\\\/schema\\\/logo\\\/image\\\/\"},\"sameAs\":[\"https:\\\/\\\/www.linkedin.com\\\/company\\\/aveso-oy\\\/\"]}]}<\/script>\n<!-- \/ Yoast SEO plugin. -->","yoast_head_json":{"title":"IFS ERP - Aveso Oy","robots":{"index":"index","follow":"follow","max-snippet":"max-snippet:-1","max-image-preview":"max-image-preview:large","max-video-preview":"max-video-preview:-1"},"canonical":"https:\/\/aveso.fi\/sv\/palvelut\/ifs-erp\/","og_locale":"sv_SE","og_type":"article","og_title":"IFS ERP - Aveso Oy","og_url":"https:\/\/aveso.fi\/sv\/palvelut\/ifs-erp\/","og_site_name":"Aveso Oy","article_modified_time":"2026-03-03T12:01:54+00:00","og_image":[{"width":800,"height":800,"url":"https:\/\/aveso.fi\/app\/uploads\/2024\/05\/ifs-services-banner-min-e1718347175915.jpg","type":"image\/jpeg"}],"twitter_card":"summary_large_image","twitter_misc":{"Est. reading time":"1 minute"},"schema":{"@context":"https:\/\/schema.org","@graph":[{"@type":"WebPage","@id":"https:\/\/aveso.fi\/sv\/palvelut\/ifs-erp\/","url":"https:\/\/aveso.fi\/sv\/palvelut\/ifs-erp\/","name":"IFS ERP - Aveso Oy","isPartOf":{"@id":"https:\/\/aveso.fi\/sv\/#website"},"primaryImageOfPage":{"@id":"https:\/\/aveso.fi\/sv\/palvelut\/ifs-erp\/#primaryimage"},"image":{"@id":"https:\/\/aveso.fi\/sv\/palvelut\/ifs-erp\/#primaryimage"},"thumbnailUrl":"https:\/\/aveso.fi\/app\/uploads\/2024\/05\/ifs-services-banner-min-e1718347175915.jpg","datePublished":"2024-05-08T10:37:07+00:00","dateModified":"2026-03-03T12:01:54+00:00","breadcrumb":{"@id":"https:\/\/aveso.fi\/sv\/palvelut\/ifs-erp\/#breadcrumb"},"inLanguage":"sv-SE","potentialAction":[{"@type":"ReadAction","target":["https:\/\/aveso.fi\/sv\/palvelut\/ifs-erp\/"]}]},{"@type":"ImageObject","inLanguage":"sv-SE","@id":"https:\/\/aveso.fi\/sv\/palvelut\/ifs-erp\/#primaryimage","url":"https:\/\/aveso.fi\/app\/uploads\/2024\/05\/ifs-services-banner-min-e1718347175915.jpg","contentUrl":"https:\/\/aveso.fi\/app\/uploads\/2024\/05\/ifs-services-banner-min-e1718347175915.jpg","width":800,"height":800,"caption":"IFS Cloud ERP"},{"@type":"BreadcrumbList","@id":"https:\/\/aveso.fi\/sv\/palvelut\/ifs-erp\/#breadcrumb","itemListElement":[{"@type":"ListItem","position":1,"name":"Etusivu","item":"https:\/\/aveso.fi\/sv\/framsida\/"},{"@type":"ListItem","position":2,"name":"IFS ERP"}]},{"@type":"WebSite","@id":"https:\/\/aveso.fi\/sv\/#website","url":"https:\/\/aveso.fi\/sv\/","name":"Aveso Oy","description":"ERP-j\u00e4rjestelm\u00e4t, integraatiot ja tiedonhallintaratkaisut datavetoisille yrityksille","publisher":{"@id":"https:\/\/aveso.fi\/sv\/#organization"},"potentialAction":[{"@type":"SearchAction","target":{"@type":"EntryPoint","urlTemplate":"https:\/\/aveso.fi\/sv\/?s={search_term_string}"},"query-input":{"@type":"PropertyValueSpecification","valueRequired":true,"valueName":"search_term_string"}}],"inLanguage":"sv-SE"},{"@type":"Organization","@id":"https:\/\/aveso.fi\/sv\/#organization","name":"Aveso Oy","url":"https:\/\/aveso.fi\/sv\/","logo":{"@type":"ImageObject","inLanguage":"sv-SE","@id":"https:\/\/aveso.fi\/sv\/#\/schema\/logo\/image\/","url":"https:\/\/aveso.fi\/app\/uploads\/2024\/05\/aveso-logo.png","contentUrl":"https:\/\/aveso.fi\/app\/uploads\/2024\/05\/aveso-logo.png","width":1632,"height":552,"caption":"Aveso Oy"},"image":{"@id":"https:\/\/aveso.fi\/sv\/#\/schema\/logo\/image\/"},"sameAs":["https:\/\/www.linkedin.com\/company\/aveso-oy\/"]}]}},"_links":{"self":[{"href":"https:\/\/aveso.fi\/sv\/wp-json\/wp\/v2\/services\/1439","targetHints":{"allow":["GET"]}}],"collection":[{"href":"https:\/\/aveso.fi\/sv\/wp-json\/wp\/v2\/services"}],"about":[{"href":"https:\/\/aveso.fi\/sv\/wp-json\/wp\/v2\/types\/services"}],"wp:featuredmedia":[{"embeddable":true,"href":"https:\/\/aveso.fi\/sv\/wp-json\/wp\/v2\/media\/347"}],"wp:attachment":[{"href":"https:\/\/aveso.fi\/sv\/wp-json\/wp\/v2\/media?parent=1439"}],"curies":[{"name":"wp","href":"https:\/\/api.w.org\/{rel}","templated":true}]}}