{"id":1548,"date":"2024-06-04T09:30:10","date_gmt":"2024-06-04T09:30:10","guid":{"rendered":"https:\/\/aveso.fi\/?post_type=services&#038;p=1548"},"modified":"2026-03-03T12:02:54","modified_gmt":"2026-03-03T12:02:54","slug":"ifs-cloud-for-byggranschen","status":"publish","type":"services","link":"https:\/\/aveso.fi\/sv\/palvelut\/ifs-erp\/ifs-cloud-for-byggranschen\/","title":{"rendered":"IFS Cloud\u2122 f\u00f6r byggindustri"},"content":{"rendered":"<section class=\"align wp-block-page-banner purple hexagon \" style=\"\">\n  <div class=\"wrap wrap-large\">\n    <div class=\"background flex has-background\" style=\"background-image: url(https:\/\/aveso.fi\/app\/uploads\/2024\/05\/manufacturing_web.webp)\">\n      <div class=\"flex-item six content\" style=\"background-image: url()\">\n          <h1>IFS Cloud\u2122 f\u00f6r byggindustrin<\/h1>\n<p>ERP-system som anv\u00e4nds inom byggindustrin har under en tid k\u00e4mpat f\u00f6r att m\u00f6ta behoven inom bygg- och verkstadsindustrin. IFS Cloud\u2122 ERP \u00e4r en industrispecifik l\u00f6sning designad f\u00f6r bygg- och verkstadsindustrin, avsedd f\u00f6r att vara ett helt\u00e4ckande och integrerat aff\u00e4rssystem f\u00f6r hela f\u00f6retaget.<\/p>\n\n                              <div class=\"flex buttons \">\n                                              <a \n    class=\"button blue outline \" \n    href=\"https:\/\/aveso.fi\/sv\/kontaktinformation\/\"\n     \n>\n    <span>\n        Kontakta Oss\n    <\/span>\n<\/a>                                                              <a \n    class=\"button purple outline \" \n    href=\"https:\/\/aveso.fi\/sv\/palvelut\/ifs-erp\/ifs-cloud-implementeringar-och-uppgraderingar\/\"\n     \n>\n    <span>\n        IFS Cloud\u2122 implementeringar\n    <\/span>\n<\/a>                                                              <a \n    class=\"button purple outline \" \n    href=\"https:\/\/aveso.fi\/sv\/palvelut\/ifs-erp\/aveso-ifs-erp-tillaggstjanster\/\"\n     \n>\n    <span>\n        Aveso IFS ERP anpassade l\u00f6sningar\n    <\/span>\n<\/a>                                      <\/div>\n                <\/div>\n              <div class=\"flex-item six image-container\">\n          <div class=\"image hexagon-mask\">\n            <img decoding=\"async\" src=\"https:\/\/aveso.fi\/app\/uploads\/2024\/06\/construction-banner-768x513.webp\" >\n          <\/div>\n        <\/div>\n          <\/div>\n  <\/div>\n<\/section>\n\n\n<section class=\"align wp-block-text-block\" style=\"\">\n  <div class=\"wrap  flex elements\">\n          \n      \n      \n              <div class=\"flex-item six content\">\n          <h2>Helt\u00e4ckande standardl\u00f6sningar f\u00f6r bygg- och verkstadsindustrin<\/h2>\n<p>IFS Cloud\u2122 erbjuder ett brett utbud av funktioner som t\u00e4cker hela projektetlivscykeln, inklusive projektledning, ink\u00f6p, resurshantering, schemal\u00e4ggning och kostnadshantering. Detta hj\u00e4lper f\u00f6retag att effektivt hantera komplexa projekt inom byggbranschen.<\/p>\n\n                  <\/div>\n                \n              <div class=\"flex-item six image-container blue_hexagon\">\n                      <div class=\"image  original\">\n            <img decoding=\"async\" src=\"https:\/\/aveso.fi\/app\/uploads\/2024\/06\/rakennusteollisuus-lobby.webp\" alt=\"\">\n          <\/div>\n                    <\/div>\n      \n      \n            <\/div>\n<\/section>\n\n\n<section class=\"align wp-block-text-block\" style=\"\">\n  <div class=\"wrap  flex elements\">\n          \n              <div class=\"flex-item six image-container purple_hexagon\">\n                      <div class=\"image  original\">\n            <img decoding=\"async\" src=\"https:\/\/aveso.fi\/app\/uploads\/2024\/05\/ifs-aurena-mockup-min.webp\" alt=\"\">\n          <\/div>\n                    <\/div>\n      \n      \n                \n      \n      \n              <div class=\"flex-item six content\">\n          <h2>Responsiv, enhetlig och intuitiv anv\u00e4ndarupplevelse<\/h2>\n<p>Ett anv\u00e4ndarv\u00e4nligt och responsivt gr\u00e4nssnitt \u00e4r avg\u00f6rande f\u00f6r b\u00e5de anst\u00e4lldas n\u00f6jdhet och effektivt beslutsfattande. IFS Cloud\u2122 ger en s\u00f6ml\u00f6s och enhetlig anv\u00e4ndarupplevelse \u00f6ver olika funktioner, fr\u00e5n fr\u00e5nvarobeg\u00e4ran till att utf\u00f6ra betydande uppgifter.<\/p>\n\n                  <\/div>\n            <\/div>\n<\/section>\n\n\n<section class=\"align wp-block-text-block\" style=\"\">\n  <div class=\"wrap  flex elements\">\n          \n      \n      \n              <div class=\"flex-item six content\">\n          <h2>F\u00e4rdigbyggda Lobby-vyn<\/h2>\n<p>IFS Cloud\u2122 inkluderar olika f\u00f6rbyggda lobbyvypaket skr\u00e4ddarsydda f\u00f6r de mest kritiska funktionerna. Fr\u00e5n IFS Cloud\u2122 Central, organisationens huvudsida, kan anv\u00e4ndare enkelt navigera till sina anpassade lobbyvyer, d\u00e4r de kan se och utf\u00f6ra funktioner. Dessa lobbyvyer \u00e4r designade f\u00f6r att vara anpassningsbara f\u00f6r varje funktion och roll. Flexibiliteten m\u00f6jligg\u00f6r en mycket intuitiv omgivning, vilket s\u00e4kerst\u00e4ller enkel navigering och en garanterad anv\u00e4ndarupplevelse.<\/p>\n\n                  <\/div>\n                \n              <div class=\"flex-item six image-container blue_hexagon\">\n                      <div class=\"image  original\">\n            <img decoding=\"async\" src=\"https:\/\/aveso.fi\/app\/uploads\/2024\/06\/rakennus-lobbyt-web.webp\" alt=\"\">\n          <\/div>\n                    <\/div>\n      \n      \n            <\/div>\n<\/section>\n\n\n<section class=\"align wp-block-text-block\" style=\"\">\n  <div class=\"wrap wrap-small one-child flex elements\">\n          \n      \n      \n              <div class=\"flex-item six content\">\n          <hr \/>\n<h1 style=\"text-align: center;\">Varf\u00f6r Aveso?<\/h1>\n<p style=\"text-align: center;\">Vi \u00e4r ett officiellt IFS Channel Partner-f\u00f6retag och v\u00e5r personal har l\u00e5ng erfarenhet och gedigen expertis inom IFS-system sedan b\u00f6rjan av 2000-talet. Vi hj\u00e4lper v\u00e5ra partners att fullt ut utnyttja IFS-systemet och uppn\u00e5 sin digitaliseringsstrategi och aff\u00e4rsm\u00e5l. Vi st\u00f6djer och samarbetar med v\u00e5ra kunder genom varje fas av IFS ERP-systems livscykel, fr\u00e5n initial analys till support och underh\u00e5ll.<\/p>\n<p style=\"padding-left: 280px;\"><img loading=\"lazy\" decoding=\"async\" class=\"size-medium wp-image-348 aligncenter\" src=\"https:\/\/aveso.fi\/app\/uploads\/2024\/05\/ifs-partner-web-kuva-min-300x150.webp\" alt=\"\" width=\"300\" height=\"150\" srcset=\"https:\/\/aveso.fi\/app\/uploads\/2024\/05\/ifs-partner-web-kuva-min-300x150.webp 300w, https:\/\/aveso.fi\/app\/uploads\/2024\/05\/ifs-partner-web-kuva-min-768x384.webp 768w, https:\/\/aveso.fi\/app\/uploads\/2024\/05\/ifs-partner-web-kuva-min.webp 800w\" sizes=\"auto, (max-width: 300px) 100vw, 300px\" \/><\/p>\n\n                  <\/div>\n            <\/div>\n<\/section>\n\n\n<section class=\"align wp-block-three-columns\" style=\"\">\n  <div class=\"wrap\">\n    <h2>We create value throughout the lifecycle of the IFS Cloud\u2122 system<\/h2>\n          <div class=\"flex columns\">\n                  <div class=\"flex-item four column\">\n                        <h3>Pre-Study<\/h3>\n            <div class=\"content\">\n              \n            <\/div>\n          <\/div>\n                  <div class=\"flex-item four column\">\n                        <h3>Genomf\u00f6rande<\/h3>\n            <div class=\"content\">\n              \n            <\/div>\n          <\/div>\n                  <div class=\"flex-item four column\">\n                        <h3>Go-Live<\/h3>\n            <div class=\"content\">\n              \n            <\/div>\n          <\/div>\n                  <div class=\"flex-item four column\">\n                        <h3>Support och underh\u00e5ll<\/h3>\n            <div class=\"content\">\n              \n            <\/div>\n          <\/div>\n                  <div class=\"flex-item four column\">\n                        <h3>Systemuppgraderingar och serviceuppdateringar<\/h3>\n            <div class=\"content\">\n              \n            <\/div>\n          <\/div>\n              <\/div>\n            <div class=\"flex buttons\">\n                            <\/div>\n    <\/div>\n<\/section>\n\n\n<section class=\"align wp-block-posts-block\">\n    <div class=\"wrap wrap-large\">\n        <div class=\"flex  \">\n\n            <div class=\"flex-item six\">\n                <h2> Utforska Aveso IFS-projekt <\/h2>\n                <div>\n                    <p>Utforska Avesos senaste IFS Cloud\u2122 implementeringsprojekt och kunder.<\/p>\n\n                <\/div>\n                            <\/div>\n            <div class=\"flex-item six\">\n                <div class=\"flex postcontainer text-and-posts\">\n                                                                                                <div class=\"flex-item six post\">\n  <a class=\"post-link\" href=\"https:\/\/aveso.fi\/sv\/referenssit\/references\/referenssi\/case-hartela-ifs-maintenance-and-support-services\/\">\n          <div class=\"image border-radius\">\n                            <img decoding=\"async\" src=\"https:\/\/aveso.fi\/app\/uploads\/2022\/05\/hartela-reference-min.jpg\" alt=\" \" >\n            <\/div>\n        <div class=\"text\">\n      <div class=\"flex meta\">\n        <div class=\"category references\"><\/div>\n        <div class=\"date\">04.06.2024<\/div>\n      <\/div>\n      <div class=\"title\">\n        <h3>Case Hartela \u2013 IFS maintenance and support services<\/h3>\n      <\/div>\n    <\/div>\n    <div class=\"link arrow\"> Lue lis\u00e4\u00e4 <\/div>\n  <\/a>\n<\/div>\n                                                                                                        <div class=\"flex-item six post\">\n  <a class=\"post-link\" href=\"https:\/\/aveso.fi\/sv\/referenssit\/references\/referenssi\/case-junttan-junttan-upgrades-to-ifs-cloud-erp\/\">\n          <div class=\"image border-radius\">\n                            <img decoding=\"async\" src=\"https:\/\/aveso.fi\/app\/uploads\/2023\/10\/junttan-web-kuva-min.jpg\" alt=\" \" >\n            <\/div>\n        <div class=\"text\">\n      <div class=\"flex meta\">\n        <div class=\"category references\"><\/div>\n        <div class=\"date\">04.06.2024<\/div>\n      <\/div>\n      <div class=\"title\">\n        <h3>Case Junttan \u2013 Junttan Upgrades to IFS Cloud ERP<\/h3>\n      <\/div>\n    <\/div>\n    <div class=\"link arrow\"> Lue lis\u00e4\u00e4 <\/div>\n  <\/a>\n<\/div>\n                                                                <\/div>\n            <\/div>\n        <\/div>\n    <\/div>\n<\/section>\n\n\n<section class=\"align wp-block-contact-form\">\n    <div class=\"wrap wrap-large\">\n        <div class=\"content\">\n            <div class=\"text\">\n                <div class=\"textcontainer\">\n                    <h2> Kontakta Oss <\/h2>\n                    <div>\n                        \n                    <\/div>\n\n                    <div class=\"contact-information\">\n                                <div class=\"person\">\n    <div class=\"flex\">\n        <div class=\"flex-item six has-image\">\n            <div class=\"image border-radius\">\n                            <img decoding=\"async\" src=\"https:\/\/aveso.fi\/app\/uploads\/2024\/05\/vesa-kuva-large.webp\" alt=\"\" >\n            <\/div>\n        <\/div>\n        <div class=\"flex-item six\">\n            <div class=\"person-information\">\n                            <h3 class=\"title\"> Sales Director <\/h3>\n                                        <div class=\"name\"> Vesa Ohlsson <\/div>\n                                                    <div class=\"email\">\n                    <a class=\"flex\" href=\"mailto:vesa.ohlsson@aveso.fi\">\n                        <span class=\"icon\">\n                            <i class=\"fa-solid fa-envelope\"><\/i>\n                        <\/span>\n                        vesa.ohlsson@aveso.fi\n                    <\/a>\n                <\/div>\n                                        <div class=\"linkedin\">\n                    <a class=\"flex\"  href=\"https:\/\/www.linkedin.com\/in\/vesa-ohlsson\/\">\n                        <span class=\"icon\">\n                            <i class=\"fa-brands fa-linkedin-in\"><\/i>\n                        <\/span>\n                        LinkedIn\n                    <\/a>\n                <\/div>\n                        <\/div>\n        <\/div>\n    <\/div>\n<\/div>\n                                <\/div>\n                <\/div>\n            <\/div>\n            <p class=\"wpcf7-contact-form-not-found\"><strong>Error:<\/strong> Contact form not found.<\/p>\n        <\/div>\n    <\/div>\n<\/section>\n","protected":false},"featured_media":547,"parent":1439,"menu_order":0,"template":"","class_list":["post-1548","services","type-services","status-publish","has-post-thumbnail","hentry"],"acf":[],"yoast_head":"<!-- This site is optimized with the Yoast SEO plugin v27.5 - https:\/\/yoast.com\/product\/yoast-seo-wordpress\/ -->\n<title>IFS Cloud\u2122 f\u00f6r byggindustri - Aveso Oy<\/title>\n<meta name=\"robots\" content=\"index, follow, max-snippet:-1, max-image-preview:large, max-video-preview:-1\" \/>\n<link rel=\"canonical\" href=\"https:\/\/aveso.fi\/sv\/palvelut\/ifs-erp\/ifs-cloud-for-byggranschen\/\" \/>\n<meta property=\"og:locale\" content=\"sv_SE\" \/>\n<meta property=\"og:type\" content=\"article\" \/>\n<meta property=\"og:title\" content=\"IFS Cloud\u2122 f\u00f6r byggindustri - Aveso Oy\" \/>\n<meta property=\"og:url\" content=\"https:\/\/aveso.fi\/sv\/palvelut\/ifs-erp\/ifs-cloud-for-byggranschen\/\" \/>\n<meta property=\"og:site_name\" content=\"Aveso Oy\" \/>\n<meta property=\"article:modified_time\" content=\"2026-03-03T12:02:54+00:00\" \/>\n<meta property=\"og:image\" content=\"https:\/\/aveso.fi\/app\/uploads\/2024\/06\/rakennusteollisuus-lobby2.webp\" \/>\n\t<meta property=\"og:image:width\" content=\"1188\" \/>\n\t<meta property=\"og:image:height\" content=\"855\" \/>\n\t<meta property=\"og:image:type\" content=\"image\/webp\" \/>\n<meta name=\"twitter:card\" content=\"summary_large_image\" \/>\n<meta name=\"twitter:label1\" content=\"Est. reading time\" \/>\n\t<meta name=\"twitter:data1\" content=\"1 minute\" \/>\n<script type=\"application\/ld+json\" class=\"yoast-schema-graph\">{\"@context\":\"https:\\\/\\\/schema.org\",\"@graph\":[{\"@type\":\"WebPage\",\"@id\":\"https:\\\/\\\/aveso.fi\\\/sv\\\/palvelut\\\/ifs-erp\\\/ifs-cloud-for-byggranschen\\\/\",\"url\":\"https:\\\/\\\/aveso.fi\\\/sv\\\/palvelut\\\/ifs-erp\\\/ifs-cloud-for-byggranschen\\\/\",\"name\":\"IFS Cloud\u2122 f\u00f6r byggindustri - Aveso Oy\",\"isPartOf\":{\"@id\":\"https:\\\/\\\/aveso.fi\\\/sv\\\/#website\"},\"primaryImageOfPage\":{\"@id\":\"https:\\\/\\\/aveso.fi\\\/sv\\\/palvelut\\\/ifs-erp\\\/ifs-cloud-for-byggranschen\\\/#primaryimage\"},\"image\":{\"@id\":\"https:\\\/\\\/aveso.fi\\\/sv\\\/palvelut\\\/ifs-erp\\\/ifs-cloud-for-byggranschen\\\/#primaryimage\"},\"thumbnailUrl\":\"https:\\\/\\\/aveso.fi\\\/app\\\/uploads\\\/2024\\\/06\\\/rakennusteollisuus-lobby2.webp\",\"datePublished\":\"2024-06-04T09:30:10+00:00\",\"dateModified\":\"2026-03-03T12:02:54+00:00\",\"breadcrumb\":{\"@id\":\"https:\\\/\\\/aveso.fi\\\/sv\\\/palvelut\\\/ifs-erp\\\/ifs-cloud-for-byggranschen\\\/#breadcrumb\"},\"inLanguage\":\"sv-SE\",\"potentialAction\":[{\"@type\":\"ReadAction\",\"target\":[\"https:\\\/\\\/aveso.fi\\\/sv\\\/palvelut\\\/ifs-erp\\\/ifs-cloud-for-byggranschen\\\/\"]}]},{\"@type\":\"ImageObject\",\"inLanguage\":\"sv-SE\",\"@id\":\"https:\\\/\\\/aveso.fi\\\/sv\\\/palvelut\\\/ifs-erp\\\/ifs-cloud-for-byggranschen\\\/#primaryimage\",\"url\":\"https:\\\/\\\/aveso.fi\\\/app\\\/uploads\\\/2024\\\/06\\\/rakennusteollisuus-lobby2.webp\",\"contentUrl\":\"https:\\\/\\\/aveso.fi\\\/app\\\/uploads\\\/2024\\\/06\\\/rakennusteollisuus-lobby2.webp\",\"width\":1188,\"height\":855,\"caption\":\"IFS Cloud energia\"},{\"@type\":\"BreadcrumbList\",\"@id\":\"https:\\\/\\\/aveso.fi\\\/sv\\\/palvelut\\\/ifs-erp\\\/ifs-cloud-for-byggranschen\\\/#breadcrumb\",\"itemListElement\":[{\"@type\":\"ListItem\",\"position\":1,\"name\":\"Etusivu\",\"item\":\"https:\\\/\\\/aveso.fi\\\/sv\\\/framsida\\\/\"},{\"@type\":\"ListItem\",\"position\":2,\"name\":\"IFS ERP\",\"item\":\"https:\\\/\\\/aveso.fi\\\/sv\\\/palvelut\\\/ifs-erp\\\/\"},{\"@type\":\"ListItem\",\"position\":3,\"name\":\"IFS Cloud\u2122 f\u00f6r byggindustri\"}]},{\"@type\":\"WebSite\",\"@id\":\"https:\\\/\\\/aveso.fi\\\/sv\\\/#website\",\"url\":\"https:\\\/\\\/aveso.fi\\\/sv\\\/\",\"name\":\"Aveso Oy\",\"description\":\"ERP-j\u00e4rjestelm\u00e4t, integraatiot ja tiedonhallintaratkaisut datavetoisille yrityksille\",\"publisher\":{\"@id\":\"https:\\\/\\\/aveso.fi\\\/sv\\\/#organization\"},\"potentialAction\":[{\"@type\":\"SearchAction\",\"target\":{\"@type\":\"EntryPoint\",\"urlTemplate\":\"https:\\\/\\\/aveso.fi\\\/sv\\\/?s={search_term_string}\"},\"query-input\":{\"@type\":\"PropertyValueSpecification\",\"valueRequired\":true,\"valueName\":\"search_term_string\"}}],\"inLanguage\":\"sv-SE\"},{\"@type\":\"Organization\",\"@id\":\"https:\\\/\\\/aveso.fi\\\/sv\\\/#organization\",\"name\":\"Aveso Oy\",\"url\":\"https:\\\/\\\/aveso.fi\\\/sv\\\/\",\"logo\":{\"@type\":\"ImageObject\",\"inLanguage\":\"sv-SE\",\"@id\":\"https:\\\/\\\/aveso.fi\\\/sv\\\/#\\\/schema\\\/logo\\\/image\\\/\",\"url\":\"https:\\\/\\\/aveso.fi\\\/app\\\/uploads\\\/2024\\\/05\\\/aveso-logo.png\",\"contentUrl\":\"https:\\\/\\\/aveso.fi\\\/app\\\/uploads\\\/2024\\\/05\\\/aveso-logo.png\",\"width\":1632,\"height\":552,\"caption\":\"Aveso Oy\"},\"image\":{\"@id\":\"https:\\\/\\\/aveso.fi\\\/sv\\\/#\\\/schema\\\/logo\\\/image\\\/\"},\"sameAs\":[\"https:\\\/\\\/www.linkedin.com\\\/company\\\/aveso-oy\\\/\"]}]}<\/script>\n<!-- \/ Yoast SEO plugin. -->","yoast_head_json":{"title":"IFS Cloud\u2122 f\u00f6r byggindustri - Aveso Oy","robots":{"index":"index","follow":"follow","max-snippet":"max-snippet:-1","max-image-preview":"max-image-preview:large","max-video-preview":"max-video-preview:-1"},"canonical":"https:\/\/aveso.fi\/sv\/palvelut\/ifs-erp\/ifs-cloud-for-byggranschen\/","og_locale":"sv_SE","og_type":"article","og_title":"IFS Cloud\u2122 f\u00f6r byggindustri - Aveso Oy","og_url":"https:\/\/aveso.fi\/sv\/palvelut\/ifs-erp\/ifs-cloud-for-byggranschen\/","og_site_name":"Aveso Oy","article_modified_time":"2026-03-03T12:02:54+00:00","og_image":[{"width":1188,"height":855,"url":"https:\/\/aveso.fi\/app\/uploads\/2024\/06\/rakennusteollisuus-lobby2.webp","type":"image\/webp"}],"twitter_card":"summary_large_image","twitter_misc":{"Est. reading time":"1 minute"},"schema":{"@context":"https:\/\/schema.org","@graph":[{"@type":"WebPage","@id":"https:\/\/aveso.fi\/sv\/palvelut\/ifs-erp\/ifs-cloud-for-byggranschen\/","url":"https:\/\/aveso.fi\/sv\/palvelut\/ifs-erp\/ifs-cloud-for-byggranschen\/","name":"IFS Cloud\u2122 f\u00f6r byggindustri - Aveso Oy","isPartOf":{"@id":"https:\/\/aveso.fi\/sv\/#website"},"primaryImageOfPage":{"@id":"https:\/\/aveso.fi\/sv\/palvelut\/ifs-erp\/ifs-cloud-for-byggranschen\/#primaryimage"},"image":{"@id":"https:\/\/aveso.fi\/sv\/palvelut\/ifs-erp\/ifs-cloud-for-byggranschen\/#primaryimage"},"thumbnailUrl":"https:\/\/aveso.fi\/app\/uploads\/2024\/06\/rakennusteollisuus-lobby2.webp","datePublished":"2024-06-04T09:30:10+00:00","dateModified":"2026-03-03T12:02:54+00:00","breadcrumb":{"@id":"https:\/\/aveso.fi\/sv\/palvelut\/ifs-erp\/ifs-cloud-for-byggranschen\/#breadcrumb"},"inLanguage":"sv-SE","potentialAction":[{"@type":"ReadAction","target":["https:\/\/aveso.fi\/sv\/palvelut\/ifs-erp\/ifs-cloud-for-byggranschen\/"]}]},{"@type":"ImageObject","inLanguage":"sv-SE","@id":"https:\/\/aveso.fi\/sv\/palvelut\/ifs-erp\/ifs-cloud-for-byggranschen\/#primaryimage","url":"https:\/\/aveso.fi\/app\/uploads\/2024\/06\/rakennusteollisuus-lobby2.webp","contentUrl":"https:\/\/aveso.fi\/app\/uploads\/2024\/06\/rakennusteollisuus-lobby2.webp","width":1188,"height":855,"caption":"IFS Cloud energia"},{"@type":"BreadcrumbList","@id":"https:\/\/aveso.fi\/sv\/palvelut\/ifs-erp\/ifs-cloud-for-byggranschen\/#breadcrumb","itemListElement":[{"@type":"ListItem","position":1,"name":"Etusivu","item":"https:\/\/aveso.fi\/sv\/framsida\/"},{"@type":"ListItem","position":2,"name":"IFS ERP","item":"https:\/\/aveso.fi\/sv\/palvelut\/ifs-erp\/"},{"@type":"ListItem","position":3,"name":"IFS Cloud\u2122 f\u00f6r byggindustri"}]},{"@type":"WebSite","@id":"https:\/\/aveso.fi\/sv\/#website","url":"https:\/\/aveso.fi\/sv\/","name":"Aveso Oy","description":"ERP-j\u00e4rjestelm\u00e4t, integraatiot ja tiedonhallintaratkaisut datavetoisille yrityksille","publisher":{"@id":"https:\/\/aveso.fi\/sv\/#organization"},"potentialAction":[{"@type":"SearchAction","target":{"@type":"EntryPoint","urlTemplate":"https:\/\/aveso.fi\/sv\/?s={search_term_string}"},"query-input":{"@type":"PropertyValueSpecification","valueRequired":true,"valueName":"search_term_string"}}],"inLanguage":"sv-SE"},{"@type":"Organization","@id":"https:\/\/aveso.fi\/sv\/#organization","name":"Aveso Oy","url":"https:\/\/aveso.fi\/sv\/","logo":{"@type":"ImageObject","inLanguage":"sv-SE","@id":"https:\/\/aveso.fi\/sv\/#\/schema\/logo\/image\/","url":"https:\/\/aveso.fi\/app\/uploads\/2024\/05\/aveso-logo.png","contentUrl":"https:\/\/aveso.fi\/app\/uploads\/2024\/05\/aveso-logo.png","width":1632,"height":552,"caption":"Aveso Oy"},"image":{"@id":"https:\/\/aveso.fi\/sv\/#\/schema\/logo\/image\/"},"sameAs":["https:\/\/www.linkedin.com\/company\/aveso-oy\/"]}]}},"_links":{"self":[{"href":"https:\/\/aveso.fi\/sv\/wp-json\/wp\/v2\/services\/1548","targetHints":{"allow":["GET"]}}],"collection":[{"href":"https:\/\/aveso.fi\/sv\/wp-json\/wp\/v2\/services"}],"about":[{"href":"https:\/\/aveso.fi\/sv\/wp-json\/wp\/v2\/types\/services"}],"up":[{"embeddable":true,"href":"https:\/\/aveso.fi\/sv\/wp-json\/wp\/v2\/services\/1439"}],"wp:featuredmedia":[{"embeddable":true,"href":"https:\/\/aveso.fi\/sv\/wp-json\/wp\/v2\/media\/547"}],"wp:attachment":[{"href":"https:\/\/aveso.fi\/sv\/wp-json\/wp\/v2\/media?parent=1548"}],"curies":[{"name":"wp","href":"https:\/\/api.w.org\/{rel}","templated":true}]}}