{"id":1549,"date":"2024-05-24T09:50:35","date_gmt":"2024-05-24T09:50:35","guid":{"rendered":"https:\/\/aveso.fi\/?post_type=services&#038;p=1549"},"modified":"2026-03-03T12:03:14","modified_gmt":"2026-03-03T12:03:14","slug":"ifs-cloud-for-energibranschen","status":"publish","type":"services","link":"https:\/\/aveso.fi\/sv\/palvelut\/ifs-erp\/ifs-cloud-for-energibranschen\/","title":{"rendered":"IFS Cloud\u2122 f\u00f6r energisektorn"},"content":{"rendered":"<section class=\"align wp-block-page-banner purple hexagon \" style=\"\">\n  <div class=\"wrap wrap-large\">\n    <div class=\"background flex has-background\" style=\"background-image: url(https:\/\/aveso.fi\/app\/uploads\/2024\/06\/construction-banner.webp)\">\n      <div class=\"flex-item six content\" style=\"background-image: url()\">\n          <h1 class=\"entry-title\">IFS Cloud\u2122 f\u00f6r energisektorn<\/h1>\n<p>IFS Cloud\u2122 ERP \u00e4r ett omfattande system som \u00e4r utformat f\u00f6r energisektorn och ger realtids\u00f6versikt \u00f6ver aff\u00e4rsprocesser. Systemet integrerar nyckelfunktioner s\u00e5som projektledning, underh\u00e5ll, tillverkning, ekonomi, HR, supply chain och eftermarknadsverksamhet i ett enda system.<\/p>\n\n                              <div class=\"flex buttons \">\n                                              <a \n    class=\"button blue outline \" \n    href=\"https:\/\/aveso.fi\/sv\/kontaktinformation\/\"\n     \n>\n    <span>\n        Kontakta Oss\n    <\/span>\n<\/a>                                                              <a \n    class=\"button purple outline \" \n    href=\"https:\/\/aveso.fi\/sv\/palvelut\/ifs-erp\/ifs-cloud-implementeringar-och-uppgraderingar\/\"\n     \n>\n    <span>\n        IFS Cloud\u2122 implementeringar\n    <\/span>\n<\/a>                                                              <a \n    class=\"button purple outline \" \n    href=\"https:\/\/aveso.fi\/sv\/palvelut\/ifs-erp\/aveso-ifs-erp-tillaggstjanster\/\"\n     \n>\n    <span>\n        Aveso IFS ERP anpassade l\u00f6sningar\n    <\/span>\n<\/a>                                      <\/div>\n                <\/div>\n              <div class=\"flex-item six image-container\">\n          <div class=\"image hexagon-mask\">\n            <img decoding=\"async\" src=\"https:\/\/aveso.fi\/app\/uploads\/2024\/06\/energy-sector-ifs-768x513.webp\" >\n          <\/div>\n        <\/div>\n          <\/div>\n  <\/div>\n<\/section>\n\n\n<section class=\"align wp-block-text-block\" style=\"\">\n  <div class=\"wrap  flex elements\">\n          \n      \n      \n              <div class=\"flex-item six content\">\n          <h2>Omfattande standardl\u00f6sningar f\u00f6r energisektorn<\/h2>\n<p>IFS Cloud\u2122 \u00e4r en helt\u00e4ckande system som underl\u00e4ttar olika aspekter inom energisektorn. Genom att konsolidera verksamheten p\u00e5 en enda plattform skapar IFS Cloud\u2122 en p\u00e5litlig datak\u00e4lla som fr\u00e4mjar effektivt beslutsfattande. Systemet inkluderar funktioner inom tillg\u00e5ngsf\u00f6rvaltning, projektledning, planering och service p\u00e5 f\u00e4ltet. Denna synergi leder till optimerad anv\u00e4ndning av tillgongar, b\u00e4ttre balans mellan utbud och efterfr\u00e5gan, effektivare supply chain, \u00f6verenst\u00e4mmelse med regulatoriska f\u00f6r\u00e4ndringar och i slutligen h\u00f6gre kundn\u00f6jdhet. I en industri d\u00e4r p\u00e5litlighet \u00e4r avg\u00f6rande, utrustar IFS Cloud\u2122 f\u00f6retag med verktyg f\u00f6r att f\u00f6rb\u00e4ttra prestandan.<\/p>\n\n                  <\/div>\n                \n              <div class=\"flex-item six image-container no_hexagon\">\n                      <div class=\"image border-radius rectangle\">\n            <img decoding=\"async\" src=\"https:\/\/aveso.fi\/app\/uploads\/2024\/05\/energy_sector_web.webp\" alt=\"\">\n          <\/div>\n                    <\/div>\n      \n      \n            <\/div>\n<\/section>\n\n\n<section class=\"align wp-block-text-block\" style=\"\">\n  <div class=\"wrap  flex elements\">\n          \n              <div class=\"flex-item six image-container no_hexagon\">\n                      <div class=\"image  original\">\n            <img decoding=\"async\" src=\"https:\/\/aveso.fi\/app\/uploads\/2024\/05\/ifs-aurena-mockup-min.webp\" alt=\"\">\n          <\/div>\n                    <\/div>\n      \n      \n                \n      \n      \n              <div class=\"flex-item six content\">\n          <h2>Responsiv, enhetlig och intuitiv anv\u00e4ndarupplevelse<\/h2>\n<p>Ett anv\u00e4ndarv\u00e4nligt och responsivt gr\u00e4nssnitt \u00e4r avg\u00f6rande f\u00f6r b\u00e5de anst\u00e4lldas n\u00f6jdhet och effektivt beslutsfattande. IFS Cloud\u2122 ger en s\u00f6ml\u00f6s och enhetlig anv\u00e4ndarupplevelse \u00f6ver olika funktioner, fr\u00e5n fr\u00e5nvarobeg\u00e4ran till att utf\u00f6ra betydande uppgifter.<\/p>\n\n                  <\/div>\n            <\/div>\n<\/section>\n\n\n<section class=\"align wp-block-text-block\" style=\"\">\n  <div class=\"wrap  flex elements\">\n          \n      \n      \n              <div class=\"flex-item six content\">\n          <h2>F\u00f6rbyggda lobbyvyer<\/h2>\n<p>IFS Cloud\u2122 inkluderar olika f\u00f6rbyggda lobbyvyer skr\u00e4ddarsydda f\u00f6r att passa de vanligaste och mest kritiska funktionerna i branschen. Fr\u00e5n IFS Cloud\u2122 Central, organisationens huvudsida, kan du enkelt navigera till dina egna lobbyvyer d\u00e4r du kan utf\u00f6ra dina centrala funktioner. IFS Cloud\u2122 lobbyvyer \u00e4r anpassningsbara, s\u00e5 att du kan anpassa dem f\u00f6r varje funktion och roll. Anpassbarheten av lobbyvyer m\u00f6jligg\u00f6r skapandet av ett mycket intuitivt gr\u00e4nssnitt, vilket g\u00f6r navigeringen enkel och s\u00e4kerst\u00e4ller en trevlig anv\u00e4ndarupplevelse.<\/p>\n\n                  <\/div>\n                \n              <div class=\"flex-item six image-container no_hexagon\">\n                      <div class=\"image  original\">\n            <img decoding=\"async\" src=\"https:\/\/aveso.fi\/app\/uploads\/2024\/05\/ifs-lobbies.webp\" alt=\"\">\n          <\/div>\n                    <\/div>\n      \n      \n            <\/div>\n<\/section>\n\n\n<section class=\"align wp-block-three-columns\" style=\"\">\n  <div class=\"wrap\">\n    <h2>IFS Cloud\u2122 f\u00f6r energisektorn<\/h2>\n          <div class=\"flex columns\">\n                  <div class=\"flex-item four column\">\n                        <h3>Optimerad tillg\u00e5ngsf\u00f6rvaltning och s\u00e4kerhet<\/h3>\n            <div class=\"content\">\n              IFS Cloud\u2122 st\u00f6der hela livscykeln f\u00f6r tillg\u00e5ngshantering, fr\u00e5n planering till avst\u00e4llning. Plattformen integrerar Enterprise Asset Management (EAM), Field Service Management (FSM) och Enterprise Resource Planning (ERP) l\u00f6sningar, skr\u00e4ddarsydda f\u00f6r energisektorns krav. Detta ger organisationer full kontroll \u00f6ver verksamheten samtidigt som tillg\u00e5ngarnas prestanda och s\u00e4kerhet optimeras. Oavsett om det g\u00e4ller tillg\u00e5ngsplanering, drift, underh\u00e5ll, modifieringar eller avst\u00e4llning, underl\u00e4ttar IFS Cloud\u2122 strategiskt beslutsfattande under tillg\u00e5ngens  hela livscykel.\n            <\/div>\n          <\/div>\n                  <div class=\"flex-item four column\">\n                        <h3>Personalplanering<\/h3>\n            <div class=\"content\">\n              Anpassningsf\u00f6rm\u00e5ga \u00e4r avg\u00f6rande i en milj\u00f6 som f\u00f6r\u00e4ndras. IFS Cloud\u2122 ger anv\u00e4ndare m\u00f6jligheten att effektivt hantera sina prioriteringar, inkommande uppgifter och logistiska utmaningar, samtidigt som plattformen fr\u00e4mjar operativ efektivitet med att identifiera m\u00f6jligheter att kombinera uppgifter och planera underh\u00e5ll. Denna flexibilitet \u00e4r s\u00e4rskilt viktig inom energisektorn, d\u00e4r \u00e4ven mindre serviceavbrott kan vara kritiska.\n            <\/div>\n          <\/div>\n                  <div class=\"flex-item four column\">\n                        <h3>Omfattande standardfunktioner<\/h3>\n            <div class=\"content\">\n              F\u00f6rutom k\u00e4rnomr\u00e5den som ekonomi, m\u00e4nskliga resurser och Enterprise Asset Management (EAM) inom energisektorns ERP, inkluderar IFS Cloud\u2122-l\u00f6sningar \u00e4ven risk- och efterlevnadshantering, djup integration av linj\u00e4ra tillg\u00e5ngar med GIS, samt h\u00e4lsa, s\u00e4kerhet och milj\u00f6 (HSE) ledning.\n            <\/div>\n          <\/div>\n              <\/div>\n            <div class=\"flex buttons\">\n                        <a \n    class=\"button blue  \" \n    href=\"https:\/\/aveso.fi\/sv\/kontaktinformation\/\"\n     \n>\n    <span>\n        Kontakta Oss\n    <\/span>\n<\/a>                        <\/div>\n    <\/div>\n<\/section>\n\n\n<section class=\"align wp-block-text-block\" style=\"\">\n  <div class=\"wrap  flex elements\">\n          \n              <div class=\"flex-item six image-container purple_hexagon\">\n                      <div class=\"image  original\">\n            <img decoding=\"async\" src=\"https:\/\/aveso.fi\/app\/uploads\/2024\/05\/eco-footprint-web.webp\" alt=\"\">\n          <\/div>\n                    <\/div>\n      \n      \n                \n      \n      \n              <div class=\"flex-item six content\">\n          <h2>Uppn\u00e5 h\u00e5llbarhetsm\u00e5l<\/h2>\n<p>Branschens \u00f6verg\u00e5ng till nettonollutsl\u00e4pp skapar ett behov av att hantera kostnader, s\u00e4kerst\u00e4lla drifts\u00e4kerhet och svara p\u00e5 f\u00f6r\u00e4ndrade marknadsf\u00f6rh\u00e5llanden. Dessutom \u00f6kar framtr\u00e4dande konkurrenter och v\u00e4xande konsumentkrav press att ligga f\u00f6re. IFS f\u00f6rst\u00e5r dessa utmaningar och utvecklar kontinuerligt sin IFS Cloud\u2122-produkt f\u00f6r att m\u00f6ta kraven, vilket m\u00f6jligg\u00f6r organisatorisk flexibilitet och snabb respons. Med implementering av IFS Cloud\u2122 kan f\u00f6retag effektivt ta till sig ny teknologi, hantera kostnader och navigera i en f\u00f6rendrande milj\u00f6, vilket underl\u00e4ttar uppn\u00e5endet av h\u00e5llbarhetsm\u00e5l samtidigt som konkurrenskraften bibeh\u00e5lls.<\/p>\n\n                  <\/div>\n            <\/div>\n<\/section>\n\n\n<section class=\"align wp-block-text-block\" style=\"\">\n  <div class=\"wrap  flex elements\">\n          \n      \n      \n              <div class=\"flex-item six content\">\n          <h2>Inbyggd ESG-funktion<\/h2>\n<p>IFS Cloud\u2122 tillhandah\u00e5ller l\u00f6sningar, verktyg och funktioner som st\u00f6der ESG-strategier (Environmental, Social, Governance), och erbjuder f\u00f6retag en helt\u00e4ckande plattform f\u00f6r att m\u00e4ta, \u00f6vervaka, proaktivt hantera och rapportera om deras h\u00e5llbarhetsinitiativ. Med IFS Cloud\u2122 kan du s\u00e4kerst\u00e4lla att milj\u00f6-, sociala och styrningsfaktorer s\u00f6ml\u00f6st integreras i aff\u00e4rsprocesser, vilket fr\u00e4mjar ansvarsfulla och h\u00e5llbara metoder i hela organisationen.<\/p>\n\n                  <\/div>\n                \n              <div class=\"flex-item six image-container blue_hexagon\">\n                      <div class=\"image border-radius original\">\n            <img decoding=\"async\" src=\"https:\/\/aveso.fi\/app\/uploads\/2024\/05\/esg-web.webp\" alt=\"\">\n          <\/div>\n                    <\/div>\n      \n      \n            <\/div>\n<\/section>\n\n\n<section class=\"align wp-block-text-block\" style=\"\">\n  <div class=\"wrap wrap-small one-child flex elements\">\n          \n      \n      \n              <div class=\"flex-item six content\">\n          <hr \/>\n<h1 style=\"text-align: center;\">Varf\u00f6r v\u00e4lja Aveso?<\/h1>\n<p style=\"text-align: center;\">Vi \u00e4r ett officiellt IFS Channel Partner-f\u00f6retag med l\u00e5ng erfarenhet och expertis inom IFS-system sedan b\u00f6rjan av 2000-talet. Vi hj\u00e4lper v\u00e5ra kunder att maximera f\u00f6rdelarna med IFS-systemet och att uppn\u00e5 deras digitaliseringsstrategi och aff\u00e4rsm\u00e5l. Vi fungerar som support och partner till v\u00e5ra kunder i varje fas av IFS ERP-systems livscykel, fr\u00e5n initial analys till support och underh\u00e5ll.<\/p>\n<p style=\"padding-left: 280px;\"><img loading=\"lazy\" decoding=\"async\" class=\"aligncenter wp-image-348 size-medium\" src=\"https:\/\/aveso.fi\/app\/uploads\/2024\/05\/ifs-partner-web-kuva-min-300x150.webp\" alt=\"\" width=\"300\" height=\"150\" srcset=\"https:\/\/aveso.fi\/app\/uploads\/2024\/05\/ifs-partner-web-kuva-min-300x150.webp 300w, https:\/\/aveso.fi\/app\/uploads\/2024\/05\/ifs-partner-web-kuva-min-768x384.webp 768w, https:\/\/aveso.fi\/app\/uploads\/2024\/05\/ifs-partner-web-kuva-min.webp 800w\" sizes=\"auto, (max-width: 300px) 100vw, 300px\" \/><\/p>\n\n                  <\/div>\n            <\/div>\n<\/section>\n\n\n<section class=\"align wp-block-three-columns\" style=\"\">\n  <div class=\"wrap\">\n    <h2>Vi skapar v\u00e4rde under hela livscykeln av IFS ERP<\/h2>\n          <div class=\"flex columns\">\n                  <div class=\"flex-item four column\">\n                        <h3>Pre-Study<\/h3>\n            <div class=\"content\">\n              \n            <\/div>\n          <\/div>\n                  <div class=\"flex-item four column\">\n                        <h3>Konfigurationer<\/h3>\n            <div class=\"content\">\n              \n            <\/div>\n          <\/div>\n                  <div class=\"flex-item four column\">\n                        <h3>Genomf\u00f6rande<\/h3>\n            <div class=\"content\">\n              \n            <\/div>\n          <\/div>\n                  <div class=\"flex-item four column\">\n                        <h3> Kontinuerlig utveckling<\/h3>\n            <div class=\"content\">\n              \n            <\/div>\n          <\/div>\n                  <div class=\"flex-item four column\">\n                        <h3>Support och underh\u00e5ll<\/h3>\n            <div class=\"content\">\n              \n            <\/div>\n          <\/div>\n              <\/div>\n            <div class=\"flex buttons\">\n                            <\/div>\n    <\/div>\n<\/section>\n\n\n<section class=\"align wp-block-posts-block\">\n    <div class=\"wrap wrap-large\">\n        <div class=\"flex  \">\n\n            <div class=\"flex-item six\">\n                <h2> Vi \u00e4r specialiserade p\u00e5 energisektorn <\/h2>\n                <div>\n                    <p>L\u00e4s v\u00e5ra kundreferenser och pressmeddelanden f\u00f6r att l\u00e4ra dig varf\u00f6r och hur v\u00e5ra kunder g\u00e5r \u00f6ver till IFS Cloud\u2122 med oss.<\/p>\n\n                <\/div>\n                                    <a \n    class=\"button blue  \" \n    href=\"https:\/\/aveso.fi\/referenssit\/asiakastarinat\/\"\n     \n>\n    <span>\n        L\u00e4s mer om v\u00e5ra referenser\n    <\/span>\n<\/a>                            <\/div>\n            <div class=\"flex-item six\">\n                <div class=\"flex postcontainer text-and-posts\">\n                                                                                                <div class=\"flex-item six post\">\n  <a class=\"post-link\" href=\"https:\/\/aveso.fi\/sv\/referenssit\/references\/referenssi\/case-pori-energia-pori-energia-streamlines-its-erp-processes-by-implementing-ifs-cloud-system\/\">\n          <div class=\"image border-radius\">\n                            <img decoding=\"async\" src=\"https:\/\/aveso.fi\/app\/uploads\/2023\/06\/asiakastarina-pori-min.png\" alt=\" \" >\n            <\/div>\n        <div class=\"text\">\n      <div class=\"flex meta\">\n        <div class=\"category references\"><\/div>\n        <div class=\"date\">24.05.2024<\/div>\n      <\/div>\n      <div class=\"title\">\n        <h3>Case Pori Energia &#8211; Pori Energia streamlines its ERP processes by implementing IFS Cloud system<\/h3>\n      <\/div>\n    <\/div>\n    <div class=\"link arrow\"> Lue lis\u00e4\u00e4 <\/div>\n  <\/a>\n<\/div>\n                                                                <\/div>\n            <\/div>\n        <\/div>\n    <\/div>\n<\/section>\n\n\n<section class=\"align wp-block-contact-form\">\n    <div class=\"wrap wrap-large\">\n        <div class=\"content\">\n            <div class=\"text\">\n                <div class=\"textcontainer\">\n                    <h2> Kontakta Oss <\/h2>\n                    <div>\n                        \n                    <\/div>\n\n                    <div class=\"contact-information\">\n                                <div class=\"person\">\n    <div class=\"flex\">\n        <div class=\"flex-item six has-image\">\n            <div class=\"image border-radius\">\n                            <img decoding=\"async\" src=\"https:\/\/aveso.fi\/app\/uploads\/2024\/05\/vesa-kuva-large.webp\" alt=\"\" >\n            <\/div>\n        <\/div>\n        <div class=\"flex-item six\">\n            <div class=\"person-information\">\n                            <h3 class=\"title\"> Sales Director <\/h3>\n                                        <div class=\"name\"> Vesa Ohlsson <\/div>\n                                                    <div class=\"email\">\n                    <a class=\"flex\" href=\"mailto:vesa.ohlsson@aveso.fi\">\n                        <span class=\"icon\">\n                            <i class=\"fa-solid fa-envelope\"><\/i>\n                        <\/span>\n                        vesa.ohlsson@aveso.fi\n                    <\/a>\n                <\/div>\n                                        <div class=\"linkedin\">\n                    <a class=\"flex\"  href=\"https:\/\/www.linkedin.com\/in\/vesa-ohlsson\/\">\n                        <span class=\"icon\">\n                            <i class=\"fa-brands fa-linkedin-in\"><\/i>\n                        <\/span>\n                        LinkedIn\n                    <\/a>\n                <\/div>\n                        <\/div>\n        <\/div>\n    <\/div>\n<\/div>\n                                <\/div>\n                <\/div>\n            <\/div>\n            <p class=\"wpcf7-contact-form-not-found\"><strong>Error:<\/strong> Contact form not found.<\/p>\n        <\/div>\n    <\/div>\n<\/section>\n","protected":false},"featured_media":1287,"parent":1439,"menu_order":0,"template":"","class_list":["post-1549","services","type-services","status-publish","has-post-thumbnail","hentry"],"acf":[],"yoast_head":"<!-- This site is optimized with the Yoast SEO plugin v27.5 - https:\/\/yoast.com\/product\/yoast-seo-wordpress\/ -->\n<title>IFS Cloud\u2122 f\u00f6r energisektorn - Aveso Oy<\/title>\n<meta name=\"robots\" content=\"index, follow, max-snippet:-1, max-image-preview:large, max-video-preview:-1\" \/>\n<link rel=\"canonical\" href=\"https:\/\/aveso.fi\/sv\/palvelut\/ifs-erp\/ifs-cloud-for-energibranschen\/\" \/>\n<meta property=\"og:locale\" content=\"sv_SE\" \/>\n<meta property=\"og:type\" content=\"article\" \/>\n<meta property=\"og:title\" content=\"IFS Cloud\u2122 f\u00f6r energisektorn - Aveso Oy\" \/>\n<meta property=\"og:url\" content=\"https:\/\/aveso.fi\/sv\/palvelut\/ifs-erp\/ifs-cloud-for-energibranschen\/\" \/>\n<meta property=\"og:site_name\" content=\"Aveso Oy\" \/>\n<meta property=\"article:modified_time\" content=\"2026-03-03T12:03:14+00:00\" \/>\n<meta property=\"og:image\" content=\"https:\/\/aveso.fi\/app\/uploads\/2024\/05\/energy_sector_web.webp\" \/>\n\t<meta property=\"og:image:width\" content=\"800\" \/>\n\t<meta property=\"og:image:height\" content=\"400\" \/>\n\t<meta property=\"og:image:type\" content=\"image\/webp\" \/>\n<meta name=\"twitter:card\" content=\"summary_large_image\" \/>\n<meta name=\"twitter:label1\" content=\"Est. reading time\" \/>\n\t<meta name=\"twitter:data1\" content=\"1 minute\" \/>\n<script type=\"application\/ld+json\" class=\"yoast-schema-graph\">{\"@context\":\"https:\\\/\\\/schema.org\",\"@graph\":[{\"@type\":\"WebPage\",\"@id\":\"https:\\\/\\\/aveso.fi\\\/sv\\\/palvelut\\\/ifs-erp\\\/ifs-cloud-for-energibranschen\\\/\",\"url\":\"https:\\\/\\\/aveso.fi\\\/sv\\\/palvelut\\\/ifs-erp\\\/ifs-cloud-for-energibranschen\\\/\",\"name\":\"IFS Cloud\u2122 f\u00f6r energisektorn - Aveso Oy\",\"isPartOf\":{\"@id\":\"https:\\\/\\\/aveso.fi\\\/sv\\\/#website\"},\"primaryImageOfPage\":{\"@id\":\"https:\\\/\\\/aveso.fi\\\/sv\\\/palvelut\\\/ifs-erp\\\/ifs-cloud-for-energibranschen\\\/#primaryimage\"},\"image\":{\"@id\":\"https:\\\/\\\/aveso.fi\\\/sv\\\/palvelut\\\/ifs-erp\\\/ifs-cloud-for-energibranschen\\\/#primaryimage\"},\"thumbnailUrl\":\"https:\\\/\\\/aveso.fi\\\/app\\\/uploads\\\/2024\\\/05\\\/energy_sector_web.webp\",\"datePublished\":\"2024-05-24T09:50:35+00:00\",\"dateModified\":\"2026-03-03T12:03:14+00:00\",\"breadcrumb\":{\"@id\":\"https:\\\/\\\/aveso.fi\\\/sv\\\/palvelut\\\/ifs-erp\\\/ifs-cloud-for-energibranschen\\\/#breadcrumb\"},\"inLanguage\":\"sv-SE\",\"potentialAction\":[{\"@type\":\"ReadAction\",\"target\":[\"https:\\\/\\\/aveso.fi\\\/sv\\\/palvelut\\\/ifs-erp\\\/ifs-cloud-for-energibranschen\\\/\"]}]},{\"@type\":\"ImageObject\",\"inLanguage\":\"sv-SE\",\"@id\":\"https:\\\/\\\/aveso.fi\\\/sv\\\/palvelut\\\/ifs-erp\\\/ifs-cloud-for-energibranschen\\\/#primaryimage\",\"url\":\"https:\\\/\\\/aveso.fi\\\/app\\\/uploads\\\/2024\\\/05\\\/energy_sector_web.webp\",\"contentUrl\":\"https:\\\/\\\/aveso.fi\\\/app\\\/uploads\\\/2024\\\/05\\\/energy_sector_web.webp\",\"width\":800,\"height\":400,\"caption\":\"IFS Cloud Energy Solution Set\"},{\"@type\":\"BreadcrumbList\",\"@id\":\"https:\\\/\\\/aveso.fi\\\/sv\\\/palvelut\\\/ifs-erp\\\/ifs-cloud-for-energibranschen\\\/#breadcrumb\",\"itemListElement\":[{\"@type\":\"ListItem\",\"position\":1,\"name\":\"Etusivu\",\"item\":\"https:\\\/\\\/aveso.fi\\\/sv\\\/framsida\\\/\"},{\"@type\":\"ListItem\",\"position\":2,\"name\":\"IFS ERP\",\"item\":\"https:\\\/\\\/aveso.fi\\\/sv\\\/palvelut\\\/ifs-erp\\\/\"},{\"@type\":\"ListItem\",\"position\":3,\"name\":\"IFS Cloud\u2122 f\u00f6r energisektorn\"}]},{\"@type\":\"WebSite\",\"@id\":\"https:\\\/\\\/aveso.fi\\\/sv\\\/#website\",\"url\":\"https:\\\/\\\/aveso.fi\\\/sv\\\/\",\"name\":\"Aveso Oy\",\"description\":\"ERP-j\u00e4rjestelm\u00e4t, integraatiot ja tiedonhallintaratkaisut datavetoisille yrityksille\",\"publisher\":{\"@id\":\"https:\\\/\\\/aveso.fi\\\/sv\\\/#organization\"},\"potentialAction\":[{\"@type\":\"SearchAction\",\"target\":{\"@type\":\"EntryPoint\",\"urlTemplate\":\"https:\\\/\\\/aveso.fi\\\/sv\\\/?s={search_term_string}\"},\"query-input\":{\"@type\":\"PropertyValueSpecification\",\"valueRequired\":true,\"valueName\":\"search_term_string\"}}],\"inLanguage\":\"sv-SE\"},{\"@type\":\"Organization\",\"@id\":\"https:\\\/\\\/aveso.fi\\\/sv\\\/#organization\",\"name\":\"Aveso Oy\",\"url\":\"https:\\\/\\\/aveso.fi\\\/sv\\\/\",\"logo\":{\"@type\":\"ImageObject\",\"inLanguage\":\"sv-SE\",\"@id\":\"https:\\\/\\\/aveso.fi\\\/sv\\\/#\\\/schema\\\/logo\\\/image\\\/\",\"url\":\"https:\\\/\\\/aveso.fi\\\/app\\\/uploads\\\/2024\\\/05\\\/aveso-logo.png\",\"contentUrl\":\"https:\\\/\\\/aveso.fi\\\/app\\\/uploads\\\/2024\\\/05\\\/aveso-logo.png\",\"width\":1632,\"height\":552,\"caption\":\"Aveso Oy\"},\"image\":{\"@id\":\"https:\\\/\\\/aveso.fi\\\/sv\\\/#\\\/schema\\\/logo\\\/image\\\/\"},\"sameAs\":[\"https:\\\/\\\/www.linkedin.com\\\/company\\\/aveso-oy\\\/\"]}]}<\/script>\n<!-- \/ Yoast SEO plugin. -->","yoast_head_json":{"title":"IFS Cloud\u2122 f\u00f6r energisektorn - Aveso Oy","robots":{"index":"index","follow":"follow","max-snippet":"max-snippet:-1","max-image-preview":"max-image-preview:large","max-video-preview":"max-video-preview:-1"},"canonical":"https:\/\/aveso.fi\/sv\/palvelut\/ifs-erp\/ifs-cloud-for-energibranschen\/","og_locale":"sv_SE","og_type":"article","og_title":"IFS Cloud\u2122 f\u00f6r energisektorn - Aveso Oy","og_url":"https:\/\/aveso.fi\/sv\/palvelut\/ifs-erp\/ifs-cloud-for-energibranschen\/","og_site_name":"Aveso Oy","article_modified_time":"2026-03-03T12:03:14+00:00","og_image":[{"width":800,"height":400,"url":"https:\/\/aveso.fi\/app\/uploads\/2024\/05\/energy_sector_web.webp","type":"image\/webp"}],"twitter_card":"summary_large_image","twitter_misc":{"Est. reading time":"1 minute"},"schema":{"@context":"https:\/\/schema.org","@graph":[{"@type":"WebPage","@id":"https:\/\/aveso.fi\/sv\/palvelut\/ifs-erp\/ifs-cloud-for-energibranschen\/","url":"https:\/\/aveso.fi\/sv\/palvelut\/ifs-erp\/ifs-cloud-for-energibranschen\/","name":"IFS Cloud\u2122 f\u00f6r energisektorn - Aveso Oy","isPartOf":{"@id":"https:\/\/aveso.fi\/sv\/#website"},"primaryImageOfPage":{"@id":"https:\/\/aveso.fi\/sv\/palvelut\/ifs-erp\/ifs-cloud-for-energibranschen\/#primaryimage"},"image":{"@id":"https:\/\/aveso.fi\/sv\/palvelut\/ifs-erp\/ifs-cloud-for-energibranschen\/#primaryimage"},"thumbnailUrl":"https:\/\/aveso.fi\/app\/uploads\/2024\/05\/energy_sector_web.webp","datePublished":"2024-05-24T09:50:35+00:00","dateModified":"2026-03-03T12:03:14+00:00","breadcrumb":{"@id":"https:\/\/aveso.fi\/sv\/palvelut\/ifs-erp\/ifs-cloud-for-energibranschen\/#breadcrumb"},"inLanguage":"sv-SE","potentialAction":[{"@type":"ReadAction","target":["https:\/\/aveso.fi\/sv\/palvelut\/ifs-erp\/ifs-cloud-for-energibranschen\/"]}]},{"@type":"ImageObject","inLanguage":"sv-SE","@id":"https:\/\/aveso.fi\/sv\/palvelut\/ifs-erp\/ifs-cloud-for-energibranschen\/#primaryimage","url":"https:\/\/aveso.fi\/app\/uploads\/2024\/05\/energy_sector_web.webp","contentUrl":"https:\/\/aveso.fi\/app\/uploads\/2024\/05\/energy_sector_web.webp","width":800,"height":400,"caption":"IFS Cloud Energy Solution Set"},{"@type":"BreadcrumbList","@id":"https:\/\/aveso.fi\/sv\/palvelut\/ifs-erp\/ifs-cloud-for-energibranschen\/#breadcrumb","itemListElement":[{"@type":"ListItem","position":1,"name":"Etusivu","item":"https:\/\/aveso.fi\/sv\/framsida\/"},{"@type":"ListItem","position":2,"name":"IFS ERP","item":"https:\/\/aveso.fi\/sv\/palvelut\/ifs-erp\/"},{"@type":"ListItem","position":3,"name":"IFS Cloud\u2122 f\u00f6r energisektorn"}]},{"@type":"WebSite","@id":"https:\/\/aveso.fi\/sv\/#website","url":"https:\/\/aveso.fi\/sv\/","name":"Aveso Oy","description":"ERP-j\u00e4rjestelm\u00e4t, integraatiot ja tiedonhallintaratkaisut datavetoisille yrityksille","publisher":{"@id":"https:\/\/aveso.fi\/sv\/#organization"},"potentialAction":[{"@type":"SearchAction","target":{"@type":"EntryPoint","urlTemplate":"https:\/\/aveso.fi\/sv\/?s={search_term_string}"},"query-input":{"@type":"PropertyValueSpecification","valueRequired":true,"valueName":"search_term_string"}}],"inLanguage":"sv-SE"},{"@type":"Organization","@id":"https:\/\/aveso.fi\/sv\/#organization","name":"Aveso Oy","url":"https:\/\/aveso.fi\/sv\/","logo":{"@type":"ImageObject","inLanguage":"sv-SE","@id":"https:\/\/aveso.fi\/sv\/#\/schema\/logo\/image\/","url":"https:\/\/aveso.fi\/app\/uploads\/2024\/05\/aveso-logo.png","contentUrl":"https:\/\/aveso.fi\/app\/uploads\/2024\/05\/aveso-logo.png","width":1632,"height":552,"caption":"Aveso Oy"},"image":{"@id":"https:\/\/aveso.fi\/sv\/#\/schema\/logo\/image\/"},"sameAs":["https:\/\/www.linkedin.com\/company\/aveso-oy\/"]}]}},"_links":{"self":[{"href":"https:\/\/aveso.fi\/sv\/wp-json\/wp\/v2\/services\/1549","targetHints":{"allow":["GET"]}}],"collection":[{"href":"https:\/\/aveso.fi\/sv\/wp-json\/wp\/v2\/services"}],"about":[{"href":"https:\/\/aveso.fi\/sv\/wp-json\/wp\/v2\/types\/services"}],"up":[{"embeddable":true,"href":"https:\/\/aveso.fi\/sv\/wp-json\/wp\/v2\/services\/1439"}],"wp:featuredmedia":[{"embeddable":true,"href":"https:\/\/aveso.fi\/sv\/wp-json\/wp\/v2\/media\/1287"}],"wp:attachment":[{"href":"https:\/\/aveso.fi\/sv\/wp-json\/wp\/v2\/media?parent=1549"}],"curies":[{"name":"wp","href":"https:\/\/api.w.org\/{rel}","templated":true}]}}