{"id":1550,"date":"2024-05-23T09:56:41","date_gmt":"2024-05-23T09:56:41","guid":{"rendered":"https:\/\/aveso.fi\/?post_type=services&#038;p=1550"},"modified":"2026-03-03T12:04:03","modified_gmt":"2026-03-03T12:04:03","slug":"ifs-cloud-for-tillverkningsindustrin","status":"publish","type":"services","link":"https:\/\/aveso.fi\/sv\/palvelut\/ifs-erp\/ifs-cloud-for-tillverkningsindustrin\/","title":{"rendered":"IFS Cloud\u2122 f\u00f6r tillverkningsindustrin"},"content":{"rendered":"<section class=\"align wp-block-page-banner purple hexagon \" style=\"\">\n  <div class=\"wrap wrap-large\">\n    <div class=\"background flex has-background\" style=\"background-image: url(https:\/\/aveso.fi\/app\/uploads\/2024\/06\/manufacturing-banner.webp)\">\n      <div class=\"flex-item six content\" style=\"background-image: url()\">\n          <h1>IFS Cloud\u2122 f\u00f6r tillverkningsindustrin<\/h1>\n<p>IFS Cloud\u2122 ERP \u00e4r ett omfattande system f\u00f6r tillverkningsindustrin, vilket ger kontroll och syn i aff\u00e4rsprocesserna. System integrerar viktiga aff\u00e4rsfunktioner som tillverkning, ekonomi, HR, leverantskedjan och eftermarknadsverksamhet i ett enda system.<\/p>\n\n                              <div class=\"flex buttons \">\n                                              <a \n    class=\"button blue outline \" \n    href=\"https:\/\/aveso.fi\/sv\/kontaktinformation\/\"\n     \n>\n    <span>\n        Kontakta Oss\n    <\/span>\n<\/a>                                                              <a \n    class=\"button purple outline \" \n    href=\"https:\/\/aveso.fi\/sv\/palvelut\/ifs-erp\/ifs-cloud-implementeringar-och-uppgraderingar\/\"\n     \n>\n    <span>\n        IFS Cloud\u2122 implementeringar\n    <\/span>\n<\/a>                                                              <a \n    class=\"button purple outline \" \n    href=\"https:\/\/aveso.fi\/sv\/palvelut\/ifs-erp\/aveso-ifs-erp-tillaggstjanster\/\"\n     \n>\n    <span>\n        Aveso IFS anpassade l\u00f6sningar\n    <\/span>\n<\/a>                                      <\/div>\n                <\/div>\n              <div class=\"flex-item six image-container\">\n          <div class=\"image hexagon-mask\">\n            <img decoding=\"async\" src=\"https:\/\/aveso.fi\/app\/uploads\/2024\/05\/manufacturing_web-768x513.webp\" >\n          <\/div>\n        <\/div>\n          <\/div>\n  <\/div>\n<\/section>\n\n\n<section class=\"align wp-block-text-block\" style=\"\">\n  <div class=\"wrap  flex elements\">\n          \n      \n      \n              <div class=\"flex-item six content\">\n          <h2>Omfattande l\u00f6sningar f\u00f6r tillverkningsindustrin<\/h2>\n<p>IFS Cloud\u2122 \u00e4r v\u00e4l l\u00e4mpat f\u00f6r tillverkningsindustrin tack vare dess omfattande funktionalitet och standardiserade l\u00f6sningar utformade f\u00f6r att m\u00f6ta tillverkarnas specifika behov och utmaningar. De omfattande funktionerna i IFS Cloud\u2122 inkluderar flexibilitet, skalbarhet, modernt anv\u00e4ndargr\u00e4nssnitt, avancerad analys och automatisering, samt realtids insikter i aff\u00e4rsprocesser. Dessa funktioner g\u00f6r det till ett utm\u00e4rkt val f\u00f6r tillverkningsf\u00f6retag som str\u00e4var efter att optimera verksamheten, f\u00f6rb\u00e4ttra effektiviteten och driva tillv\u00e4xt p\u00e5 dagens konkurrensutsatta marknader.<\/p>\n\n                  <\/div>\n                \n              <div class=\"flex-item six image-container blue_hexagon\">\n                      <div class=\"image  original\">\n            <img decoding=\"async\" src=\"https:\/\/aveso.fi\/app\/uploads\/2024\/05\/manufacturing-central-banner-e1717504191413.webp\" alt=\"\">\n          <\/div>\n                    <\/div>\n      \n      \n            <\/div>\n<\/section>\n\n\n<section class=\"align wp-block-text-block\" style=\"\">\n  <div class=\"wrap  flex elements\">\n          \n              <div class=\"flex-item six image-container purple_hexagon\">\n                      <div class=\"image  original\">\n            <img decoding=\"async\" src=\"https:\/\/aveso.fi\/app\/uploads\/2024\/05\/manufacturing-lobbies_web.webp\" alt=\"\">\n          <\/div>\n                    <\/div>\n      \n      \n                \n      \n      \n              <div class=\"flex-item six content\">\n          <h2>F\u00e4rdigbyggda Lobby-vyn<\/h2>\n<p>IFS Cloud\u2122 inkluderar olika f\u00f6rbyggda lobbyvypaket skr\u00e4ddarsydda f\u00f6r de mest kritiska funktionerna. Fr\u00e5n IFS Cloud\u2122 Central, organisationens huvudsida, kan anv\u00e4ndare enkelt navigera till sina anpassade lobbyvyer, d\u00e4r de kan se och utf\u00f6ra funktioner. Dessa lobbyvyer \u00e4r designade f\u00f6r att vara anpassningsbara f\u00f6r varje funktion och roll. Flexibiliteten m\u00f6jligg\u00f6r en mycket intuitiv omgivning, vilket s\u00e4kerst\u00e4ller enkel navigering och en garanterad anv\u00e4ndarupplevelse.<\/p>\n\n                  <\/div>\n            <\/div>\n<\/section>\n\n\n<section class=\"align wp-block-three-columns\" style=\"\">\n  <div class=\"wrap\">\n    <h2>Ett brett erbjudande av funktioner:<\/h2>\n          <div class=\"flex columns\">\n                  <div class=\"flex-item four column\">\n                        <h3>Alla v\u00e4sentliga produktionsfunktioner som standard<\/h3>\n            <div class=\"content\">\n              IFS Cloud\u2122 f\u00f6rbyggda komponenter inkluderar prognoser, planering och schemal\u00e4ggning, lagerhantering, kvalitetshantering och Shop-Floor datainsamling.\n            <\/div>\n          <\/div>\n                  <div class=\"flex-item four column\">\n                        <h3>IFS st\u00f6der mixed-mode-tillverkning<\/h3>\n            <div class=\"content\">\n              IFS Cloud\u2122-systemet st\u00f6der lean-principer s\u00e5v\u00e4l som mixed-mode manufacturing, d\u00e4r olika bearbetningsmetoder s\u00e5som tillverkning mot order, engineer-to-order och tillverkning mot lager kan existera inom samma produktionsmilj\u00f6.\n            <\/div>\n          <\/div>\n                  <div class=\"flex-item four column\">\n                        <h3>Produktionsrapportering och datainsamling<\/h3>\n            <div class=\"content\">\n              IFS Cloud\u2122 inneh\u00e5ller funktioner f\u00f6r produktionsrapportering som kallas IFS Shop-Floor Workbench, som m\u00f6jligg\u00f6r enkel produktionsrapportering av de anst\u00e4llda, fr\u00e5n vilken sk\u00e4rm som helst.\n            <\/div>\n          <\/div>\n                  <div class=\"flex-item four column\">\n                        <h3>IFS B2B-Portal<\/h3>\n            <div class=\"content\">\n              IFS f\u00f6rser sina anv\u00e4ndare med en B2B-portal som m\u00f6jligg\u00f6r enkel och s\u00e4ker tillg\u00e5ng till data mellan leverant\u00f6rer och kunder. IFS B2B-portalen \u00e4r ett effektivt verktyg f\u00f6r realtidslagring av respons och best\u00e4llningar direkt i systemet, vilket minskar behovet av extern kommunikation via e-post och telefon mellan leverant\u00f6rer och kunder.\n            <\/div>\n          <\/div>\n              <\/div>\n            <div class=\"flex buttons\">\n                        <a \n    class=\"button blue  \" \n    href=\"https:\/\/aveso.fi\/sv\/kontaktinformation\/\"\n     \n>\n    <span>\n        Kontakta Oss\n    <\/span>\n<\/a>                        <\/div>\n    <\/div>\n<\/section>\n\n\n<section class=\"align wp-block-text-block\" style=\"\">\n  <div class=\"wrap  flex elements\">\n          \n      \n      \n              <div class=\"flex-item six content\">\n          <h2>St\u00f6der cirkul\u00e4r ekonomi<\/h2>\n<p>IFS Cloud\u2122-systemet st\u00f6der cirkul\u00e4r ekonomi genom att du kan hantera hela livscykeln f\u00f6r dina produkter, fr\u00e5n r\u00e5material till \u00e5teranv\u00e4ndning eller avfall. Med IFS Cloud\u2122 kan du effektivt hantera och minska livscykelkostnaderna f\u00f6r dina produkter, planera effektivt och minska ditt koldioxidavtryck.<\/p>\n\n                  <\/div>\n                \n              <div class=\"flex-item six image-container blue_hexagon\">\n                      <div class=\"image  original\">\n            <img decoding=\"async\" src=\"https:\/\/aveso.fi\/app\/uploads\/2024\/05\/circular-eco-amanufacturing.webp\" alt=\"\">\n          <\/div>\n                    <\/div>\n      \n      \n            <\/div>\n<\/section>\n\n\n<section class=\"align wp-block-text-block\" style=\"\">\n  <div class=\"wrap  flex elements\">\n          \n              <div class=\"flex-item six image-container purple_hexagon\">\n                      <div class=\"image  original\">\n            <img decoding=\"async\" src=\"https:\/\/aveso.fi\/app\/uploads\/2024\/05\/esg-web.webp\" alt=\"\">\n          <\/div>\n                    <\/div>\n      \n      \n                \n      \n      \n              <div class=\"flex-item six content\">\n          <h2>ESG-funktioner i produkten<\/h2>\n<p>IFS Cloud\u2122 inneh\u00e5ller ESG (Environmental, Social, Governance) strategist\u00f6djande lobbyer, verktyg och funktioner, vilket ger f\u00f6retagen en m\u00e5ngsidig plattform f\u00f6r att m\u00e4ta, \u00f6vervaka, proaktivt hantera och rapportera deras h\u00e5llbarhetsinitiativ. Med IFS Cloud\u2122 s\u00e4kerst\u00e4ller du att milj\u00f6-, sociala- och styrningsaspekter integreras i din aff\u00e4rsverksamhet, vilket fr\u00e4mjar ansvarsfulla och h\u00e5llbara aff\u00e4rsmetoder i hela organisationen.<\/p>\n\n                  <\/div>\n            <\/div>\n<\/section>\n\n\n<section class=\"align wp-block-text-block\" style=\"\">\n  <div class=\"wrap wrap-small one-child flex elements\">\n          \n      \n      \n              <div class=\"flex-item six content\">\n          <hr \/>\n<h1 style=\"text-align: center;\">Varf\u00f6r Aveso?<\/h1>\n<p>Vi \u00e4r en officiell IFS Channel Partner med l\u00e5ng erfarenhet och p\u00e5litlig expertis med IFS-system sedan b\u00f6rjan av 2000-talet. V\u00e5rt team hj\u00e4lper v\u00e5ra kunder att maximera f\u00f6rdelarna med IFS-systemet och att uppn\u00e5 deras digitaliserings- och aff\u00e4rsm\u00e5l. Vi st\u00f6der v\u00e5ra kunder under hela livscykeln f\u00f6r IFS aff\u00e4rssystem, fr\u00e5n initial analys till support och underh\u00e5ll.<\/p>\n<p><img loading=\"lazy\" decoding=\"async\" class=\"wp-image-349 size-medium aligncenter\" src=\"https:\/\/aveso.fi\/app\/uploads\/2024\/05\/ifs-partner-web-kuva-min-300x150.webp\" alt=\"\" width=\"300\" height=\"150\" srcset=\"https:\/\/aveso.fi\/app\/uploads\/2024\/05\/ifs-partner-web-kuva-min-300x150.webp 300w, https:\/\/aveso.fi\/app\/uploads\/2024\/05\/ifs-partner-web-kuva-min-768x384.webp 768w, https:\/\/aveso.fi\/app\/uploads\/2024\/05\/ifs-partner-web-kuva-min.webp 800w\" sizes=\"auto, (max-width: 300px) 100vw, 300px\" \/><\/p>\n\n                  <\/div>\n            <\/div>\n<\/section>\n\n\n<section class=\"align wp-block-logo-carousel\">\n    <div class=\"wrap wrap-small\">\n        <h2> \u00d6ver 25 IFS kunder <\/h2>\n        <div class=\"content\">\n            <p>Vi \u00e4r specialiserade p\u00e5 tillverkningsindustrin. N\u00e5gra av v\u00e5ra kunder:<\/p>\n\n        <\/div>\n        \n            <div class=\"container\">\n        <div class=\"flex visible\">\n                    <div class=\"flex-item fifth\">\n                <div class=\"logocontainer\">\n                    <div class=\"image \">\n                            <img decoding=\"async\" src=\"https:\/\/aveso.fi\/app\/uploads\/2024\/05\/logo-junttan-min.png\" alt=\"\" >\n            <\/div>\n                <\/div>\n            <\/div>\n                    <div class=\"flex-item fifth\">\n                <div class=\"logocontainer\">\n                    <div class=\"image \">\n                            <img decoding=\"async\" src=\"https:\/\/aveso.fi\/app\/uploads\/2024\/05\/elecster-weblogo-min.png\" alt=\"\" >\n            <\/div>\n                <\/div>\n            <\/div>\n                    <div class=\"flex-item fifth\">\n                <div class=\"logocontainer\">\n                    <div class=\"image \">\n                            <img decoding=\"async\" src=\"https:\/\/aveso.fi\/app\/uploads\/2024\/06\/stalatube_web_logo.png\" alt=\"\" >\n            <\/div>\n                <\/div>\n            <\/div>\n                    <div class=\"flex-item fifth\">\n                <div class=\"logocontainer\">\n                    <div class=\"image \">\n                            <img decoding=\"async\" src=\"https:\/\/aveso.fi\/app\/uploads\/2024\/05\/logo-polarteknik.png\" alt=\"\" >\n            <\/div>\n                <\/div>\n            <\/div>\n                    <div class=\"flex-item fifth\">\n                <div class=\"logocontainer\">\n                    <div class=\"image \">\n                            <img decoding=\"async\" src=\"https:\/\/aveso.fi\/app\/uploads\/2024\/05\/logo-pimatic.png\" alt=\"\" >\n            <\/div>\n                <\/div>\n            <\/div>\n                    <div class=\"flex-item fifth\">\n                <div class=\"logocontainer\">\n                    <div class=\"image \">\n                            <img decoding=\"async\" src=\"https:\/\/aveso.fi\/app\/uploads\/2024\/06\/Treston-logo_with-slogan_RGB-min-scaled.jpg\" alt=\"\" >\n            <\/div>\n                <\/div>\n            <\/div>\n                    <div class=\"flex-item fifth\">\n                <div class=\"logocontainer\">\n                    <div class=\"image \">\n                            <img decoding=\"async\" src=\"https:\/\/aveso.fi\/app\/uploads\/2024\/05\/thumbnail_Lappset_72ppi.png\" alt=\"\" >\n            <\/div>\n                <\/div>\n            <\/div>\n                    <div class=\"flex-item fifth\">\n                <div class=\"logocontainer\">\n                    <div class=\"image \">\n                            <img decoding=\"async\" src=\"https:\/\/aveso.fi\/app\/uploads\/2024\/05\/ata-logo-web-min.png\" alt=\"\" >\n            <\/div>\n                <\/div>\n            <\/div>\n                <\/div>\n            <\/div>\n<\/section>\n\n\n<section class=\"align wp-block-three-columns\" style=\"\">\n  <div class=\"wrap\">\n    <h2>Vi skapar v\u00e4rde under hela livscykeln av IFS ERP<\/h2>\n          <div class=\"flex columns\">\n                  <div class=\"flex-item four column\">\n                        <h3>Pre-Study<\/h3>\n            <div class=\"content\">\n              \n            <\/div>\n          <\/div>\n                  <div class=\"flex-item four column\">\n                        <h3>Konfigurationer<\/h3>\n            <div class=\"content\">\n              \n            <\/div>\n          <\/div>\n                  <div class=\"flex-item four column\">\n                        <h3>Genomf\u00f6rande<\/h3>\n            <div class=\"content\">\n              \n            <\/div>\n          <\/div>\n                  <div class=\"flex-item four column\">\n                        <h3>Kontinuerlig utveckling<\/h3>\n            <div class=\"content\">\n              \n            <\/div>\n          <\/div>\n                  <div class=\"flex-item four column\">\n                        <h3>Support och underh\u00e5ll<\/h3>\n            <div class=\"content\">\n              \n            <\/div>\n          <\/div>\n              <\/div>\n            <div class=\"flex buttons\">\n                        <a \n    class=\"button blue  \" \n    href=\"https:\/\/aveso.fi\/sv\/kontaktinformation\/\"\n     \n>\n    <span>\n        Kontakta Oss\n    <\/span>\n<\/a>                        <\/div>\n    <\/div>\n<\/section>\n\n\n<section class=\"align wp-block-posts-block\">\n    <div class=\"wrap wrap-large\">\n        <div class=\"flex  \">\n\n            <div class=\"flex-item six\">\n                <h2> Utforska Avesos referenser inom tillverkningsindustrin <\/h2>\n                <div>\n                    <p>Aveso har l\u00e5ng erfarenhet inom tillverkningsindustrin. Tillverkningsindustrin \u00e4r v\u00e5r k\u00e4rnkompetens. Utforska Avesos IFS ERP-projekt inom tillverkningsindustrin genom f\u00f6ljande referenser.<\/p>\n\n                <\/div>\n                                    <a \n    class=\"button blue  \" \n    href=\"https:\/\/aveso.fi\/referenssit\/asiakastarinat\/\"\n     \n>\n    <span>\n        L\u00e4s mer om v\u00e5ra referenser\n    <\/span>\n<\/a>                            <\/div>\n            <div class=\"flex-item six\">\n                <div class=\"flex postcontainer text-and-posts\">\n                                                                                                <div class=\"flex-item six post\">\n  <a class=\"post-link\" href=\"https:\/\/aveso.fi\/sv\/referenssit\/references\/referenssi\/case-junttan-junttan-upgrades-to-ifs-cloud-erp\/\">\n          <div class=\"image border-radius\">\n                            <img decoding=\"async\" src=\"https:\/\/aveso.fi\/app\/uploads\/2023\/10\/junttan-web-kuva-min.jpg\" alt=\" \" >\n            <\/div>\n        <div class=\"text\">\n      <div class=\"flex meta\">\n        <div class=\"category references\"><\/div>\n        <div class=\"date\">23.05.2024<\/div>\n      <\/div>\n      <div class=\"title\">\n        <h3>Case Junttan \u2013 Junttan Upgrades to IFS Cloud ERP<\/h3>\n      <\/div>\n    <\/div>\n    <div class=\"link arrow\"> Lue lis\u00e4\u00e4 <\/div>\n  <\/a>\n<\/div>\n                                                                                                        <div class=\"flex-item six post\">\n  <a class=\"post-link\" href=\"https:\/\/aveso.fi\/sv\/referenssit\/references\/referenssi\/case-elecster-elecster-updated-its-erp-system-to-ifs-cloud\/\">\n          <div class=\"image border-radius\">\n                            <img decoding=\"async\" src=\"https:\/\/aveso.fi\/app\/uploads\/2023\/03\/elecster-case-study-min.jpg\" alt=\" \" >\n            <\/div>\n        <div class=\"text\">\n      <div class=\"flex meta\">\n        <div class=\"category references\"><\/div>\n        <div class=\"date\">23.05.2024<\/div>\n      <\/div>\n      <div class=\"title\">\n        <h3>Case Elecster \u2013 Elecster updated its ERP system to IFS Cloud<\/h3>\n      <\/div>\n    <\/div>\n    <div class=\"link arrow\"> Lue lis\u00e4\u00e4 <\/div>\n  <\/a>\n<\/div>\n                                                                <\/div>\n            <\/div>\n        <\/div>\n    <\/div>\n<\/section>\n","protected":false},"featured_media":488,"parent":1439,"menu_order":0,"template":"","class_list":["post-1550","services","type-services","status-publish","has-post-thumbnail","hentry"],"acf":[],"yoast_head":"<!-- This site is optimized with the Yoast SEO plugin v27.5 - https:\/\/yoast.com\/product\/yoast-seo-wordpress\/ -->\n<title>IFS Cloud\u2122 f\u00f6r tillverkningsindustrin - Aveso Oy<\/title>\n<meta name=\"robots\" content=\"index, follow, max-snippet:-1, max-image-preview:large, max-video-preview:-1\" \/>\n<link rel=\"canonical\" href=\"https:\/\/aveso.fi\/sv\/palvelut\/ifs-erp\/ifs-cloud-for-tillverkningsindustrin\/\" \/>\n<meta property=\"og:locale\" content=\"sv_SE\" \/>\n<meta property=\"og:type\" content=\"article\" \/>\n<meta property=\"og:title\" content=\"IFS Cloud\u2122 f\u00f6r tillverkningsindustrin - Aveso Oy\" \/>\n<meta property=\"og:url\" content=\"https:\/\/aveso.fi\/sv\/palvelut\/ifs-erp\/ifs-cloud-for-tillverkningsindustrin\/\" \/>\n<meta property=\"og:site_name\" content=\"Aveso Oy\" \/>\n<meta property=\"article:modified_time\" content=\"2026-03-03T12:04:03+00:00\" \/>\n<meta property=\"og:image\" content=\"https:\/\/aveso.fi\/app\/uploads\/2024\/05\/manufacturing-central-banner-e1717504191413.webp\" \/>\n\t<meta property=\"og:image:width\" content=\"1140\" \/>\n\t<meta property=\"og:image:height\" content=\"800\" \/>\n\t<meta property=\"og:image:type\" content=\"image\/webp\" \/>\n<meta name=\"twitter:card\" content=\"summary_large_image\" \/>\n<meta name=\"twitter:label1\" content=\"Est. reading time\" \/>\n\t<meta name=\"twitter:data1\" content=\"1 minute\" \/>\n<script type=\"application\/ld+json\" class=\"yoast-schema-graph\">{\"@context\":\"https:\\\/\\\/schema.org\",\"@graph\":[{\"@type\":\"WebPage\",\"@id\":\"https:\\\/\\\/aveso.fi\\\/sv\\\/palvelut\\\/ifs-erp\\\/ifs-cloud-for-tillverkningsindustrin\\\/\",\"url\":\"https:\\\/\\\/aveso.fi\\\/sv\\\/palvelut\\\/ifs-erp\\\/ifs-cloud-for-tillverkningsindustrin\\\/\",\"name\":\"IFS Cloud\u2122 f\u00f6r tillverkningsindustrin - Aveso Oy\",\"isPartOf\":{\"@id\":\"https:\\\/\\\/aveso.fi\\\/sv\\\/#website\"},\"primaryImageOfPage\":{\"@id\":\"https:\\\/\\\/aveso.fi\\\/sv\\\/palvelut\\\/ifs-erp\\\/ifs-cloud-for-tillverkningsindustrin\\\/#primaryimage\"},\"image\":{\"@id\":\"https:\\\/\\\/aveso.fi\\\/sv\\\/palvelut\\\/ifs-erp\\\/ifs-cloud-for-tillverkningsindustrin\\\/#primaryimage\"},\"thumbnailUrl\":\"https:\\\/\\\/aveso.fi\\\/app\\\/uploads\\\/2024\\\/05\\\/manufacturing-central-banner-e1717504191413.webp\",\"datePublished\":\"2024-05-23T09:56:41+00:00\",\"dateModified\":\"2026-03-03T12:04:03+00:00\",\"breadcrumb\":{\"@id\":\"https:\\\/\\\/aveso.fi\\\/sv\\\/palvelut\\\/ifs-erp\\\/ifs-cloud-for-tillverkningsindustrin\\\/#breadcrumb\"},\"inLanguage\":\"sv-SE\",\"potentialAction\":[{\"@type\":\"ReadAction\",\"target\":[\"https:\\\/\\\/aveso.fi\\\/sv\\\/palvelut\\\/ifs-erp\\\/ifs-cloud-for-tillverkningsindustrin\\\/\"]}]},{\"@type\":\"ImageObject\",\"inLanguage\":\"sv-SE\",\"@id\":\"https:\\\/\\\/aveso.fi\\\/sv\\\/palvelut\\\/ifs-erp\\\/ifs-cloud-for-tillverkningsindustrin\\\/#primaryimage\",\"url\":\"https:\\\/\\\/aveso.fi\\\/app\\\/uploads\\\/2024\\\/05\\\/manufacturing-central-banner-e1717504191413.webp\",\"contentUrl\":\"https:\\\/\\\/aveso.fi\\\/app\\\/uploads\\\/2024\\\/05\\\/manufacturing-central-banner-e1717504191413.webp\",\"width\":1140,\"height\":800,\"caption\":\"IFS valmistava teollisuus lobby\"},{\"@type\":\"BreadcrumbList\",\"@id\":\"https:\\\/\\\/aveso.fi\\\/sv\\\/palvelut\\\/ifs-erp\\\/ifs-cloud-for-tillverkningsindustrin\\\/#breadcrumb\",\"itemListElement\":[{\"@type\":\"ListItem\",\"position\":1,\"name\":\"Etusivu\",\"item\":\"https:\\\/\\\/aveso.fi\\\/sv\\\/framsida\\\/\"},{\"@type\":\"ListItem\",\"position\":2,\"name\":\"IFS ERP\",\"item\":\"https:\\\/\\\/aveso.fi\\\/sv\\\/palvelut\\\/ifs-erp\\\/\"},{\"@type\":\"ListItem\",\"position\":3,\"name\":\"IFS Cloud\u2122 f\u00f6r tillverkningsindustrin\"}]},{\"@type\":\"WebSite\",\"@id\":\"https:\\\/\\\/aveso.fi\\\/sv\\\/#website\",\"url\":\"https:\\\/\\\/aveso.fi\\\/sv\\\/\",\"name\":\"Aveso Oy\",\"description\":\"ERP-j\u00e4rjestelm\u00e4t, integraatiot ja tiedonhallintaratkaisut datavetoisille yrityksille\",\"publisher\":{\"@id\":\"https:\\\/\\\/aveso.fi\\\/sv\\\/#organization\"},\"potentialAction\":[{\"@type\":\"SearchAction\",\"target\":{\"@type\":\"EntryPoint\",\"urlTemplate\":\"https:\\\/\\\/aveso.fi\\\/sv\\\/?s={search_term_string}\"},\"query-input\":{\"@type\":\"PropertyValueSpecification\",\"valueRequired\":true,\"valueName\":\"search_term_string\"}}],\"inLanguage\":\"sv-SE\"},{\"@type\":\"Organization\",\"@id\":\"https:\\\/\\\/aveso.fi\\\/sv\\\/#organization\",\"name\":\"Aveso Oy\",\"url\":\"https:\\\/\\\/aveso.fi\\\/sv\\\/\",\"logo\":{\"@type\":\"ImageObject\",\"inLanguage\":\"sv-SE\",\"@id\":\"https:\\\/\\\/aveso.fi\\\/sv\\\/#\\\/schema\\\/logo\\\/image\\\/\",\"url\":\"https:\\\/\\\/aveso.fi\\\/app\\\/uploads\\\/2024\\\/05\\\/aveso-logo.png\",\"contentUrl\":\"https:\\\/\\\/aveso.fi\\\/app\\\/uploads\\\/2024\\\/05\\\/aveso-logo.png\",\"width\":1632,\"height\":552,\"caption\":\"Aveso Oy\"},\"image\":{\"@id\":\"https:\\\/\\\/aveso.fi\\\/sv\\\/#\\\/schema\\\/logo\\\/image\\\/\"},\"sameAs\":[\"https:\\\/\\\/www.linkedin.com\\\/company\\\/aveso-oy\\\/\"]}]}<\/script>\n<!-- \/ Yoast SEO plugin. -->","yoast_head_json":{"title":"IFS Cloud\u2122 f\u00f6r tillverkningsindustrin - Aveso Oy","robots":{"index":"index","follow":"follow","max-snippet":"max-snippet:-1","max-image-preview":"max-image-preview:large","max-video-preview":"max-video-preview:-1"},"canonical":"https:\/\/aveso.fi\/sv\/palvelut\/ifs-erp\/ifs-cloud-for-tillverkningsindustrin\/","og_locale":"sv_SE","og_type":"article","og_title":"IFS Cloud\u2122 f\u00f6r tillverkningsindustrin - Aveso Oy","og_url":"https:\/\/aveso.fi\/sv\/palvelut\/ifs-erp\/ifs-cloud-for-tillverkningsindustrin\/","og_site_name":"Aveso Oy","article_modified_time":"2026-03-03T12:04:03+00:00","og_image":[{"width":1140,"height":800,"url":"https:\/\/aveso.fi\/app\/uploads\/2024\/05\/manufacturing-central-banner-e1717504191413.webp","type":"image\/webp"}],"twitter_card":"summary_large_image","twitter_misc":{"Est. reading time":"1 minute"},"schema":{"@context":"https:\/\/schema.org","@graph":[{"@type":"WebPage","@id":"https:\/\/aveso.fi\/sv\/palvelut\/ifs-erp\/ifs-cloud-for-tillverkningsindustrin\/","url":"https:\/\/aveso.fi\/sv\/palvelut\/ifs-erp\/ifs-cloud-for-tillverkningsindustrin\/","name":"IFS Cloud\u2122 f\u00f6r tillverkningsindustrin - Aveso Oy","isPartOf":{"@id":"https:\/\/aveso.fi\/sv\/#website"},"primaryImageOfPage":{"@id":"https:\/\/aveso.fi\/sv\/palvelut\/ifs-erp\/ifs-cloud-for-tillverkningsindustrin\/#primaryimage"},"image":{"@id":"https:\/\/aveso.fi\/sv\/palvelut\/ifs-erp\/ifs-cloud-for-tillverkningsindustrin\/#primaryimage"},"thumbnailUrl":"https:\/\/aveso.fi\/app\/uploads\/2024\/05\/manufacturing-central-banner-e1717504191413.webp","datePublished":"2024-05-23T09:56:41+00:00","dateModified":"2026-03-03T12:04:03+00:00","breadcrumb":{"@id":"https:\/\/aveso.fi\/sv\/palvelut\/ifs-erp\/ifs-cloud-for-tillverkningsindustrin\/#breadcrumb"},"inLanguage":"sv-SE","potentialAction":[{"@type":"ReadAction","target":["https:\/\/aveso.fi\/sv\/palvelut\/ifs-erp\/ifs-cloud-for-tillverkningsindustrin\/"]}]},{"@type":"ImageObject","inLanguage":"sv-SE","@id":"https:\/\/aveso.fi\/sv\/palvelut\/ifs-erp\/ifs-cloud-for-tillverkningsindustrin\/#primaryimage","url":"https:\/\/aveso.fi\/app\/uploads\/2024\/05\/manufacturing-central-banner-e1717504191413.webp","contentUrl":"https:\/\/aveso.fi\/app\/uploads\/2024\/05\/manufacturing-central-banner-e1717504191413.webp","width":1140,"height":800,"caption":"IFS valmistava teollisuus lobby"},{"@type":"BreadcrumbList","@id":"https:\/\/aveso.fi\/sv\/palvelut\/ifs-erp\/ifs-cloud-for-tillverkningsindustrin\/#breadcrumb","itemListElement":[{"@type":"ListItem","position":1,"name":"Etusivu","item":"https:\/\/aveso.fi\/sv\/framsida\/"},{"@type":"ListItem","position":2,"name":"IFS ERP","item":"https:\/\/aveso.fi\/sv\/palvelut\/ifs-erp\/"},{"@type":"ListItem","position":3,"name":"IFS Cloud\u2122 f\u00f6r tillverkningsindustrin"}]},{"@type":"WebSite","@id":"https:\/\/aveso.fi\/sv\/#website","url":"https:\/\/aveso.fi\/sv\/","name":"Aveso Oy","description":"ERP-j\u00e4rjestelm\u00e4t, integraatiot ja tiedonhallintaratkaisut datavetoisille yrityksille","publisher":{"@id":"https:\/\/aveso.fi\/sv\/#organization"},"potentialAction":[{"@type":"SearchAction","target":{"@type":"EntryPoint","urlTemplate":"https:\/\/aveso.fi\/sv\/?s={search_term_string}"},"query-input":{"@type":"PropertyValueSpecification","valueRequired":true,"valueName":"search_term_string"}}],"inLanguage":"sv-SE"},{"@type":"Organization","@id":"https:\/\/aveso.fi\/sv\/#organization","name":"Aveso Oy","url":"https:\/\/aveso.fi\/sv\/","logo":{"@type":"ImageObject","inLanguage":"sv-SE","@id":"https:\/\/aveso.fi\/sv\/#\/schema\/logo\/image\/","url":"https:\/\/aveso.fi\/app\/uploads\/2024\/05\/aveso-logo.png","contentUrl":"https:\/\/aveso.fi\/app\/uploads\/2024\/05\/aveso-logo.png","width":1632,"height":552,"caption":"Aveso Oy"},"image":{"@id":"https:\/\/aveso.fi\/sv\/#\/schema\/logo\/image\/"},"sameAs":["https:\/\/www.linkedin.com\/company\/aveso-oy\/"]}]}},"_links":{"self":[{"href":"https:\/\/aveso.fi\/sv\/wp-json\/wp\/v2\/services\/1550","targetHints":{"allow":["GET"]}}],"collection":[{"href":"https:\/\/aveso.fi\/sv\/wp-json\/wp\/v2\/services"}],"about":[{"href":"https:\/\/aveso.fi\/sv\/wp-json\/wp\/v2\/types\/services"}],"up":[{"embeddable":true,"href":"https:\/\/aveso.fi\/sv\/wp-json\/wp\/v2\/services\/1439"}],"wp:featuredmedia":[{"embeddable":true,"href":"https:\/\/aveso.fi\/sv\/wp-json\/wp\/v2\/media\/488"}],"wp:attachment":[{"href":"https:\/\/aveso.fi\/sv\/wp-json\/wp\/v2\/media?parent=1550"}],"curies":[{"name":"wp","href":"https:\/\/api.w.org\/{rel}","templated":true}]}}