{"id":1551,"date":"2024-06-04T11:15:51","date_gmt":"2024-06-04T11:15:51","guid":{"rendered":"https:\/\/aveso.fi\/?post_type=services&#038;p=1551"},"modified":"2026-03-03T12:04:20","modified_gmt":"2026-03-03T12:04:20","slug":"ifs-cloud-implementeringar-och-uppgraderingar","status":"publish","type":"services","link":"https:\/\/aveso.fi\/sv\/palvelut\/ifs-erp\/ifs-cloud-implementeringar-och-uppgraderingar\/","title":{"rendered":"IFS Cloud\u2122 implementeringar och uppgraderingar"},"content":{"rendered":"<section class=\"align wp-block-page-banner purple hexagon \" style=\"\">\n  <div class=\"wrap wrap-large\">\n    <div class=\"background flex has-background\" style=\"background-image: url(https:\/\/aveso.fi\/app\/uploads\/2024\/05\/unsplash_m2pxgGc1Yas-1024x756.png)\">\n      <div class=\"flex-item six content\" style=\"background-image: url()\">\n          <div class=\"flex flex-grow flex-col max-w-full\">\n<div class=\"min-h-[20px] text-message flex flex-col items-start whitespace-pre-wrap break-words [.text-message+&amp;]:mt-5 juice:w-full juice:items-end overflow-x-auto gap-2\" dir=\"auto\" data-message-author-role=\"assistant\" data-message-id=\"197c3a48-dbcd-4cfe-b7ff-86f8d531e721\">\n<div class=\"flex w-full flex-col gap-1 juice:empty:hidden juice:first:pt-[3px]\">\n<div class=\"markdown prose w-full break-words dark:prose-invert light\">\n<h2>IFS Cloud\u2122 implementeringar och uppgraderingar<\/h2>\n<p id=\"tw-target-text\" class=\"tw-data-text tw-text-large tw-ta\" dir=\"ltr\" data-placeholder=\"K\u00e4\u00e4nn\u00f6s\" aria-label=\"K\u00e4\u00e4nnetty teksti\" data-ved=\"2ahUKEwjHzpv3gfSGAxV6PhAIHTf7DXwQ3ewLegQIDBAU\"><span class=\"Y2IQFc\" lang=\"sv\">Som officiell IFS Channel Partner kan vi implementera f\u00f6r dig den senaste IFS ERP-versionen (IFS Cloud\u2122) , som integrerar EAM (Enterprise Asset Management), FSM (Field Service Management) och ERP-l\u00f6sningar i en omfattande plattform. Kontakta oss och g\u00e5 till IFS Cloud\u2122 med oss!<\/span><\/p>\n<\/div>\n<\/div>\n<\/div>\n<\/div>\n\n                              <div class=\"flex buttons \">\n                                              <a \n    class=\"button purple outline \" \n    href=\"https:\/\/aveso.fi\/sv\/palvelut\/ifs-erp\/\"\n     \n>\n    <span>\n        Vad \u00e4r IFS Cloud\u2122?\n    <\/span>\n<\/a>                                                              <a \n    class=\"button blue outline \" \n    href=\"https:\/\/aveso.fi\/sv\/kontaktinformation\/\"\n     \n>\n    <span>\n        Kontakta Oss\n    <\/span>\n<\/a>                                      <\/div>\n                <\/div>\n              <div class=\"flex-item six image-container\">\n          <div class=\"image hexagon-mask\">\n            <img decoding=\"async\" src=\"https:\/\/aveso.fi\/app\/uploads\/2024\/06\/ifs-timo-web-768x513.webp\" >\n          <\/div>\n        <\/div>\n          <\/div>\n  <\/div>\n<\/section>\n\n\n<section class=\"align wp-block-text-block\" style=\"\">\n  <div class=\"wrap  flex elements\">\n          \n              <div class=\"flex-item six image-container purple_hexagon\">\n                      <div class=\"image border-radius original\">\n            <img decoding=\"async\" src=\"https:\/\/aveso.fi\/app\/uploads\/2024\/06\/ifs-mobile-aurena-web.webp\" alt=\"\">\n          <\/div>\n                    <\/div>\n      \n      \n                \n      \n      \n              <div class=\"flex-item six content\">\n          <h2 id=\"tw-target-text\" class=\"tw-data-text tw-text-large tw-ta\" dir=\"ltr\" data-placeholder=\"K\u00e4\u00e4nn\u00f6s\" aria-label=\"K\u00e4\u00e4nnetty teksti\" data-ved=\"2ahUKEwjHzpv3gfSGAxV6PhAIHTf7DXwQ3ewLegQIDBAU\"><span class=\"Y2IQFc\" lang=\"sv\">N\u00e4rmar din nuvarande version av IFS Applications\u2122 slutet av st\u00f6dperioden? G\u00e5 till IFS Cloud\u2122 med oss!<\/span><\/h2>\n<p id=\"tw-target-text\" class=\"tw-data-text tw-text-large tw-ta\" dir=\"ltr\" data-placeholder=\"K\u00e4\u00e4nn\u00f6s\" aria-label=\"K\u00e4\u00e4nnetty teksti\" data-ved=\"2ahUKEwjHzpv3gfSGAxV6PhAIHTf7DXwQ3ewLegQIDBAU\"><span class=\"Y2IQFc\" lang=\"sv\">\u00c4ven de senaste versionerna av IFS Applications\u2122 kommer sm\u00e5ningom att n\u00e5 slutet av st\u00f6dperioden, vilket f\u00e5r m\u00e5nga f\u00f6retag att planera sin \u00f6verg\u00e5ng till IFS Cloud\u2122. Som officiell IFS-implementeringspartner \u00e4r vi specialiserade p\u00e5 IFS Cloud\u2122-uppgraderingsprojekt och har framg\u00e5ngsrikt genomf\u00f6rt flera s\u00e5dana \u00f6verg\u00e5ngar. Kontakta oss f\u00f6r att diskutera hur vi kan hj\u00e4lpa till med att planera och genomf\u00f6ra ditt uppgraderingsprojekt till IFS Cloud\u2122.<\/span><\/p>\n\n                    <div class=\"has-btn \">\n            <a \n    class=\"button  outline \" \n    href=\"https:\/\/aveso.fi\/sv\/kontaktinformation\/\"\n     \n>\n    <span>\n        Kontakta Oss\n    <\/span>\n<\/a>          <\/div>\n                  <\/div>\n            <\/div>\n<\/section>\n\n\n<section class=\"align wp-block-text-block\" style=\"\">\n  <div class=\"wrap  flex elements\">\n          \n      \n      \n              <div class=\"flex-item six content\">\n          <h2 id=\"tw-target-text\" class=\"tw-data-text tw-text-large tw-ta\" dir=\"ltr\" data-placeholder=\"K\u00e4\u00e4nn\u00f6s\" aria-label=\"K\u00e4\u00e4nnetty teksti\" data-ved=\"2ahUKEwjHzpv3gfSGAxV6PhAIHTf7DXwQ3ewLegQIDBAU\"><span class=\"Y2IQFc\" lang=\"sv\">Din helt\u00e4ckande nordiska IFS Channel Partner<\/span><\/h2>\n<p id=\"tw-target-text\" class=\"tw-data-text tw-text-large tw-ta\" dir=\"ltr\" data-placeholder=\"K\u00e4\u00e4nn\u00f6s\" aria-label=\"K\u00e4\u00e4nnetty teksti\" data-ved=\"2ahUKEwjHzpv3gfSGAxV6PhAIHTf7DXwQ3ewLegQIDBAU\"><span class=\"Y2IQFc\" lang=\"sv\">Som ett officiellt IFS Channel Partner-f\u00f6retag \u00e4r vi auktoriserad IFS-\u00e5terf\u00f6rs\u00e4ljare och implementeringspartner. Vi har l\u00e5ng erfarenhet av att implementera IFS systemimplementeringsprojekt. F\u00f6rutom implementeringsprojekt fungerar vi som en helt\u00e4ckande partner till v\u00e5ra kunder under hela livscykeln f\u00f6r IFS ERP, fr\u00e5n initial analys till implementering, utveckling, utbildning och l\u00f6pande support och underh\u00e5ll. V\u00e5r st\u00f6rsta styrka ligger i v\u00e5r IFS-erfarenhet och breda tj\u00e4nsteportf\u00f6lj, som s\u00e4kerst\u00e4ller att v\u00e5ra kunder f\u00e5r alla n\u00f6dv\u00e4ndiga tj\u00e4nster f\u00f6r IFS ERP-anv\u00e4ndning och underh\u00e5ll.<\/span><\/p>\n<p><img loading=\"lazy\" decoding=\"async\" class=\"alignleft size-medium wp-image-348\" src=\"https:\/\/aveso.fi\/app\/uploads\/2024\/05\/ifs-partner-web-kuva-min-300x150.webp\" alt=\"\" width=\"300\" height=\"150\" srcset=\"https:\/\/aveso.fi\/app\/uploads\/2024\/05\/ifs-partner-web-kuva-min-300x150.webp 300w, https:\/\/aveso.fi\/app\/uploads\/2024\/05\/ifs-partner-web-kuva-min-768x384.webp 768w, https:\/\/aveso.fi\/app\/uploads\/2024\/05\/ifs-partner-web-kuva-min.webp 800w\" sizes=\"auto, (max-width: 300px) 100vw, 300px\" \/><\/p>\n\n                  <\/div>\n                \n              <div class=\"flex-item six image-container blue_hexagon\">\n                      <div class=\"image border-radius original\">\n            <img decoding=\"async\" src=\"https:\/\/aveso.fi\/app\/uploads\/2024\/06\/ppt-ifs-modules-bg-e1718347628200.webp\" alt=\"\">\n          <\/div>\n                    <\/div>\n      \n      \n            <\/div>\n<\/section>\n\n\n<section class=\"align wp-block-three-columns\" style=\"\">\n  <div class=\"wrap\">\n    <h2>IFS Cloud\u2122 implementeringar och uppgraderingar med Aveso<\/h2>\n          <div class=\"flex columns\">\n                  <div class=\"flex-item four column\">\n                        <h3>Pre-Study<\/h3>\n            <div class=\"content\">\n              \n            <\/div>\n          <\/div>\n                  <div class=\"flex-item four column\">\n                        <h3>Konfigurationer<\/h3>\n            <div class=\"content\">\n              \n            <\/div>\n          <\/div>\n                  <div class=\"flex-item four column\">\n                        <h3>Genomf\u00f6rande<\/h3>\n            <div class=\"content\">\n              \n            <\/div>\n          <\/div>\n                  <div class=\"flex-item four column\">\n                        <h3>Kontinuerlig utveckling<\/h3>\n            <div class=\"content\">\n              \n            <\/div>\n          <\/div>\n                  <div class=\"flex-item four column\">\n                        <h3>Support och underh\u00e5ll<\/h3>\n            <div class=\"content\">\n              \n            <\/div>\n          <\/div>\n              <\/div>\n            <div class=\"flex buttons\">\n                            <\/div>\n    <\/div>\n<\/section>\n\n\n<section class=\"align wp-block-logo-carousel\">\n    <div class=\"wrap wrap-small\">\n        <h2> \u00d6ver 25 IFS kunder <\/h2>\n        <div class=\"content\">\n            \n        <\/div>\n                    <a href=\"https:\/\/aveso.fi\/referenssit\/asiakastarinat\/referenssi\/referenssi\/\"> Alla referenser <i class=\"fa-solid fa-arrow-right\"><\/i> <\/a>\n        \n            <div class=\"container\">\n        <div class=\"flex visible\">\n                    <div class=\"flex-item fifth\">\n                <div class=\"logocontainer\">\n                    <div class=\"image \">\n                            <img decoding=\"async\" src=\"https:\/\/aveso.fi\/app\/uploads\/2024\/06\/stalatube_web_logo.png\" alt=\"\" >\n            <\/div>\n                <\/div>\n            <\/div>\n                    <div class=\"flex-item fifth\">\n                <div class=\"logocontainer\">\n                    <div class=\"image \">\n                            <img decoding=\"async\" src=\"https:\/\/aveso.fi\/app\/uploads\/2024\/05\/pori-energia-logo.png\" alt=\"\" >\n            <\/div>\n                <\/div>\n            <\/div>\n                    <div class=\"flex-item fifth\">\n                <div class=\"logocontainer\">\n                    <div class=\"image \">\n                            <img decoding=\"async\" src=\"https:\/\/aveso.fi\/app\/uploads\/2024\/05\/logo-polarteknik.png\" alt=\"\" >\n            <\/div>\n                <\/div>\n            <\/div>\n                    <div class=\"flex-item fifth\">\n                <div class=\"logocontainer\">\n                    <div class=\"image \">\n                            <img decoding=\"async\" src=\"https:\/\/aveso.fi\/app\/uploads\/2024\/05\/elecster-weblogo-min.png\" alt=\"\" >\n            <\/div>\n                <\/div>\n            <\/div>\n                    <div class=\"flex-item fifth\">\n                <div class=\"logocontainer\">\n                    <div class=\"image \">\n                            <img decoding=\"async\" src=\"https:\/\/aveso.fi\/app\/uploads\/2024\/05\/ata-logo-web-min.png\" alt=\"\" >\n            <\/div>\n                <\/div>\n            <\/div>\n                    <div class=\"flex-item fifth\">\n                <div class=\"logocontainer\">\n                    <div class=\"image \">\n                            <img decoding=\"async\" src=\"https:\/\/aveso.fi\/app\/uploads\/2024\/05\/logo-pimatic.png\" alt=\"\" >\n            <\/div>\n                <\/div>\n            <\/div>\n                    <div class=\"flex-item fifth\">\n                <div class=\"logocontainer\">\n                    <div class=\"image \">\n                            <img decoding=\"async\" src=\"https:\/\/aveso.fi\/app\/uploads\/2024\/05\/logo-junttan-min.png\" alt=\"\" >\n            <\/div>\n                <\/div>\n            <\/div>\n                    <div class=\"flex-item fifth\">\n                <div class=\"logocontainer\">\n                    <div class=\"image \">\n                            <img decoding=\"async\" src=\"https:\/\/aveso.fi\/app\/uploads\/2024\/05\/thumbnail_Lappset_300ppi.png\" alt=\"\" >\n            <\/div>\n                <\/div>\n            <\/div>\n                    <div class=\"flex-item fifth\">\n                <div class=\"logocontainer\">\n                    <div class=\"image \">\n                            <img decoding=\"async\" src=\"https:\/\/aveso.fi\/app\/uploads\/2024\/06\/veo_logo_web.png\" alt=\"\" >\n            <\/div>\n                <\/div>\n            <\/div>\n                    <div class=\"flex-item fifth\">\n                <div class=\"logocontainer\">\n                    <div class=\"image \">\n                            <img decoding=\"async\" src=\"https:\/\/aveso.fi\/app\/uploads\/2024\/06\/Treston-logo_with-slogan_RGB-min-scaled.jpg\" alt=\"\" >\n            <\/div>\n                <\/div>\n            <\/div>\n                <\/div>\n            <\/div>\n<\/section>\n\n\n<section class=\"align wp-block-posts-block\">\n    <div class=\"wrap wrap-large\">\n        <h2 class=\"styled\">  V\u00e5ra senaste IFS Cloud\u2122 implementeringsprojekt <\/h2>\n        <div class=\"flex  styled\">\n\n        <div class=\"flex-item five postlift\">\n                                            <div class=\"flex-item twelve post\">\n  <a class=\"post-link\" href=\"https:\/\/aveso.fi\/sv\/referenssit\/references\/referenssi\/case-junttan-junttan-upgrades-to-ifs-cloud-erp\/\">\n          <div class=\"image border-radius\">\n                            <img decoding=\"async\" src=\"https:\/\/aveso.fi\/app\/uploads\/2023\/10\/junttan-web-kuva-min.jpg\" alt=\" \" >\n            <\/div>\n        <div class=\"text\">\n      <div class=\"flex meta\">\n        <div class=\"category references\"><\/div>\n        <div class=\"date\">04.06.2024<\/div>\n      <\/div>\n      <div class=\"title\">\n        <h3>Case Junttan \u2013 Junttan Upgrades to IFS Cloud ERP<\/h3>\n      <\/div>\n        <div class=\"excerpt\">\n            Junttan Oy, a provider of high-tech hydraulic piling equipment for global markets, has updated its ERP system to IFS Cloud. The collaboration between Aveso and&#8230;\n           <\/div>\n    <\/div>\n    <div class=\"link arrow\"> Lue lis\u00e4\u00e4 <\/div>\n  <\/a>\n<\/div>\n                    <\/div>\n        <div class=\"flex-item seven\">\n            <div class=\"flex postcontainer\">\n                                                                <div class=\"flex-item six post\">\n  <a class=\"post-link\" href=\"https:\/\/aveso.fi\/sv\/referenssit\/references\/referenssi\/case-pori-energia-pori-energia-streamlines-its-erp-processes-by-implementing-ifs-cloud-system\/\">\n          <div class=\"image border-radius\">\n                            <img decoding=\"async\" src=\"https:\/\/aveso.fi\/app\/uploads\/2023\/06\/asiakastarina-pori-min.png\" alt=\" \" >\n            <\/div>\n        <div class=\"text\">\n      <div class=\"flex meta\">\n        <div class=\"category references\"><\/div>\n        <div class=\"date\">04.06.2024<\/div>\n      <\/div>\n      <div class=\"title\">\n        <h3>Case Pori Energia &#8211; Pori Energia streamlines its ERP processes by implementing IFS Cloud system<\/h3>\n      <\/div>\n    <\/div>\n    <div class=\"link arrow\"> Lue lis\u00e4\u00e4 <\/div>\n  <\/a>\n<\/div>\n                                                                                <div class=\"flex-item six post\">\n  <a class=\"post-link\" href=\"https:\/\/aveso.fi\/sv\/referenssit\/references\/referenssi\/case-elecster-elecster-updated-its-erp-system-to-ifs-cloud\/\">\n          <div class=\"image border-radius\">\n                            <img decoding=\"async\" src=\"https:\/\/aveso.fi\/app\/uploads\/2023\/03\/elecster-case-study-min.jpg\" alt=\" \" >\n            <\/div>\n        <div class=\"text\">\n      <div class=\"flex meta\">\n        <div class=\"category references\"><\/div>\n        <div class=\"date\">04.06.2024<\/div>\n      <\/div>\n      <div class=\"title\">\n        <h3>Case Elecster \u2013 Elecster updated its ERP system to IFS Cloud<\/h3>\n      <\/div>\n    <\/div>\n    <div class=\"link arrow\"> Lue lis\u00e4\u00e4 <\/div>\n  <\/a>\n<\/div>\n                                        <\/div>\n                <\/div>\n        <\/div>\n    <\/div>\n<\/section>\n\n\n<section class=\"align wp-block-contact-form\">\n    <div class=\"wrap wrap-large\">\n        <div class=\"content\">\n            <div class=\"text\">\n                <div class=\"textcontainer\">\n                    <h2> Kontakta Oss <\/h2>\n                    <div>\n                        <p>Tveka inte att kontakta oss. Skicka din f\u00f6rfr\u00e5gan till oss, l\u00e4mna dina kontaktuppgifter s\u00e5 kan vi tillsammans se hur vi kan g\u00e5 till IFS Cloud\u2122 tillsammans.<\/p>\n\n                    <\/div>\n\n                    <div class=\"contact-information\">\n                                <div class=\"person\">\n    <div class=\"flex\">\n        <div class=\"flex-item six has-image\">\n            <div class=\"image border-radius\">\n                            <img decoding=\"async\" src=\"https:\/\/aveso.fi\/app\/uploads\/2024\/05\/vesa-kuva-large.webp\" alt=\"\" >\n            <\/div>\n        <\/div>\n        <div class=\"flex-item six\">\n            <div class=\"person-information\">\n                            <h3 class=\"title\"> Sales Director <\/h3>\n                                        <div class=\"name\"> Vesa Ohlsson <\/div>\n                                                    <div class=\"email\">\n                    <a class=\"flex\" href=\"mailto:vesa.ohlsson@aveso.fi\">\n                        <span class=\"icon\">\n                            <i class=\"fa-solid fa-envelope\"><\/i>\n                        <\/span>\n                        vesa.ohlsson@aveso.fi\n                    <\/a>\n                <\/div>\n                                        <div class=\"linkedin\">\n                    <a class=\"flex\"  href=\"https:\/\/www.linkedin.com\/in\/vesa-ohlsson\/\">\n                        <span class=\"icon\">\n                            <i class=\"fa-brands fa-linkedin-in\"><\/i>\n                        <\/span>\n                        LinkedIn\n                    <\/a>\n                <\/div>\n                        <\/div>\n        <\/div>\n    <\/div>\n<\/div>\n                                <\/div>\n                <\/div>\n            <\/div>\n            <p class=\"wpcf7-contact-form-not-found\"><strong>Error:<\/strong> Contact form not found.<\/p>\n        <\/div>\n    <\/div>\n<\/section>\n","protected":false},"featured_media":3210,"parent":1439,"menu_order":0,"template":"","class_list":["post-1551","services","type-services","status-publish","has-post-thumbnail","hentry"],"acf":[],"yoast_head":"<!-- This site is optimized with the Yoast SEO plugin v27.5 - https:\/\/yoast.com\/product\/yoast-seo-wordpress\/ -->\n<title>IFS Cloud\u2122 implementeringar och uppgraderingar - Aveso Oy<\/title>\n<meta name=\"robots\" content=\"index, follow, max-snippet:-1, max-image-preview:large, max-video-preview:-1\" \/>\n<link rel=\"canonical\" href=\"https:\/\/aveso.fi\/sv\/palvelut\/ifs-erp\/ifs-cloud-implementeringar-och-uppgraderingar\/\" \/>\n<meta property=\"og:locale\" content=\"sv_SE\" \/>\n<meta property=\"og:type\" content=\"article\" \/>\n<meta property=\"og:title\" content=\"IFS Cloud\u2122 implementeringar och uppgraderingar - Aveso Oy\" \/>\n<meta property=\"og:url\" content=\"https:\/\/aveso.fi\/sv\/palvelut\/ifs-erp\/ifs-cloud-implementeringar-och-uppgraderingar\/\" \/>\n<meta property=\"og:site_name\" content=\"Aveso Oy\" \/>\n<meta property=\"article:modified_time\" content=\"2026-03-03T12:04:20+00:00\" \/>\n<meta property=\"og:image\" content=\"https:\/\/aveso.fi\/app\/uploads\/2024\/05\/aveso_asiakaspaivat.webp\" \/>\n\t<meta property=\"og:image:width\" content=\"896\" \/>\n\t<meta property=\"og:image:height\" content=\"598\" \/>\n\t<meta property=\"og:image:type\" content=\"image\/webp\" \/>\n<meta name=\"twitter:card\" content=\"summary_large_image\" \/>\n<meta name=\"twitter:label1\" content=\"Est. reading time\" \/>\n\t<meta name=\"twitter:data1\" content=\"1 minute\" \/>\n<script type=\"application\/ld+json\" class=\"yoast-schema-graph\">{\"@context\":\"https:\\\/\\\/schema.org\",\"@graph\":[{\"@type\":\"WebPage\",\"@id\":\"https:\\\/\\\/aveso.fi\\\/sv\\\/palvelut\\\/ifs-erp\\\/ifs-cloud-implementeringar-och-uppgraderingar\\\/\",\"url\":\"https:\\\/\\\/aveso.fi\\\/sv\\\/palvelut\\\/ifs-erp\\\/ifs-cloud-implementeringar-och-uppgraderingar\\\/\",\"name\":\"IFS Cloud\u2122 implementeringar och uppgraderingar - Aveso Oy\",\"isPartOf\":{\"@id\":\"https:\\\/\\\/aveso.fi\\\/sv\\\/#website\"},\"primaryImageOfPage\":{\"@id\":\"https:\\\/\\\/aveso.fi\\\/sv\\\/palvelut\\\/ifs-erp\\\/ifs-cloud-implementeringar-och-uppgraderingar\\\/#primaryimage\"},\"image\":{\"@id\":\"https:\\\/\\\/aveso.fi\\\/sv\\\/palvelut\\\/ifs-erp\\\/ifs-cloud-implementeringar-och-uppgraderingar\\\/#primaryimage\"},\"thumbnailUrl\":\"https:\\\/\\\/aveso.fi\\\/app\\\/uploads\\\/2025\\\/11\\\/ifs-erp-konsultti-haku.webp\",\"datePublished\":\"2024-06-04T11:15:51+00:00\",\"dateModified\":\"2026-03-03T12:04:20+00:00\",\"breadcrumb\":{\"@id\":\"https:\\\/\\\/aveso.fi\\\/sv\\\/palvelut\\\/ifs-erp\\\/ifs-cloud-implementeringar-och-uppgraderingar\\\/#breadcrumb\"},\"inLanguage\":\"sv-SE\",\"potentialAction\":[{\"@type\":\"ReadAction\",\"target\":[\"https:\\\/\\\/aveso.fi\\\/sv\\\/palvelut\\\/ifs-erp\\\/ifs-cloud-implementeringar-och-uppgraderingar\\\/\"]}]},{\"@type\":\"ImageObject\",\"inLanguage\":\"sv-SE\",\"@id\":\"https:\\\/\\\/aveso.fi\\\/sv\\\/palvelut\\\/ifs-erp\\\/ifs-cloud-implementeringar-och-uppgraderingar\\\/#primaryimage\",\"url\":\"https:\\\/\\\/aveso.fi\\\/app\\\/uploads\\\/2025\\\/11\\\/ifs-erp-konsultti-haku.webp\",\"contentUrl\":\"https:\\\/\\\/aveso.fi\\\/app\\\/uploads\\\/2025\\\/11\\\/ifs-erp-konsultti-haku.webp\",\"width\":920,\"height\":460,\"caption\":\"erp-konsultti-haku\"},{\"@type\":\"BreadcrumbList\",\"@id\":\"https:\\\/\\\/aveso.fi\\\/sv\\\/palvelut\\\/ifs-erp\\\/ifs-cloud-implementeringar-och-uppgraderingar\\\/#breadcrumb\",\"itemListElement\":[{\"@type\":\"ListItem\",\"position\":1,\"name\":\"Etusivu\",\"item\":\"https:\\\/\\\/aveso.fi\\\/sv\\\/framsida\\\/\"},{\"@type\":\"ListItem\",\"position\":2,\"name\":\"IFS ERP\",\"item\":\"https:\\\/\\\/aveso.fi\\\/sv\\\/palvelut\\\/ifs-erp\\\/\"},{\"@type\":\"ListItem\",\"position\":3,\"name\":\"IFS Cloud\u2122 implementeringar och uppgraderingar\"}]},{\"@type\":\"WebSite\",\"@id\":\"https:\\\/\\\/aveso.fi\\\/sv\\\/#website\",\"url\":\"https:\\\/\\\/aveso.fi\\\/sv\\\/\",\"name\":\"Aveso Oy\",\"description\":\"ERP-j\u00e4rjestelm\u00e4t, integraatiot ja tiedonhallintaratkaisut datavetoisille yrityksille\",\"publisher\":{\"@id\":\"https:\\\/\\\/aveso.fi\\\/sv\\\/#organization\"},\"potentialAction\":[{\"@type\":\"SearchAction\",\"target\":{\"@type\":\"EntryPoint\",\"urlTemplate\":\"https:\\\/\\\/aveso.fi\\\/sv\\\/?s={search_term_string}\"},\"query-input\":{\"@type\":\"PropertyValueSpecification\",\"valueRequired\":true,\"valueName\":\"search_term_string\"}}],\"inLanguage\":\"sv-SE\"},{\"@type\":\"Organization\",\"@id\":\"https:\\\/\\\/aveso.fi\\\/sv\\\/#organization\",\"name\":\"Aveso Oy\",\"url\":\"https:\\\/\\\/aveso.fi\\\/sv\\\/\",\"logo\":{\"@type\":\"ImageObject\",\"inLanguage\":\"sv-SE\",\"@id\":\"https:\\\/\\\/aveso.fi\\\/sv\\\/#\\\/schema\\\/logo\\\/image\\\/\",\"url\":\"https:\\\/\\\/aveso.fi\\\/app\\\/uploads\\\/2024\\\/05\\\/aveso-logo.png\",\"contentUrl\":\"https:\\\/\\\/aveso.fi\\\/app\\\/uploads\\\/2024\\\/05\\\/aveso-logo.png\",\"width\":1632,\"height\":552,\"caption\":\"Aveso Oy\"},\"image\":{\"@id\":\"https:\\\/\\\/aveso.fi\\\/sv\\\/#\\\/schema\\\/logo\\\/image\\\/\"},\"sameAs\":[\"https:\\\/\\\/www.linkedin.com\\\/company\\\/aveso-oy\\\/\"]}]}<\/script>\n<!-- \/ Yoast SEO plugin. -->","yoast_head_json":{"title":"IFS Cloud\u2122 implementeringar och uppgraderingar - Aveso Oy","robots":{"index":"index","follow":"follow","max-snippet":"max-snippet:-1","max-image-preview":"max-image-preview:large","max-video-preview":"max-video-preview:-1"},"canonical":"https:\/\/aveso.fi\/sv\/palvelut\/ifs-erp\/ifs-cloud-implementeringar-och-uppgraderingar\/","og_locale":"sv_SE","og_type":"article","og_title":"IFS Cloud\u2122 implementeringar och uppgraderingar - Aveso Oy","og_url":"https:\/\/aveso.fi\/sv\/palvelut\/ifs-erp\/ifs-cloud-implementeringar-och-uppgraderingar\/","og_site_name":"Aveso Oy","article_modified_time":"2026-03-03T12:04:20+00:00","og_image":[{"width":896,"height":598,"url":"https:\/\/aveso.fi\/app\/uploads\/2024\/05\/aveso_asiakaspaivat.webp","type":"image\/webp"}],"twitter_card":"summary_large_image","twitter_misc":{"Est. reading time":"1 minute"},"schema":{"@context":"https:\/\/schema.org","@graph":[{"@type":"WebPage","@id":"https:\/\/aveso.fi\/sv\/palvelut\/ifs-erp\/ifs-cloud-implementeringar-och-uppgraderingar\/","url":"https:\/\/aveso.fi\/sv\/palvelut\/ifs-erp\/ifs-cloud-implementeringar-och-uppgraderingar\/","name":"IFS Cloud\u2122 implementeringar och uppgraderingar - Aveso Oy","isPartOf":{"@id":"https:\/\/aveso.fi\/sv\/#website"},"primaryImageOfPage":{"@id":"https:\/\/aveso.fi\/sv\/palvelut\/ifs-erp\/ifs-cloud-implementeringar-och-uppgraderingar\/#primaryimage"},"image":{"@id":"https:\/\/aveso.fi\/sv\/palvelut\/ifs-erp\/ifs-cloud-implementeringar-och-uppgraderingar\/#primaryimage"},"thumbnailUrl":"https:\/\/aveso.fi\/app\/uploads\/2025\/11\/ifs-erp-konsultti-haku.webp","datePublished":"2024-06-04T11:15:51+00:00","dateModified":"2026-03-03T12:04:20+00:00","breadcrumb":{"@id":"https:\/\/aveso.fi\/sv\/palvelut\/ifs-erp\/ifs-cloud-implementeringar-och-uppgraderingar\/#breadcrumb"},"inLanguage":"sv-SE","potentialAction":[{"@type":"ReadAction","target":["https:\/\/aveso.fi\/sv\/palvelut\/ifs-erp\/ifs-cloud-implementeringar-och-uppgraderingar\/"]}]},{"@type":"ImageObject","inLanguage":"sv-SE","@id":"https:\/\/aveso.fi\/sv\/palvelut\/ifs-erp\/ifs-cloud-implementeringar-och-uppgraderingar\/#primaryimage","url":"https:\/\/aveso.fi\/app\/uploads\/2025\/11\/ifs-erp-konsultti-haku.webp","contentUrl":"https:\/\/aveso.fi\/app\/uploads\/2025\/11\/ifs-erp-konsultti-haku.webp","width":920,"height":460,"caption":"erp-konsultti-haku"},{"@type":"BreadcrumbList","@id":"https:\/\/aveso.fi\/sv\/palvelut\/ifs-erp\/ifs-cloud-implementeringar-och-uppgraderingar\/#breadcrumb","itemListElement":[{"@type":"ListItem","position":1,"name":"Etusivu","item":"https:\/\/aveso.fi\/sv\/framsida\/"},{"@type":"ListItem","position":2,"name":"IFS ERP","item":"https:\/\/aveso.fi\/sv\/palvelut\/ifs-erp\/"},{"@type":"ListItem","position":3,"name":"IFS Cloud\u2122 implementeringar och uppgraderingar"}]},{"@type":"WebSite","@id":"https:\/\/aveso.fi\/sv\/#website","url":"https:\/\/aveso.fi\/sv\/","name":"Aveso Oy","description":"ERP-j\u00e4rjestelm\u00e4t, integraatiot ja tiedonhallintaratkaisut datavetoisille yrityksille","publisher":{"@id":"https:\/\/aveso.fi\/sv\/#organization"},"potentialAction":[{"@type":"SearchAction","target":{"@type":"EntryPoint","urlTemplate":"https:\/\/aveso.fi\/sv\/?s={search_term_string}"},"query-input":{"@type":"PropertyValueSpecification","valueRequired":true,"valueName":"search_term_string"}}],"inLanguage":"sv-SE"},{"@type":"Organization","@id":"https:\/\/aveso.fi\/sv\/#organization","name":"Aveso Oy","url":"https:\/\/aveso.fi\/sv\/","logo":{"@type":"ImageObject","inLanguage":"sv-SE","@id":"https:\/\/aveso.fi\/sv\/#\/schema\/logo\/image\/","url":"https:\/\/aveso.fi\/app\/uploads\/2024\/05\/aveso-logo.png","contentUrl":"https:\/\/aveso.fi\/app\/uploads\/2024\/05\/aveso-logo.png","width":1632,"height":552,"caption":"Aveso Oy"},"image":{"@id":"https:\/\/aveso.fi\/sv\/#\/schema\/logo\/image\/"},"sameAs":["https:\/\/www.linkedin.com\/company\/aveso-oy\/"]}]}},"_links":{"self":[{"href":"https:\/\/aveso.fi\/sv\/wp-json\/wp\/v2\/services\/1551","targetHints":{"allow":["GET"]}}],"collection":[{"href":"https:\/\/aveso.fi\/sv\/wp-json\/wp\/v2\/services"}],"about":[{"href":"https:\/\/aveso.fi\/sv\/wp-json\/wp\/v2\/types\/services"}],"up":[{"embeddable":true,"href":"https:\/\/aveso.fi\/sv\/wp-json\/wp\/v2\/services\/1439"}],"wp:featuredmedia":[{"embeddable":true,"href":"https:\/\/aveso.fi\/sv\/wp-json\/wp\/v2\/media\/3210"}],"wp:attachment":[{"href":"https:\/\/aveso.fi\/sv\/wp-json\/wp\/v2\/media?parent=1551"}],"curies":[{"name":"wp","href":"https:\/\/api.w.org\/{rel}","templated":true}]}}